{"id":895,"date":"2025-09-29T16:20:17","date_gmt":"2025-09-29T14:20:17","guid":{"rendered":"http:\/\/serinettes.fr\/?page_id=895"},"modified":"2025-09-29T16:20:17","modified_gmt":"2025-09-29T14:20:17","slug":"antoine-pluche-la-mecanique-des-langues-1751","status":"publish","type":"page","link":"http:\/\/serinettes.fr\/index.php\/antoine-pluche-la-mecanique-des-langues-1751\/","title":{"rendered":"Antoine Pluche : La m\u00e9canique des langues (1751)"},"content":{"rendered":"\n<div class=\"wp-block-columns is-layout-flex wp-container-core-columns-is-layout-9d6595d7 wp-block-columns-is-layout-flex\">\n<div class=\"wp-block-column is-layout-flow wp-block-column-is-layout-flow\">\n<p>Antoine Pluche (1688-1761) : La m\u00e9canique des langues, et l&rsquo;art de les enseigner, Ed. Vve Estienne et fils, Paris, 1751 &#8211;<em><strong> la serinette p.70<\/strong><\/em><br><a href=\"https:\/\/gallica.bnf.fr\/ark:\/12148\/bpt6k50832t\" target=\"_blank\" rel=\"noreferrer noopener\">T\u00e9l\u00e9chargeable sur gallica.bnf.fr<\/a><br><\/p>\n<\/div>\n\n\n\n<div class=\"wp-block-column is-layout-flow wp-block-column-is-layout-flow\">\n<figure class=\"wp-block-image size-full is-resized\"><img loading=\"lazy\" decoding=\"async\" width=\"351\" height=\"411\" src=\"http:\/\/serinettes.fr\/wp-content\/uploads\/2025\/09\/image-3.png\" alt=\"\" class=\"wp-image-893\" style=\"width:165px;height:auto\" srcset=\"http:\/\/serinettes.fr\/wp-content\/uploads\/2025\/09\/image-3.png 351w, http:\/\/serinettes.fr\/wp-content\/uploads\/2025\/09\/image-3-256x300.png 256w\" sizes=\"auto, (max-width: 351px) 100vw, 351px\" \/><\/figure>\n<\/div>\n<\/div>\n\n\n<div class=\"wp-block-image\">\n<figure class=\"aligncenter size-full\"><img loading=\"lazy\" decoding=\"async\" width=\"352\" height=\"607\" src=\"http:\/\/serinettes.fr\/wp-content\/uploads\/2025\/09\/Antoine-Pluche-1688-1761-La-mecanique-des-langues-et-lart-de-les-enseigner-1751-p.70-1.jpg\" alt=\"\" class=\"wp-image-897\" srcset=\"http:\/\/serinettes.fr\/wp-content\/uploads\/2025\/09\/Antoine-Pluche-1688-1761-La-mecanique-des-langues-et-lart-de-les-enseigner-1751-p.70-1.jpg 352w, http:\/\/serinettes.fr\/wp-content\/uploads\/2025\/09\/Antoine-Pluche-1688-1761-La-mecanique-des-langues-et-lart-de-les-enseigner-1751-p.70-1-174x300.jpg 174w\" sizes=\"auto, (max-width: 352px) 100vw, 352px\" \/><\/figure>\n<\/div>","protected":false},"excerpt":{"rendered":"<p>Antoine Pluche (1688-1761) : La m\u00e9canique des langues, et l&rsquo;art de les enseigner, Ed. Vve Estienne et fils, Paris, 1751 &#8211; la serinette p.70T\u00e9l\u00e9chargeable sur gallica.bnf.fr<\/p>\n","protected":false},"author":1,"featured_media":0,"parent":0,"menu_order":0,"comment_status":"closed","ping_status":"closed","template":"","meta":{"footnotes":""},"class_list":["post-895","page","type-page","status-publish","hentry"],"_links":{"self":[{"href":"http:\/\/serinettes.fr\/index.php\/wp-json\/wp\/v2\/pages\/895","targetHints":{"allow":["GET"]}}],"collection":[{"href":"http:\/\/serinettes.fr\/index.php\/wp-json\/wp\/v2\/pages"}],"about":[{"href":"http:\/\/serinettes.fr\/index.php\/wp-json\/wp\/v2\/types\/page"}],"author":[{"embeddable":true,"href":"http:\/\/serinettes.fr\/index.php\/wp-json\/wp\/v2\/users\/1"}],"replies":[{"embeddable":true,"href":"http:\/\/serinettes.fr\/index.php\/wp-json\/wp\/v2\/comments?post=895"}],"version-history":[{"count":1,"href":"http:\/\/serinettes.fr\/index.php\/wp-json\/wp\/v2\/pages\/895\/revisions"}],"predecessor-version":[{"id":899,"href":"http:\/\/serinettes.fr\/index.php\/wp-json\/wp\/v2\/pages\/895\/revisions\/899"}],"wp:attachment":[{"href":"http:\/\/serinettes.fr\/index.php\/wp-json\/wp\/v2\/media?parent=895"}],"curies":[{"name":"wp","href":"https:\/\/api.w.org\/{rel}","templated":true}]}}