{"id":68,"date":"2025-06-17T11:59:42","date_gmt":"2025-06-17T09:59:42","guid":{"rendered":"http:\/\/serinettes.fr\/?page_id=68"},"modified":"2025-08-25T19:33:35","modified_gmt":"2025-08-25T17:33:35","slug":"iconographie","status":"publish","type":"page","link":"http:\/\/serinettes.fr\/index.php\/iconographie\/","title":{"rendered":"Iconographie"},"content":{"rendered":"\n<p>Esp\u00e8ce aux nombreuses vari\u00e9t\u00e9s, il semble que le serin des Canaries ait \u00e9t\u00e9 introduit en Europe, via l&rsquo;Allemagne et la cour de Lorraine. <br>Les vari\u00e9t\u00e9s de chant actuelles sont le Hartz, le Malinois, et le Timbrado<\/p>\n\n\n\n<p>Cet oiseau devient un favori des salons du 18\u00e8me si\u00e8cle.<br>Les peintres en t\u00e9moignent.  Quelques exemples&#8230;<\/p>\n\n\n\n<div class=\"wp-block-columns is-layout-flex wp-container-core-columns-is-layout-9d6595d7 wp-block-columns-is-layout-flex\">\n<div class=\"wp-block-column is-layout-flow wp-block-column-is-layout-flow\" style=\"flex-basis:33.33%\">\n<figure class=\"wp-block-image size-large\"><img loading=\"lazy\" decoding=\"async\" width=\"768\" height=\"1024\" src=\"http:\/\/serinettes.fr\/wp-content\/uploads\/2025\/06\/013508-768x1024.jpg\" alt=\"\" class=\"wp-image-373\" srcset=\"http:\/\/serinettes.fr\/wp-content\/uploads\/2025\/06\/013508-768x1024.jpg 768w, http:\/\/serinettes.fr\/wp-content\/uploads\/2025\/06\/013508-225x300.jpg 225w, http:\/\/serinettes.fr\/wp-content\/uploads\/2025\/06\/013508.jpg 1090w\" sizes=\"auto, (max-width: 768px) 100vw, 768px\" \/><figcaption class=\"wp-element-caption\">Amissa libertate l\u00e6tior (J. Catz, Proteus, 1627, n\u00b014) &#8211; A.&nbsp;P. van de Venne<\/figcaption><\/figure>\n<\/div>\n\n\n\n<div class=\"wp-block-column is-layout-flow wp-block-column-is-layout-flow\" style=\"flex-basis:66.66%\">\n<p><\/p>\n\n\n\n<p><em>Prison gaillard m&rsquo;a faict.<\/em><br><em>J&rsquo;estois muet au bois, mais prisonier en cage<\/em><br><em>Je rie, &amp; fais des chants; je parle doux langage.<\/em><br><em>Chacun, fils de Venus, qui porte au coeur ton dard<\/em><br><em>Est morne en libert\u00e9, &amp; en prison gaillard.<\/em><br><\/p>\n<\/div>\n\n\n\n<div class=\"wp-block-column is-layout-flow wp-block-column-is-layout-flow\"><\/div>\n\n\n\n<div class=\"wp-block-column is-layout-flow wp-block-column-is-layout-flow\"><\/div>\n<\/div>\n\n\n\n<p class=\"has-red-color has-text-color has-link-color has-medium-font-size wp-elements-1b9b33f5aa3ded6f07f92493a36190a8\">Livre de pri\u00e8res de Rothschild, fol. 135<\/p>\n\n\n<div class=\"wp-block-image\">\n<figure class=\"aligncenter size-full is-resized\"><img loading=\"lazy\" decoding=\"async\" width=\"532\" height=\"498\" src=\"http:\/\/serinettes.fr\/wp-content\/uploads\/2025\/08\/Livre-de-prieres-de-Rothschild-fol.-135.jpg\" alt=\"\" class=\"wp-image-592\" style=\"width:532px;height:auto\" srcset=\"http:\/\/serinettes.fr\/wp-content\/uploads\/2025\/08\/Livre-de-prieres-de-Rothschild-fol.-135.jpg 532w, http:\/\/serinettes.fr\/wp-content\/uploads\/2025\/08\/Livre-de-prieres-de-Rothschild-fol.-135-300x281.jpg 300w\" sizes=\"auto, (max-width: 532px) 100vw, 532px\" \/><figcaption class=\"wp-element-caption\">Livre de pri\u00e8res de Rothschild, fol. 135<\/figcaption><\/figure>\n<\/div>\n\n\n<p class=\"has-red-color has-text-color has-link-color has-medium-font-size wp-elements-cf27da6e74b846c47e13bc6496b33008\">Athanasius Kircher  (1602 &#8211; 1680) : Musurgia Universalis (1650) &#8211; exemplaire color\u00e9 de l&rsquo;Universit\u00e9 de Glasgow (<a href=\"https:\/\/www.gla.ac.uk\/myglasgow\/library\/files\/special\/exhibns\/month\/nov2002.html\" target=\"_blank\" rel=\"noreferrer noopener\">Sp Coll\u00a0Ferguson Af-x.9 &amp; Af-x.10<\/a>)<\/p>\n\n\n<div class=\"wp-block-image\">\n<figure class=\"aligncenter size-full is-resized\"><img loading=\"lazy\" decoding=\"async\" width=\"329\" height=\"500\" src=\"http:\/\/serinettes.fr\/wp-content\/uploads\/2025\/08\/A-Kircher-Musurgia-Universalis-1650-planche-entre-les-pages-30-31-exemplaire-colore-universite-de-Glasgow.jpg\" alt=\"\" class=\"wp-image-747\" style=\"aspect-ratio:0.6580074451393589;width:429px;height:auto\" srcset=\"http:\/\/serinettes.fr\/wp-content\/uploads\/2025\/08\/A-Kircher-Musurgia-Universalis-1650-planche-entre-les-pages-30-31-exemplaire-colore-universite-de-Glasgow.jpg 329w, http:\/\/serinettes.fr\/wp-content\/uploads\/2025\/08\/A-Kircher-Musurgia-Universalis-1650-planche-entre-les-pages-30-31-exemplaire-colore-universite-de-Glasgow-197x300.jpg 197w\" sizes=\"auto, (max-width: 329px) 100vw, 329px\" \/><figcaption class=\"wp-element-caption\">planche entre les pages 30 et 31<\/figcaption><\/figure>\n<\/div>\n\n\n<p class=\"has-red-color has-text-color has-link-color has-medium-font-size wp-elements-770a72b2c67b34e8c57369e344581462\">Jean-Baptiste Sim\u00e9on Chardin &#8211; La Serinette &#8211; 1753 env.<br><a href=\"https:\/\/artifexinopere.com\/blog\/2014\/12\/\" data-type=\"link\" data-id=\"https:\/\/artifexinopere.com\/blog\/2014\/12\/\" target=\"_blank\" rel=\"noreferrer noopener\">Etude du tableau ici<\/a><br><\/p>\n\n\n<div class=\"wp-block-image\">\n<figure class=\"aligncenter size-large\"><img loading=\"lazy\" decoding=\"async\" width=\"861\" height=\"1024\" src=\"http:\/\/serinettes.fr\/wp-content\/uploads\/2025\/06\/La-Serinette-Jean-Baptiste-Simeon-Chardin-1753-env-861x1024.jpeg\" alt=\"\" class=\"wp-image-149\" srcset=\"http:\/\/serinettes.fr\/wp-content\/uploads\/2025\/06\/La-Serinette-Jean-Baptiste-Simeon-Chardin-1753-env-861x1024.jpeg 861w, http:\/\/serinettes.fr\/wp-content\/uploads\/2025\/06\/La-Serinette-Jean-Baptiste-Simeon-Chardin-1753-env-252x300.jpeg 252w, http:\/\/serinettes.fr\/wp-content\/uploads\/2025\/06\/La-Serinette-Jean-Baptiste-Simeon-Chardin-1753-env-768x914.jpeg 768w, http:\/\/serinettes.fr\/wp-content\/uploads\/2025\/06\/La-Serinette-Jean-Baptiste-Simeon-Chardin-1753-env-1291x1536.jpeg 1291w, http:\/\/serinettes.fr\/wp-content\/uploads\/2025\/06\/La-Serinette-Jean-Baptiste-Simeon-Chardin-1753-env.jpeg 1681w\" sizes=\"auto, (max-width: 861px) 100vw, 861px\" \/><figcaption class=\"wp-element-caption\">Jean-Baptiste-Sim\u00e9on Chardin (1699 &#8211; 1779) <br>Lady with a Bird-Organ , 1753(?)<br>oil on canvas (lined)<br>20 in. x 17 in. (50.8 cm x 43.18 cm)<br><\/figcaption><\/figure>\n<\/div>\n\n\n<p class=\"has-red-color has-text-color has-link-color has-medium-font-size wp-elements-c284f33118f271e3b0991e78316b4498\">Ecole fran\u00e7aise 18\u00e8me<\/p>\n\n\n<div class=\"wp-block-image\">\n<figure class=\"aligncenter size-full\"><img loading=\"lazy\" decoding=\"async\" width=\"673\" height=\"800\" src=\"http:\/\/serinettes.fr\/wp-content\/uploads\/2025\/06\/facebook_1739719024505_7296910463359491887.jpg\" alt=\"\" class=\"wp-image-151\" srcset=\"http:\/\/serinettes.fr\/wp-content\/uploads\/2025\/06\/facebook_1739719024505_7296910463359491887.jpg 673w, http:\/\/serinettes.fr\/wp-content\/uploads\/2025\/06\/facebook_1739719024505_7296910463359491887-252x300.jpg 252w\" sizes=\"auto, (max-width: 673px) 100vw, 673px\" \/><figcaption class=\"wp-element-caption\">Ecole fran\u00e7aise 18\u00e8me<\/figcaption><\/figure>\n<\/div>\n\n\n<p class=\"has-red-color has-text-color has-link-color has-medium-font-size wp-elements-db04878544e1b9b7573091332ee3c5b9\">Nicolas-Francois Regnault (1746\u20131810) La serinette , ca. 1770\u20131779<\/p>\n\n\n<div class=\"wp-block-image\">\n<figure class=\"aligncenter size-full\"><img loading=\"lazy\" decoding=\"async\" width=\"1243\" height=\"1600\" src=\"http:\/\/serinettes.fr\/wp-content\/uploads\/2025\/06\/REGNAULT-PARIS-1746-VERS-1810.webp\" alt=\"\" class=\"wp-image-380\" srcset=\"http:\/\/serinettes.fr\/wp-content\/uploads\/2025\/06\/REGNAULT-PARIS-1746-VERS-1810.webp 1243w, http:\/\/serinettes.fr\/wp-content\/uploads\/2025\/06\/REGNAULT-PARIS-1746-VERS-1810-233x300.webp 233w, http:\/\/serinettes.fr\/wp-content\/uploads\/2025\/06\/REGNAULT-PARIS-1746-VERS-1810-796x1024.webp 796w, http:\/\/serinettes.fr\/wp-content\/uploads\/2025\/06\/REGNAULT-PARIS-1746-VERS-1810-768x989.webp 768w, http:\/\/serinettes.fr\/wp-content\/uploads\/2025\/06\/REGNAULT-PARIS-1746-VERS-1810-1193x1536.webp 1193w\" sizes=\"auto, (max-width: 1243px) 100vw, 1243px\" \/><figcaption class=\"wp-element-caption\">Nicolas-Francois Regnault (1746\u20131810) La serinette , ca. 1770\u20131779<\/figcaption><\/figure>\n<\/div>\n\n\n<p class=\"has-red-color has-text-color has-link-color has-medium-font-size wp-elements-939a84cf375405d3ba02976280298364\">Portrait d&rsquo;une jeune dame avec une Serinette (sans auteur, sans date, 18\u00e8me ?)<\/p>\n\n\n<div class=\"wp-block-image\">\n<figure class=\"aligncenter size-full\"><img loading=\"lazy\" decoding=\"async\" width=\"399\" height=\"462\" src=\"http:\/\/serinettes.fr\/wp-content\/uploads\/2025\/06\/Portrat-einer-eleganten-jungen-Dame-mit-einer-Serinette-Vogelorgel.jpg\" alt=\"\" class=\"wp-image-164\" srcset=\"http:\/\/serinettes.fr\/wp-content\/uploads\/2025\/06\/Portrat-einer-eleganten-jungen-Dame-mit-einer-Serinette-Vogelorgel.jpg 399w, http:\/\/serinettes.fr\/wp-content\/uploads\/2025\/06\/Portrat-einer-eleganten-jungen-Dame-mit-einer-Serinette-Vogelorgel-259x300.jpg 259w\" sizes=\"auto, (max-width: 399px) 100vw, 399px\" \/><figcaption class=\"wp-element-caption\">Portrait d&rsquo;une jeune dame avec une Serinette (sans auteur, sans date, 18\u00e8me ?)<\/figcaption><\/figure>\n<\/div>\n\n\n<p class=\"has-red-color has-text-color has-link-color has-medium-font-size wp-elements-8c5c0a403c8c98a7a260b9738ac1479f\">\u00ab\u00a0Badiner avec un moineau\u00a0\u00bb<\/p>\n\n\n<div class=\"wp-block-image\">\n<figure class=\"aligncenter size-large\"><img loading=\"lazy\" decoding=\"async\" width=\"1024\" height=\"968\" src=\"http:\/\/serinettes.fr\/wp-content\/uploads\/2025\/06\/Badiner-avec-un-moineau-1024x968.jpg\" alt=\"\" class=\"wp-image-158\" srcset=\"http:\/\/serinettes.fr\/wp-content\/uploads\/2025\/06\/Badiner-avec-un-moineau-1024x968.jpg 1024w, http:\/\/serinettes.fr\/wp-content\/uploads\/2025\/06\/Badiner-avec-un-moineau-300x284.jpg 300w, http:\/\/serinettes.fr\/wp-content\/uploads\/2025\/06\/Badiner-avec-un-moineau-768x726.jpg 768w, http:\/\/serinettes.fr\/wp-content\/uploads\/2025\/06\/Badiner-avec-un-moineau.jpg 1295w\" sizes=\"auto, (max-width: 1024px) 100vw, 1024px\" \/><figcaption class=\"wp-element-caption\">\u00ab\u00a0Badiner avec un moineau\u00a0\u00bb<\/figcaption><\/figure>\n<\/div>\n\n\n<p class=\"has-red-color has-text-color has-link-color has-medium-font-size wp-elements-3bcbe6be0d01673388e9a96b7c06ca32\">William Hogarth (1697-1764) &#8211; The Graham Children (1742)<br>National Gallery, Londres<br><a href=\"https:\/\/artifexinopere.com\/blog\/2014\/12\/\" target=\"_blank\" rel=\"noreferrer noopener\">Etude du tableau ici<\/a><\/p>\n\n\n<div class=\"wp-block-image\">\n<figure class=\"aligncenter size-full\"><img loading=\"lazy\" decoding=\"async\" width=\"891\" height=\"768\" src=\"http:\/\/serinettes.fr\/wp-content\/uploads\/2025\/06\/Hogarth_1744-Graham-Children.jpg\" alt=\"\" class=\"wp-image-364\" srcset=\"http:\/\/serinettes.fr\/wp-content\/uploads\/2025\/06\/Hogarth_1744-Graham-Children.jpg 891w, http:\/\/serinettes.fr\/wp-content\/uploads\/2025\/06\/Hogarth_1744-Graham-Children-300x259.jpg 300w, http:\/\/serinettes.fr\/wp-content\/uploads\/2025\/06\/Hogarth_1744-Graham-Children-768x662.jpg 768w\" sizes=\"auto, (max-width: 891px) 100vw, 891px\" \/><\/figure>\n<\/div>\n\n\n<p class=\"has-red-color has-text-color has-link-color has-medium-font-size wp-elements-9d3939a53c2788ce4cd8e88e443d5e00\">Ecole fran\u00e7aise fin XVIIIe : Femme et enfant \u00e0 la serinette<\/p>\n\n\n<div class=\"wp-block-image\">\n<figure class=\"aligncenter size-full\"><img loading=\"lazy\" decoding=\"async\" width=\"480\" height=\"600\" src=\"http:\/\/serinettes.fr\/wp-content\/uploads\/2025\/06\/Ecole-francaise-fin-XVIIIe-\uf020Femme-et-enfant-a-la-serinette\uf020-Auction.fr-21-05-2022.jpg\" alt=\"\" class=\"wp-image-159\" srcset=\"http:\/\/serinettes.fr\/wp-content\/uploads\/2025\/06\/Ecole-francaise-fin-XVIIIe-\uf020Femme-et-enfant-a-la-serinette\uf020-Auction.fr-21-05-2022.jpg 480w, http:\/\/serinettes.fr\/wp-content\/uploads\/2025\/06\/Ecole-francaise-fin-XVIIIe-\uf020Femme-et-enfant-a-la-serinette\uf020-Auction.fr-21-05-2022-240x300.jpg 240w\" sizes=\"auto, (max-width: 480px) 100vw, 480px\" \/><figcaption class=\"wp-element-caption\">Ecole fran\u00e7aise fin XVIIIe : Femme et enfant \u00e0 la serinette<\/figcaption><\/figure>\n<\/div>\n\n\n<p class=\"has-red-color has-text-color has-link-color has-medium-font-size wp-elements-5d821cee77defe5c09e60492a9d18cfa\">La Serinette, Huile Sur Toile, XIX\u00e8me<\/p>\n\n\n<div class=\"wp-block-image\">\n<figure class=\"aligncenter size-large\"><img loading=\"lazy\" decoding=\"async\" width=\"1024\" height=\"1024\" src=\"http:\/\/serinettes.fr\/wp-content\/uploads\/2025\/06\/La-Serinette-Huile-Sur-Toile-XIXeme-1024x1024.jpeg\" alt=\"\" class=\"wp-image-161\" srcset=\"http:\/\/serinettes.fr\/wp-content\/uploads\/2025\/06\/La-Serinette-Huile-Sur-Toile-XIXeme-1024x1024.jpeg 1024w, http:\/\/serinettes.fr\/wp-content\/uploads\/2025\/06\/La-Serinette-Huile-Sur-Toile-XIXeme-300x300.jpeg 300w, http:\/\/serinettes.fr\/wp-content\/uploads\/2025\/06\/La-Serinette-Huile-Sur-Toile-XIXeme-150x150.jpeg 150w, http:\/\/serinettes.fr\/wp-content\/uploads\/2025\/06\/La-Serinette-Huile-Sur-Toile-XIXeme-768x768.jpeg 768w, http:\/\/serinettes.fr\/wp-content\/uploads\/2025\/06\/La-Serinette-Huile-Sur-Toile-XIXeme.jpeg 1080w\" sizes=\"auto, (max-width: 1024px) 100vw, 1024px\" \/><figcaption class=\"wp-element-caption\">La Serinette, Huile Sur Toile, XIX\u00e8me<\/figcaption><\/figure>\n<\/div>\n\n\n<p class=\"has-red-color has-text-color has-link-color has-medium-font-size wp-elements-13a1b4ff18480487e653ee7fee0e2010\">Martin Dr\u00f6lling (France, 1752\u20131817)<\/p>\n\n\n<div class=\"wp-block-image\">\n<figure class=\"aligncenter size-full is-resized\"><img loading=\"lazy\" decoding=\"async\" width=\"363\" height=\"469\" src=\"http:\/\/serinettes.fr\/wp-content\/uploads\/2025\/06\/Martin-Drolling-French-1752\u20131817.jpg\" alt=\"\" class=\"wp-image-162\" style=\"width:385px;height:auto\" srcset=\"http:\/\/serinettes.fr\/wp-content\/uploads\/2025\/06\/Martin-Drolling-French-1752\u20131817.jpg 363w, http:\/\/serinettes.fr\/wp-content\/uploads\/2025\/06\/Martin-Drolling-French-1752\u20131817-232x300.jpg 232w\" sizes=\"auto, (max-width: 363px) 100vw, 363px\" \/><figcaption class=\"wp-element-caption\">Martin Dr\u00f6lling (France, 1752\u20131817)<\/figcaption><\/figure>\n<\/div>\n\n\n<p class=\"has-text-align-left has-red-color has-text-color has-link-color has-medium-font-size wp-elements-fb7a5454b00a1f5538b9c1fd481c5c66\">Paret y Alc\u00e1zar, ca. 1782 : Mar\u00eda de las Nieves Micaela Fourdinier, \u00e9pouse du peintre, Prado, Madrid<br>(sous r\u00e9serve qu&rsquo;il s&rsquo;agisse d&rsquo;une serinette..)<br><a href=\"https:\/\/artifexinopere.com\/blog\/2014\/12\/\" data-type=\"link\" data-id=\"https:\/\/artifexinopere.com\/blog\/2014\/12\/\" target=\"_blank\" rel=\"noreferrer noopener\">Etude du tableau ici<\/a><\/p>\n\n\n<div class=\"wp-block-image\">\n<figure class=\"aligncenter size-large\"><img loading=\"lazy\" decoding=\"async\" width=\"753\" height=\"1024\" src=\"http:\/\/serinettes.fr\/wp-content\/uploads\/2025\/06\/Luis-Paret-y-Alcazar-753x1024.jpg\" alt=\"\" class=\"wp-image-366\" srcset=\"http:\/\/serinettes.fr\/wp-content\/uploads\/2025\/06\/Luis-Paret-y-Alcazar-753x1024.jpg 753w, http:\/\/serinettes.fr\/wp-content\/uploads\/2025\/06\/Luis-Paret-y-Alcazar-221x300.jpg 221w, http:\/\/serinettes.fr\/wp-content\/uploads\/2025\/06\/Luis-Paret-y-Alcazar-768x1045.jpg 768w, http:\/\/serinettes.fr\/wp-content\/uploads\/2025\/06\/Luis-Paret-y-Alcazar-1129x1536.jpg 1129w, http:\/\/serinettes.fr\/wp-content\/uploads\/2025\/06\/Luis-Paret-y-Alcazar.jpg 1176w\" sizes=\"auto, (max-width: 753px) 100vw, 753px\" \/><figcaption class=\"wp-element-caption\">Paret y Alc\u00e1zar, ca. 1782 : Mar\u00eda de las Nieves Micaela Fourdinier, \u00e9pouse du peintre, Prado, Madrid<\/figcaption><\/figure>\n<\/div>\n\n\n<p class=\"has-red-color has-text-color has-link-color has-medium-font-size wp-elements-f055bed94e2d24e97ac8af0dcea91cb2\">Femme \u00e0 la fen\u00eatre &#8211; gravure sans auteur, sans date<\/p>\n\n\n<div class=\"wp-block-image\">\n<figure class=\"aligncenter size-full\"><img loading=\"lazy\" decoding=\"async\" width=\"584\" height=\"815\" src=\"http:\/\/serinettes.fr\/wp-content\/uploads\/2025\/06\/Serinette-francaise.-On-samusera-de-la-forme-et-de-la-position-de-la-manivelle-en-milieu-de-facade.-La-memoire-du-graveur-netait-pas-tres-fidele.jpeg\" alt=\"\" class=\"wp-image-166\" srcset=\"http:\/\/serinettes.fr\/wp-content\/uploads\/2025\/06\/Serinette-francaise.-On-samusera-de-la-forme-et-de-la-position-de-la-manivelle-en-milieu-de-facade.-La-memoire-du-graveur-netait-pas-tres-fidele.jpeg 584w, http:\/\/serinettes.fr\/wp-content\/uploads\/2025\/06\/Serinette-francaise.-On-samusera-de-la-forme-et-de-la-position-de-la-manivelle-en-milieu-de-facade.-La-memoire-du-graveur-netait-pas-tres-fidele-215x300.jpeg 215w\" sizes=\"auto, (max-width: 584px) 100vw, 584px\" \/><figcaption class=\"wp-element-caption\">Femme \u00e0 la fen\u00eatre &#8211; gravure sans auteur, sans date<\/figcaption><\/figure>\n<\/div>\n\n\n<p><\/p>\n\n\n\n<p><\/p>\n\n\n\n<p class=\"has-red-color has-text-color has-link-color has-medium-font-size wp-elements-d2a2f5388f9fbc1700c4600a5f23a592\">La joueuse de serinette (sans auteur, sans date, XIX\u00e8 ??)<\/p>\n\n\n<div class=\"wp-block-image\">\n<figure class=\"aligncenter size-large\"><img loading=\"lazy\" decoding=\"async\" width=\"768\" height=\"1024\" src=\"http:\/\/serinettes.fr\/wp-content\/uploads\/2025\/06\/La-joueuse-de-serinette-768x1024.jpeg\" alt=\"\" class=\"wp-image-160\" srcset=\"http:\/\/serinettes.fr\/wp-content\/uploads\/2025\/06\/La-joueuse-de-serinette-768x1024.jpeg 768w, http:\/\/serinettes.fr\/wp-content\/uploads\/2025\/06\/La-joueuse-de-serinette-225x300.jpeg 225w, http:\/\/serinettes.fr\/wp-content\/uploads\/2025\/06\/La-joueuse-de-serinette.jpeg 852w\" sizes=\"auto, (max-width: 768px) 100vw, 768px\" \/><figcaption class=\"wp-element-caption\">La joueuse de serinette (sans auteur, sans date, XIX\u00e8 ??)<\/figcaption><\/figure>\n<\/div>\n\n\n<p><\/p>\n\n\n\n<p class=\"has-red-color has-text-color has-link-color has-medium-font-size wp-elements-763f6361f8246c8f9cb171e20be212ea\">Carte postale allemande montrant une sc\u00e8ne d\u2019initiation au chant d\u2019oiseau par un allemand en costume r\u00e9gional<\/p>\n\n\n<div class=\"wp-block-image\">\n<figure class=\"aligncenter size-full\"><img loading=\"lazy\" decoding=\"async\" width=\"686\" height=\"1024\" src=\"http:\/\/serinettes.fr\/wp-content\/uploads\/2025\/06\/Serinette-allemande.-Carte-postale-allemande-montrant-une-scene-dinitiation-au-chant-doiseau-par-un-allemand-en-costume-regional.jpeg\" alt=\"\" class=\"wp-image-157\" srcset=\"http:\/\/serinettes.fr\/wp-content\/uploads\/2025\/06\/Serinette-allemande.-Carte-postale-allemande-montrant-une-scene-dinitiation-au-chant-doiseau-par-un-allemand-en-costume-regional.jpeg 686w, http:\/\/serinettes.fr\/wp-content\/uploads\/2025\/06\/Serinette-allemande.-Carte-postale-allemande-montrant-une-scene-dinitiation-au-chant-doiseau-par-un-allemand-en-costume-regional-201x300.jpeg 201w\" sizes=\"auto, (max-width: 686px) 100vw, 686px\" \/><figcaption class=\"wp-element-caption\">Carte postale allemande montrant une sc\u00e8ne d\u2019initiation au chant d\u2019oiseau par un allemand en costume r\u00e9gional<\/figcaption><\/figure>\n<\/div>\n\n\n<p class=\"has-red-color has-text-color has-link-color has-medium-font-size wp-elements-5b8dbba05c64b6871b43dd4a44ca6de0\"><em><br><\/em>Jean Raoux, 1717 &#8211; Jeune fille nourrissant des oiseaux &#8211; Collection priv\u00e9e<br><a href=\"https:\/\/artifexinopere.com\/blog\/2014\/12\/\" data-type=\"link\" data-id=\"https:\/\/artifexinopere.com\/blog\/2014\/12\/\" target=\"_blank\" rel=\"noreferrer noopener\">Etude du tableau ici<\/a><\/p>\n\n\n<div class=\"wp-block-image\">\n<figure class=\"aligncenter size-full\"><img loading=\"lazy\" decoding=\"async\" width=\"730\" height=\"895\" src=\"http:\/\/serinettes.fr\/wp-content\/uploads\/2025\/06\/Jean-Raoux-1717.jpg\" alt=\"\" class=\"wp-image-369\" srcset=\"http:\/\/serinettes.fr\/wp-content\/uploads\/2025\/06\/Jean-Raoux-1717.jpg 730w, http:\/\/serinettes.fr\/wp-content\/uploads\/2025\/06\/Jean-Raoux-1717-245x300.jpg 245w\" sizes=\"auto, (max-width: 730px) 100vw, 730px\" \/><figcaption class=\"wp-element-caption\">Jean Raoux, 1717 &#8211; Jeune fille nourrissant des oiseaux &#8211; Collection priv\u00e9e<\/figcaption><\/figure>\n<\/div>\n\n\n<p class=\"has-red-color has-text-color has-link-color has-medium-font-size wp-elements-131459b30079c18075ef7b19e4e19ccb\">Jean-Baptiste Greuze, 1765 &#8211; Une Jeune fille, qui pleure son oiseau mort &#8211;  The National Galleries of Scotland, Edimbourg<br><a href=\"https:\/\/artifexinopere.com\/blog\/interpr\/peintres\/boucher\/la-douce-prison\/\" data-type=\"link\" data-id=\"https:\/\/artifexinopere.com\/blog\/interpr\/peintres\/boucher\/la-douce-prison\/\" target=\"_blank\" rel=\"noreferrer noopener\">Etude du tableau ici<\/a><\/p>\n\n\n<div class=\"wp-block-image\">\n<figure class=\"aligncenter size-full\"><img loading=\"lazy\" decoding=\"async\" width=\"850\" height=\"1014\" src=\"http:\/\/serinettes.fr\/wp-content\/uploads\/2025\/06\/greuze-jeune-fille-pleurant-la-mort-de-son-oiseau-1765-.jpg\" alt=\"\" class=\"wp-image-370\" srcset=\"http:\/\/serinettes.fr\/wp-content\/uploads\/2025\/06\/greuze-jeune-fille-pleurant-la-mort-de-son-oiseau-1765-.jpg 850w, http:\/\/serinettes.fr\/wp-content\/uploads\/2025\/06\/greuze-jeune-fille-pleurant-la-mort-de-son-oiseau-1765--251x300.jpg 251w, http:\/\/serinettes.fr\/wp-content\/uploads\/2025\/06\/greuze-jeune-fille-pleurant-la-mort-de-son-oiseau-1765--768x916.jpg 768w\" sizes=\"auto, (max-width: 850px) 100vw, 850px\" \/><figcaption class=\"wp-element-caption\">Jean-Baptiste Greuze, 1765 &#8211; Une Jeune fille, qui pleure son oiseau mort &#8211;  <br>The National Galleries of Scotland, Edimbourg<\/figcaption><\/figure>\n<\/div>\n\n\n<p class=\"has-red-color has-text-color has-link-color has-medium-font-size wp-elements-4bb2eb6a3e6eba93e757841f7c3aae24\">Jean-Honor\u00e9 Fragonard (1732-1806), ca. 1770-1775 :  Jeune fille d\u00e9livrant un oiseau de sa cage &#8211; Mus\u00e9e Jean-Honor\u00e9 Fragonard<\/p>\n\n\n<div class=\"wp-block-image\">\n<figure class=\"aligncenter size-large\"><img loading=\"lazy\" decoding=\"async\" width=\"778\" height=\"1024\" src=\"http:\/\/serinettes.fr\/wp-content\/uploads\/2025\/06\/Jean-Honore_Fragonard_-_Jeune_fille_delivrant_un_oiseau_de_sa_cage-778x1024.jpg\" alt=\"\" class=\"wp-image-376\" srcset=\"http:\/\/serinettes.fr\/wp-content\/uploads\/2025\/06\/Jean-Honore_Fragonard_-_Jeune_fille_delivrant_un_oiseau_de_sa_cage-778x1024.jpg 778w, http:\/\/serinettes.fr\/wp-content\/uploads\/2025\/06\/Jean-Honore_Fragonard_-_Jeune_fille_delivrant_un_oiseau_de_sa_cage-228x300.jpg 228w, http:\/\/serinettes.fr\/wp-content\/uploads\/2025\/06\/Jean-Honore_Fragonard_-_Jeune_fille_delivrant_un_oiseau_de_sa_cage-768x1011.jpg 768w, http:\/\/serinettes.fr\/wp-content\/uploads\/2025\/06\/Jean-Honore_Fragonard_-_Jeune_fille_delivrant_un_oiseau_de_sa_cage.jpg 800w\" sizes=\"auto, (max-width: 778px) 100vw, 778px\" \/><figcaption class=\"wp-element-caption\">Jean-Honor\u00e9 Fragonard (1732-1806), ca. 1770-1775 : Jeune fille d\u00e9livrant un oiseau<br>de sa cage &#8211; Mus\u00e9e Jean-Honor\u00e9 Fragonard<\/figcaption><\/figure>\n<\/div>\n\n\n<p><\/p>\n","protected":false},"excerpt":{"rendered":"<p>Esp\u00e8ce aux nombreuses vari\u00e9t\u00e9s, il semble que le serin des Canaries ait \u00e9t\u00e9 introduit en Europe, via l&rsquo;Allemagne et la cour de Lorraine. Les vari\u00e9t\u00e9s de chant actuelles sont le Hartz, le Malinois, et le Timbrado Cet oiseau devient un favori des salons du 18\u00e8me si\u00e8cle.Les peintres en t\u00e9moignent. Quelques exemples&#8230; Prison gaillard m&rsquo;a faict.J&rsquo;estois &hellip; <a href=\"http:\/\/serinettes.fr\/index.php\/iconographie\/\" class=\"more-link\">Continuer la lecture de <span class=\"screen-reader-text\">Iconographie<\/span> <span class=\"meta-nav\">&rarr;<\/span><\/a><\/p>\n","protected":false},"author":1,"featured_media":0,"parent":0,"menu_order":0,"comment_status":"closed","ping_status":"closed","template":"","meta":{"footnotes":""},"class_list":["post-68","page","type-page","status-publish","hentry"],"_links":{"self":[{"href":"http:\/\/serinettes.fr\/index.php\/wp-json\/wp\/v2\/pages\/68","targetHints":{"allow":["GET"]}}],"collection":[{"href":"http:\/\/serinettes.fr\/index.php\/wp-json\/wp\/v2\/pages"}],"about":[{"href":"http:\/\/serinettes.fr\/index.php\/wp-json\/wp\/v2\/types\/page"}],"author":[{"embeddable":true,"href":"http:\/\/serinettes.fr\/index.php\/wp-json\/wp\/v2\/users\/1"}],"replies":[{"embeddable":true,"href":"http:\/\/serinettes.fr\/index.php\/wp-json\/wp\/v2\/comments?post=68"}],"version-history":[{"count":17,"href":"http:\/\/serinettes.fr\/index.php\/wp-json\/wp\/v2\/pages\/68\/revisions"}],"predecessor-version":[{"id":749,"href":"http:\/\/serinettes.fr\/index.php\/wp-json\/wp\/v2\/pages\/68\/revisions\/749"}],"wp:attachment":[{"href":"http:\/\/serinettes.fr\/index.php\/wp-json\/wp\/v2\/media?parent=68"}],"curies":[{"name":"wp","href":"https:\/\/api.w.org\/{rel}","templated":true}]}}