{"id":520,"date":"2025-08-11T19:17:22","date_gmt":"2025-08-11T17:17:22","guid":{"rendered":"http:\/\/serinettes.fr\/?page_id=520"},"modified":"2025-09-04T16:07:12","modified_gmt":"2025-09-04T14:07:12","slug":"petites-annonces","status":"publish","type":"page","link":"http:\/\/serinettes.fr\/index.php\/petites-annonces\/","title":{"rendered":"Petites annonces &#8230; !"},"content":{"rendered":"\n<p class=\"has-red-color has-text-color has-link-color has-medium-font-size wp-elements-1a4e1c00d8ff2ce5fe99090408e76362\"><strong><em>Affiches et annonces de la Franche-Comt\u00e9 &#8211; 3 octobre 1770<\/em><\/strong><\/p>\n\n\n\n<figure class=\"wp-block-image size-full\"><img loading=\"lazy\" decoding=\"async\" width=\"1012\" height=\"412\" src=\"http:\/\/serinettes.fr\/wp-content\/uploads\/2025\/08\/image-1.png\" alt=\"\" class=\"wp-image-522\" srcset=\"http:\/\/serinettes.fr\/wp-content\/uploads\/2025\/08\/image-1.png 1012w, http:\/\/serinettes.fr\/wp-content\/uploads\/2025\/08\/image-1-300x122.png 300w, http:\/\/serinettes.fr\/wp-content\/uploads\/2025\/08\/image-1-768x313.png 768w\" sizes=\"auto, (max-width: 1012px) 100vw, 1012px\" \/><\/figure>\n\n\n\n<hr class=\"wp-block-separator has-alpha-channel-opacity\"\/>\n\n\n\n<p class=\"has-red-color has-text-color has-link-color has-medium-font-size wp-elements-635366f76d6dfa1c7b5ddd4fa51b8cd7\"><strong><em>Affiches de Lyon &#8211; 26 mars 1772<\/em><\/strong><\/p>\n\n\n<div class=\"wp-block-image\">\n<figure class=\"aligncenter size-full is-resized\"><img loading=\"lazy\" decoding=\"async\" width=\"551\" height=\"420\" src=\"http:\/\/serinettes.fr\/wp-content\/uploads\/2025\/09\/F48DD953-9861-44A3-B2D1-2F6D8A19AD00.png\" alt=\"\" class=\"wp-image-852\" style=\"width:634px;height:auto\" srcset=\"http:\/\/serinettes.fr\/wp-content\/uploads\/2025\/09\/F48DD953-9861-44A3-B2D1-2F6D8A19AD00.png 551w, http:\/\/serinettes.fr\/wp-content\/uploads\/2025\/09\/F48DD953-9861-44A3-B2D1-2F6D8A19AD00-300x229.png 300w\" sizes=\"auto, (max-width: 551px) 100vw, 551px\" \/><\/figure>\n<\/div>\n\n\n<hr class=\"wp-block-separator has-alpha-channel-opacity\"\/>\n\n\n\n<p class=\"has-red-color has-text-color has-link-color has-medium-font-size wp-elements-d1ee5af1ff78ae3dd1b3e5531701a0c4\"><strong><em>Annonces, affiches, nouvelles et avis divers de l&rsquo;Orl\u00e9anais, 23 octobre 1778<\/em><\/strong><\/p>\n\n\n\n<figure class=\"wp-block-image size-full is-resized\"><img loading=\"lazy\" decoding=\"async\" width=\"619\" height=\"356\" src=\"http:\/\/serinettes.fr\/wp-content\/uploads\/2025\/09\/3BE96957-2AA9-4F72-AA12-8EF71CB24BFC.png\" alt=\"\" class=\"wp-image-837\" style=\"width:634px;height:auto\" srcset=\"http:\/\/serinettes.fr\/wp-content\/uploads\/2025\/09\/3BE96957-2AA9-4F72-AA12-8EF71CB24BFC.png 619w, http:\/\/serinettes.fr\/wp-content\/uploads\/2025\/09\/3BE96957-2AA9-4F72-AA12-8EF71CB24BFC-300x173.png 300w\" sizes=\"auto, (max-width: 619px) 100vw, 619px\" \/><\/figure>\n\n\n\n<hr class=\"wp-block-separator has-alpha-channel-opacity\"\/>\n\n\n\n<p class=\"has-red-color has-text-color has-link-color has-medium-font-size wp-elements-66ef15c6b27b91bd340d8f29e28fdced\"><strong><em>Almanach du commerce, d&rsquo;arts et m\u00e9tiers pour la Ville de Bordeaux<\/em><\/strong><\/p>\n\n\n<div class=\"wp-block-image\">\n<figure class=\"aligncenter size-full is-resized\"><img loading=\"lazy\" decoding=\"async\" width=\"531\" height=\"276\" src=\"http:\/\/serinettes.fr\/wp-content\/uploads\/2025\/09\/Roze-Bordeaux-1779.jpg\" alt=\"\" class=\"wp-image-857\" style=\"width:531px;height:auto\" srcset=\"http:\/\/serinettes.fr\/wp-content\/uploads\/2025\/09\/Roze-Bordeaux-1779.jpg 531w, http:\/\/serinettes.fr\/wp-content\/uploads\/2025\/09\/Roze-Bordeaux-1779-300x156.jpg 300w\" sizes=\"auto, (max-width: 531px) 100vw, 531px\" \/><figcaption class=\"wp-element-caption\"><strong>1779<\/strong><\/figcaption><\/figure>\n<\/div>\n\n\n<figure class=\"wp-block-image size-full\"><img loading=\"lazy\" decoding=\"async\" width=\"787\" height=\"302\" src=\"http:\/\/serinettes.fr\/wp-content\/uploads\/2025\/09\/Ferdinand-Roze-Bordeaux-1782.jpg\" alt=\"\" class=\"wp-image-858\" srcset=\"http:\/\/serinettes.fr\/wp-content\/uploads\/2025\/09\/Ferdinand-Roze-Bordeaux-1782.jpg 787w, http:\/\/serinettes.fr\/wp-content\/uploads\/2025\/09\/Ferdinand-Roze-Bordeaux-1782-300x115.jpg 300w, http:\/\/serinettes.fr\/wp-content\/uploads\/2025\/09\/Ferdinand-Roze-Bordeaux-1782-768x295.jpg 768w\" sizes=\"auto, (max-width: 787px) 100vw, 787px\" \/><\/figure>\n\n\n\n<hr class=\"wp-block-separator has-alpha-channel-opacity\"\/>\n\n\n\n<p class=\"has-red-color has-text-color has-link-color has-medium-font-size wp-elements-a4313dc300081276172568713d21a647\"><strong><em>Affiches du Maine, annonces, etc., 15 avr. 1782<\/em><\/strong><\/p>\n\n\n<div class=\"wp-block-image\">\n<figure class=\"aligncenter size-full\"><img loading=\"lazy\" decoding=\"async\" width=\"604\" height=\"353\" src=\"http:\/\/serinettes.fr\/wp-content\/uploads\/2025\/09\/D3714864-25D0-4630-B91C-1F436864C627.png\" alt=\"\" class=\"wp-image-841\" srcset=\"http:\/\/serinettes.fr\/wp-content\/uploads\/2025\/09\/D3714864-25D0-4630-B91C-1F436864C627.png 604w, http:\/\/serinettes.fr\/wp-content\/uploads\/2025\/09\/D3714864-25D0-4630-B91C-1F436864C627-300x175.png 300w\" sizes=\"auto, (max-width: 604px) 100vw, 604px\" \/><\/figure>\n<\/div>\n\n\n<hr class=\"wp-block-separator has-alpha-channel-opacity\"\/>\n\n\n\n<p class=\"has-red-color has-text-color has-link-color has-medium-font-size wp-elements-bb027e3a4d2983fce045e2e83fdaf5b1\"><strong><em>Annonces, affiches, nouvelles et avis divers de l&rsquo;Orl\u00e9anais, 19 juillet 1782<\/em><\/strong> <em>(Francois Lupot)<\/em><\/p>\n\n\n\n<figure class=\"wp-block-image size-full\"><img loading=\"lazy\" decoding=\"async\" width=\"872\" height=\"347\" src=\"http:\/\/serinettes.fr\/wp-content\/uploads\/2025\/08\/image-2.png\" alt=\"\" class=\"wp-image-523\" srcset=\"http:\/\/serinettes.fr\/wp-content\/uploads\/2025\/08\/image-2.png 872w, http:\/\/serinettes.fr\/wp-content\/uploads\/2025\/08\/image-2-300x119.png 300w, http:\/\/serinettes.fr\/wp-content\/uploads\/2025\/08\/image-2-768x306.png 768w\" sizes=\"auto, (max-width: 872px) 100vw, 872px\" \/><\/figure>\n\n\n\n<hr class=\"wp-block-separator has-alpha-channel-opacity\"\/>\n\n\n\n<p class=\"has-red-color has-text-color has-link-color has-medium-font-size wp-elements-3d01c8d02271f36c5acdddc6957a1ab3\"><strong><em>Affiches des Trois-\u00c9v\u00each\u00e9s et Lorraine (Metz) &#8211; 21 aout 1788<\/em><\/strong><\/p>\n\n\n\n<figure class=\"wp-block-image size-full\"><img loading=\"lazy\" decoding=\"async\" width=\"836\" height=\"245\" src=\"http:\/\/serinettes.fr\/wp-content\/uploads\/2025\/08\/image-5.png\" alt=\"\" class=\"wp-image-529\" srcset=\"http:\/\/serinettes.fr\/wp-content\/uploads\/2025\/08\/image-5.png 836w, http:\/\/serinettes.fr\/wp-content\/uploads\/2025\/08\/image-5-300x88.png 300w, http:\/\/serinettes.fr\/wp-content\/uploads\/2025\/08\/image-5-768x225.png 768w\" sizes=\"auto, (max-width: 836px) 100vw, 836px\" \/><\/figure>\n\n\n\n<hr class=\"wp-block-separator has-alpha-channel-opacity\"\/>\n\n\n\n<p class=\"has-medium-font-size\"><a href=\"javascript:backNotice(false);\"><strong>Almanach de commerce, d&rsquo;arts et m\u00e9tiers pour la ville de Bordeaux et de la province, pour l&rsquo;ann\u00e9e commune <\/strong><\/a><\/p>\n\n\n<div class=\"wp-block-image\">\n<figure class=\"aligncenter size-full is-resized\"><img loading=\"lazy\" decoding=\"async\" width=\"530\" height=\"245\" src=\"http:\/\/serinettes.fr\/wp-content\/uploads\/2025\/09\/20A452CE-4BE1-48D4-9A08-0B20C04880DB.png\" alt=\"\" class=\"wp-image-847\" style=\"width:534px;height:auto\" srcset=\"http:\/\/serinettes.fr\/wp-content\/uploads\/2025\/09\/20A452CE-4BE1-48D4-9A08-0B20C04880DB.png 530w, http:\/\/serinettes.fr\/wp-content\/uploads\/2025\/09\/20A452CE-4BE1-48D4-9A08-0B20C04880DB-300x139.png 300w\" sizes=\"auto, (max-width: 530px) 100vw, 530px\" \/><figcaption class=\"wp-element-caption\"><strong>1779<\/strong><\/figcaption><\/figure>\n<\/div>\n\n\n<figure class=\"wp-block-image size-full\"><img loading=\"lazy\" decoding=\"async\" width=\"713\" height=\"226\" src=\"http:\/\/serinettes.fr\/wp-content\/uploads\/2025\/09\/8D0E0E2B-5E6F-46C2-811C-7A474DD643C7.png\" alt=\"\" class=\"wp-image-851\" srcset=\"http:\/\/serinettes.fr\/wp-content\/uploads\/2025\/09\/8D0E0E2B-5E6F-46C2-811C-7A474DD643C7.png 713w, http:\/\/serinettes.fr\/wp-content\/uploads\/2025\/09\/8D0E0E2B-5E6F-46C2-811C-7A474DD643C7-300x95.png 300w\" sizes=\"auto, (max-width: 713px) 100vw, 713px\" \/><figcaption class=\"wp-element-caption\"><strong>1782<\/strong><\/figcaption><\/figure>\n\n\n\n<hr class=\"wp-block-separator has-alpha-channel-opacity\"\/>\n\n\n\n<p class=\"has-red-color has-text-color has-link-color has-medium-font-size wp-elements-b69e7b72f6eb6b59b2b104c86b1c2e5b\"><strong><em><strong><em>Annonces, affiches, nouvelles et avis divers de l&rsquo;Orl\u00e9anais<\/em><\/strong><\/em><\/strong> <strong>&#8211; 17 avril 1789<\/strong><\/p>\n\n\n<div class=\"wp-block-image\">\n<figure class=\"aligncenter size-full is-resized\"><img loading=\"lazy\" decoding=\"async\" width=\"567\" height=\"138\" src=\"http:\/\/serinettes.fr\/wp-content\/uploads\/2025\/09\/image.png\" alt=\"\" class=\"wp-image-824\" style=\"width:634px;height:auto\" srcset=\"http:\/\/serinettes.fr\/wp-content\/uploads\/2025\/09\/image.png 567w, http:\/\/serinettes.fr\/wp-content\/uploads\/2025\/09\/image-300x73.png 300w\" sizes=\"auto, (max-width: 567px) 100vw, 567px\" \/><\/figure>\n<\/div>\n\n\n<p>Source ; <a href=\"https:\/\/philidor.cmbv.fr\/Publications\/Bases-prosopographiques\/MUSEFREM-Base-de-donnees-prosopographique-des-musiciens-d-Eglise-en-1790\" target=\"_blank\" rel=\"noreferrer noopener\">MUSEFREM &#8211; Base de donn\u00e9es prosopographique des musiciens d&rsquo;\u00c9glise en 1790<\/a><\/p>\n\n\n\n<hr class=\"wp-block-separator has-alpha-channel-opacity\"\/>\n\n\n\n<p class=\"has-red-color has-text-color has-link-color has-medium-font-size wp-elements-1faf5daca318f14e294159ac9fdafb83\"><br><em><strong>Le Journal de Guienne, le 30 octobre 1789, n<sup>o<\/sup>&nbsp;303, <\/strong><br>B.M. Bordeaux, cote&nbsp;H 3442\/11 R\u00e9s.<\/em><\/p>\n\n\n\n<p class=\"has-red-color has-text-color has-link-color has-medium-font-size wp-elements-f6e3da875573f6bcc874f12b69a515b4\"><em>\u00ab\u00a0Effets \u00e0 Vendre\u00a0\u00bb<\/em> :<\/p>\n\n\n<div class=\"wp-block-image\">\n<figure class=\"aligncenter size-full is-resized\"><img loading=\"lazy\" decoding=\"async\" width=\"404\" height=\"103\" src=\"http:\/\/serinettes.fr\/wp-content\/uploads\/2025\/08\/image-65.png\" alt=\"\" class=\"wp-image-799\" style=\"width:634px;height:auto\" srcset=\"http:\/\/serinettes.fr\/wp-content\/uploads\/2025\/08\/image-65.png 404w, http:\/\/serinettes.fr\/wp-content\/uploads\/2025\/08\/image-65-300x76.png 300w\" sizes=\"auto, (max-width: 404px) 100vw, 404px\" \/><\/figure>\n<\/div>\n\n\n<hr class=\"wp-block-separator has-alpha-channel-opacity\"\/>\n\n\n\n<p class=\"has-red-color has-text-color has-link-color has-medium-font-size wp-elements-139d456b27abd7b25d452410c342a1eb\"><strong><em>Affiches, annonces et avis divers, ou Journal g\u00e9n\u00e9ral de France du mercredi 21 juillet 1790<\/em><\/strong><\/p>\n\n\n\n<figure class=\"wp-block-image size-large\"><img loading=\"lazy\" decoding=\"async\" width=\"1024\" height=\"128\" src=\"http:\/\/serinettes.fr\/wp-content\/uploads\/2025\/09\/image-2-1024x128.png\" alt=\"\" class=\"wp-image-874\" srcset=\"http:\/\/serinettes.fr\/wp-content\/uploads\/2025\/09\/image-2-1024x128.png 1024w, http:\/\/serinettes.fr\/wp-content\/uploads\/2025\/09\/image-2-300x38.png 300w, http:\/\/serinettes.fr\/wp-content\/uploads\/2025\/09\/image-2-768x96.png 768w, http:\/\/serinettes.fr\/wp-content\/uploads\/2025\/09\/image-2.png 1070w\" sizes=\"auto, (max-width: 1024px) 100vw, 1024px\" \/><figcaption class=\"wp-element-caption\">A pris sa libert\u00e9 le 14 juillet 1790&#8230;.<\/figcaption><\/figure>\n\n\n\n<hr class=\"wp-block-separator has-alpha-channel-opacity\"\/>\n\n\n\n<p class=\"has-red-color has-text-color has-link-color has-medium-font-size wp-elements-89ceba14b5079fc512072aababca51a7\"><strong><em>Affiches, annonces et avis divers, ou Journal g\u00e9n\u00e9ral de France du lundi 11 f\u00e9vrier 1793<\/em><\/strong> <\/p>\n\n\n<div class=\"wp-block-image\">\n<figure class=\"aligncenter size-full\"><img loading=\"lazy\" decoding=\"async\" width=\"1005\" height=\"163\" src=\"http:\/\/serinettes.fr\/wp-content\/uploads\/2025\/09\/EEE9FA29-07A8-43FD-8C88-AF8AE27ED4B7.png\" alt=\"\" class=\"wp-image-876\" srcset=\"http:\/\/serinettes.fr\/wp-content\/uploads\/2025\/09\/EEE9FA29-07A8-43FD-8C88-AF8AE27ED4B7.png 1005w, http:\/\/serinettes.fr\/wp-content\/uploads\/2025\/09\/EEE9FA29-07A8-43FD-8C88-AF8AE27ED4B7-300x49.png 300w, http:\/\/serinettes.fr\/wp-content\/uploads\/2025\/09\/EEE9FA29-07A8-43FD-8C88-AF8AE27ED4B7-768x125.png 768w\" sizes=\"auto, (max-width: 1005px) 100vw, 1005px\" \/><\/figure>\n<\/div>\n\n\n<hr class=\"wp-block-separator has-alpha-channel-opacity\"\/>\n\n\n\n<p class=\"has-red-color has-text-color has-link-color has-medium-font-size wp-elements-52c038e412e2479d9a42a0b2dc289008\"><strong><em>Affiches, annonces et avis divers, ou Journal g\u00e9n\u00e9ral de France du jeudi 14 f\u00e9vrier 1793<\/em><\/strong> <\/p>\n\n\n\n<figure class=\"wp-block-image size-large\"><img loading=\"lazy\" decoding=\"async\" width=\"1024\" height=\"208\" src=\"http:\/\/serinettes.fr\/wp-content\/uploads\/2025\/09\/99EA0165-BC9A-4704-A21C-7B090A29C223-1024x208.png\" alt=\"\" class=\"wp-image-878\" srcset=\"http:\/\/serinettes.fr\/wp-content\/uploads\/2025\/09\/99EA0165-BC9A-4704-A21C-7B090A29C223-1024x208.png 1024w, http:\/\/serinettes.fr\/wp-content\/uploads\/2025\/09\/99EA0165-BC9A-4704-A21C-7B090A29C223-300x61.png 300w, http:\/\/serinettes.fr\/wp-content\/uploads\/2025\/09\/99EA0165-BC9A-4704-A21C-7B090A29C223-768x156.png 768w, http:\/\/serinettes.fr\/wp-content\/uploads\/2025\/09\/99EA0165-BC9A-4704-A21C-7B090A29C223.png 1029w\" sizes=\"auto, (max-width: 1024px) 100vw, 1024px\" \/><\/figure>\n","protected":false},"excerpt":{"rendered":"<p>Affiches et annonces de la Franche-Comt\u00e9 &#8211; 3 octobre 1770 Affiches de Lyon &#8211; 26 mars 1772 Annonces, affiches, nouvelles et avis divers de l&rsquo;Orl\u00e9anais, 23 octobre 1778 Almanach du commerce, d&rsquo;arts et m\u00e9tiers pour la Ville de Bordeaux Affiches du Maine, annonces, etc., 15 avr. 1782 Annonces, affiches, nouvelles et avis divers de l&rsquo;Orl\u00e9anais, &hellip; <a href=\"http:\/\/serinettes.fr\/index.php\/petites-annonces\/\" class=\"more-link\">Continuer la lecture de <span class=\"screen-reader-text\">Petites annonces &#8230; !<\/span> <span class=\"meta-nav\">&rarr;<\/span><\/a><\/p>\n","protected":false},"author":1,"featured_media":0,"parent":0,"menu_order":0,"comment_status":"closed","ping_status":"closed","template":"","meta":{"footnotes":""},"class_list":["post-520","page","type-page","status-publish","hentry"],"_links":{"self":[{"href":"http:\/\/serinettes.fr\/index.php\/wp-json\/wp\/v2\/pages\/520","targetHints":{"allow":["GET"]}}],"collection":[{"href":"http:\/\/serinettes.fr\/index.php\/wp-json\/wp\/v2\/pages"}],"about":[{"href":"http:\/\/serinettes.fr\/index.php\/wp-json\/wp\/v2\/types\/page"}],"author":[{"embeddable":true,"href":"http:\/\/serinettes.fr\/index.php\/wp-json\/wp\/v2\/users\/1"}],"replies":[{"embeddable":true,"href":"http:\/\/serinettes.fr\/index.php\/wp-json\/wp\/v2\/comments?post=520"}],"version-history":[{"count":13,"href":"http:\/\/serinettes.fr\/index.php\/wp-json\/wp\/v2\/pages\/520\/revisions"}],"predecessor-version":[{"id":880,"href":"http:\/\/serinettes.fr\/index.php\/wp-json\/wp\/v2\/pages\/520\/revisions\/880"}],"wp:attachment":[{"href":"http:\/\/serinettes.fr\/index.php\/wp-json\/wp\/v2\/media?parent=520"}],"curies":[{"name":"wp","href":"https:\/\/api.w.org\/{rel}","templated":true}]}}