{"id":39,"date":"2025-06-17T11:34:06","date_gmt":"2025-06-17T09:34:06","guid":{"rendered":"http:\/\/serinettes.fr\/?page_id=39"},"modified":"2026-04-28T16:06:57","modified_gmt":"2026-04-28T14:06:57","slug":"facteurs","status":"publish","type":"page","link":"http:\/\/serinettes.fr\/index.php\/facteurs\/","title":{"rendered":"Facteurs"},"content":{"rendered":"\n<p class=\"has-red-color has-text-color has-link-color has-medium-font-size wp-elements-12fdee9116aba104244b32aa426995fb\">Liste de luthiers facteurs de serinettes, dont les instruments sont inventori\u00e9s &#8211; Collections publiques de mus\u00e9es, ou priv\u00e9es<\/p>\n\n\n\n<p>En construction<\/p>\n\n\n\n<p id=\"LISTE\"><strong>Liste alphab\u00e9tique<\/strong><\/p>\n\n\n\n<ul class=\"wp-block-list\">\n<li><strong><a href=\"#AUDINOT\">AUDINOT (lign\u00e9e)<\/a><\/strong><\/li>\n\n\n\n<li><strong><a href=\"#BENNARD\" data-type=\"internal\" data-id=\"#BENNARD\">BENNARD<\/a><\/strong><\/li>\n\n\n\n<li><a href=\"#BENOIT-Jean-Joseph\" data-type=\"internal\" data-id=\"#BENOIT-Jean-Joseph\"><strong>BENOIT<\/strong> <strong>Jean Joseph<\/strong><\/a><\/li>\n\n\n\n<li><strong><a href=\"#BEREUTHER\">BEREUTHER Joseph<\/a><\/strong> (\u00ab\u00a0raccomode\u00a0\u00bb)<\/li>\n\n\n\n<li><strong><a href=\"#BOURDOT-D\" data-type=\"internal\" data-id=\"#BOURDOT-D\">BOURDOT D.<\/a><\/strong><\/li>\n\n\n\n<li><a href=\"#BOURDOT-Louis-L\u00e9opold\" data-type=\"internal\" data-id=\"#BOURDOT-Louis-L\u00e9opold\"><strong>BOURDOT Louis L\u00e9opold<\/strong><\/a><\/li>\n\n\n\n<li><strong><a href=\"#BUTHOD-Charles-Louis-\" data-type=\"internal\" data-id=\"#BUTHOD-Charles-Louis-\">BUTHOD Charles Louis <\/a><\/strong><\/li>\n\n\n\n<li><strong><a href=\"#CABASSE-Charles-Jules\" data-type=\"internal\" data-id=\"#CABASSE-Charles-Jules\">CABASSE Charles Jules<\/a><\/strong><\/li>\n\n\n\n<li><strong><a href=\"#COVIAUX-LIPPI\" data-type=\"internal\" data-id=\"#COVIAUX-LIPPI\">COVIAUX-LIPPI<\/a><\/strong><\/li>\n\n\n\n<li><a href=\"#DAVRAINVILLE\" data-type=\"internal\" data-id=\"#DAVRAINVILLE\"><strong>DAVRAINVILLE<\/strong> <strong>Jacques Honor\u00e9<\/strong><\/a> (p\u00e8re et fils)<\/li>\n\n\n\n<li><strong><a href=\"#DELOR-PACHERELIE\">DELOR-PACHERELIE<\/a><\/strong><\/li>\n\n\n\n<li><strong><a href=\"#DENIS-Charles\" data-type=\"internal\" data-id=\"#DENIS-Charles\">DENIS Charles<\/a><\/strong><\/li>\n\n\n\n<li><strong><a href=\"#DORIZE\">DORIZE Joseph<\/a><\/strong> <em>(\u00ab\u00a0raccomode\u00a0\u00bb)<\/em><\/li>\n\n\n\n<li><a href=\"#DUMONT-PARIZOT-Louis\" data-type=\"internal\" data-id=\"#DUMONT-PARIZOT-Louis\"><strong>DUMONT PARIZOT Louis<\/strong><\/a><\/li>\n\n\n\n<li><strong><a href=\"#FERRY-Antoine-Norbert\" data-type=\"internal\" data-id=\"#FERRY-Antoine-Norbert\">FERRY Antoine Norbert<\/a><\/strong><\/li>\n\n\n\n<li><strong><a href=\"#FONTAINE-NICOLAS\" data-type=\"internal\" data-id=\"#FERRY-Antoine-Norbert\">FONTAINE Nicolas<\/a><\/strong> (plusieurs)<\/li>\n\n\n\n<li><strong><a href=\"#GAND-MAUCHANT\" data-type=\"internal\" data-id=\"#GAND-MAUCHANT\">GAND-MAUCHANT<\/a><\/strong><\/li>\n\n\n\n<li><strong><a href=\"#GAVOT-Nicolas-I\" data-type=\"internal\" data-id=\"#GAVOT-Nicolas-I\">GAVOT Nicolas I<\/a> <\/strong>p\u00e8re<\/li>\n\n\n\n<li><strong><a href=\"#GAVOT-Nicolas-II-fils\" data-type=\"internal\" data-id=\"#GAVOT-Nicolas-II-fils\">GAVOT Nicolas II<\/a><\/strong> fils<\/li>\n\n\n\n<li><strong><strong><a href=\"#GAVOT-Henri\" data-type=\"internal\" data-id=\"#GAVOT-Henri\">GAVOT Henri<\/a><\/strong> <\/strong>(fils de Nicolas I)<\/li>\n\n\n\n<li><strong><a href=\"#GAVOT-Jean-Baptiste\" data-type=\"internal\" data-id=\"#GAVOT-Jean-Baptiste\">GAVOT Jean-Baptiste<\/a> <\/strong>(petit-fils de Nicolas I)<\/li>\n\n\n\n<li><strong><a href=\"#GUILLEMIN-(Jean)\" data-type=\"internal\" data-id=\"#GUILLEMIN-(Jean)\">GUILLEMIN (Jean) Charles Joseph Lambert<\/a><\/strong><\/li>\n\n\n\n<li><strong><a href=\"#HUSSON-Claude-Charles\" data-type=\"internal\" data-id=\"#HUSSON-Claude-Charles\">HUSSON Claude Charles<\/a><\/strong><\/li>\n\n\n\n<li><a href=\"#HUSSSON-JACOTEL-(Th\u00e9odore-?)\"><strong>HUSSON-JACOTEL Th\u00e9odore<\/strong><\/a><\/li>\n\n\n\n<li><strong><a href=\"#JEANDEL-Nicolas\" data-type=\"internal\" data-id=\"#JEANDEL-Nicolas\">JEANDEL Nicolas<\/a><\/strong><\/li>\n\n\n\n<li><strong><a href=\"#JON-Guillaume\" data-type=\"internal\" data-id=\"#JON-Guillaume\">JON Guillaume<\/a><\/strong><\/li>\n\n\n\n<li><strong><a href=\"#KETTENHOVEN\">KETTENHOVEN Pierre<\/a><\/strong><\/li>\n\n\n\n<li><a href=\"#LAIR\"><strong>LAIR, Louis Fran\u00e7ois<\/strong> <\/a><em>(r\u00e9parateur)<\/em><\/li>\n\n\n\n<li><strong><a href=\"#MALINE-Nicolas\" data-type=\"internal\" data-id=\"#MALINE-Nicolas\">MALINE Nicolas<\/a><\/strong><\/li>\n\n\n\n<li><strong><a href=\"#MIQUEL-Nicolas\" data-type=\"internal\" data-id=\"#MIQUEL-Nicolas\">MIQUEL Nicolas<\/a><\/strong><\/li>\n\n\n\n<li><a href=\"#MORLOT-Jean-Pierre-\" data-type=\"internal\" data-id=\"#MORLOT-Jean-Pierre-\"><strong>MORLOT<\/strong> <strong>Jean-Pierre <\/strong><\/a><\/li>\n\n\n\n<li><a href=\"#PARTY\"><strong>PARTY, Jacques<\/strong><\/a> <em>(\u00ab\u00a0raccomode\u00a0\u00bb)<\/em><\/li>\n\n\n\n<li><strong><a href=\"#POIROT,-lign\u00e9e\" data-type=\"internal\" data-id=\"#POIROT,-lign\u00e9e\">POIROT<\/a><\/strong>, lign\u00e9e de facteurs d&rsquo;orgues et de serinettes<\/li>\n\n\n\n<li><strong><a href=\"#PIERRON-Nicolas\" data-type=\"internal\" data-id=\"#PIERRON-Nicolas\">PIERRON Nicolas<\/a><\/strong><\/li>\n\n\n\n<li><a href=\"#ROLIN-Jean-Baptiste-Fran\u00e7ois\" data-type=\"internal\" data-id=\"#ROLIN-Jean-Baptiste-Fran\u00e7ois\"><strong>ROLIN<\/strong> <strong>Jean-Baptiste Fran\u00e7ois<\/strong><\/a><\/li>\n\n\n\n<li><strong><a href=\"#RICHARD-Robert\">RICHARD Robert<\/a><\/strong><\/li>\n\n\n\n<li><strong><a href=\"#ROLIN-VAUGIEN\" data-type=\"internal\" data-id=\"#ROLIN-VAUGIEN\">ROLIN-VAUGIEN<\/a><\/strong><\/li>\n\n\n\n<li><strong><a href=\"#ROZE\">ROZE Ferdinand<\/a><\/strong> <em>(\u00ab\u00a0raccomode\u00a0\u00bb)<\/em><\/li>\n\n\n\n<li><strong><a href=\"#SAUMET,\">SAUMET Claude Fran\u00e7ois<\/a><\/strong> <em>(\u00ab\u00a0raccomode\u00a0\u00bb)<\/em><\/li>\n\n\n\n<li><strong><a href=\"#SOUCHETTE Jeune\">SOUCHETTE jeune<\/a><\/strong><\/li>\n\n\n\n<li><strong><a href=\"#WELTERS\">WELTERS<\/a><\/strong><\/li>\n<\/ul>\n\n\n\n<figure id=\"AUDINOT\" class=\"wp-block-table is-style-stripes\"><table class=\"has-fixed-layout\"><tbody><tr><td><strong>AUDINOT<\/strong><br>Une famille de facteurs de serinettes, d\u00e8s le XVII\u00e8me si\u00e8cle.<br>Arbre g\u00e9n\u00e9alogique : <br><a href=\"https:\/\/www.luthiers-mirecourt.com\/audinot_genealogie.htm\" target=\"_blank\" rel=\"noreferrer noopener\">https:\/\/www.luthiers-mirecourt.com\/audinot_genealogie.htm<\/a><\/td><\/tr><tr><td><em><a href=\"#LISTE\" data-type=\"internal\" data-id=\"#LISTE\">Retour \u00e0 la liste<\/a><\/em><\/td><\/tr><\/tbody><\/table><\/figure>\n\n\n<div class=\"wp-block-image\">\n<figure class=\"aligncenter size-large is-resized\"><img loading=\"lazy\" decoding=\"async\" width=\"1024\" height=\"683\" src=\"http:\/\/serinettes.fr\/wp-content\/uploads\/2026\/03\/2-1024x683.webp\" alt=\"\" class=\"wp-image-948\" style=\"aspect-ratio:1.4992905493055784;width:461px;height:auto\" srcset=\"http:\/\/serinettes.fr\/wp-content\/uploads\/2026\/03\/2-1024x683.webp 1024w, http:\/\/serinettes.fr\/wp-content\/uploads\/2026\/03\/2-300x200.webp 300w, http:\/\/serinettes.fr\/wp-content\/uploads\/2026\/03\/2-768x512.webp 768w, http:\/\/serinettes.fr\/wp-content\/uploads\/2026\/03\/2.webp 1080w\" sizes=\"auto, (max-width: 1024px) 100vw, 1024px\" \/><figcaption class=\"wp-element-caption\">Vente aux ench\u00e8res &#8211; La Rochelle &#8211; 21.03.2026<\/figcaption><\/figure>\n<\/div>\n\n\n<figure class=\"wp-block-image size-large\"><img loading=\"lazy\" decoding=\"async\" width=\"1024\" height=\"577\" src=\"http:\/\/serinettes.fr\/wp-content\/uploads\/2026\/04\/20260420_132531-1024x577.jpg\" alt=\"\" class=\"wp-image-957\" srcset=\"http:\/\/serinettes.fr\/wp-content\/uploads\/2026\/04\/20260420_132531-1024x577.jpg 1024w, http:\/\/serinettes.fr\/wp-content\/uploads\/2026\/04\/20260420_132531-300x169.jpg 300w, http:\/\/serinettes.fr\/wp-content\/uploads\/2026\/04\/20260420_132531-768x432.jpg 768w, http:\/\/serinettes.fr\/wp-content\/uploads\/2026\/04\/20260420_132531-1536x865.jpg 1536w, http:\/\/serinettes.fr\/wp-content\/uploads\/2026\/04\/20260420_132531-2048x1153.jpg 2048w\" sizes=\"auto, (max-width: 1024px) 100vw, 1024px\" \/><figcaption class=\"wp-element-caption\"><em>Collection priv\u00e9e<\/em><\/figcaption><\/figure>\n\n\n<div class=\"wp-block-image\">\n<figure class=\"aligncenter size-full\"><a href=\"#LISTE\"><img loading=\"lazy\" decoding=\"async\" width=\"60\" height=\"60\" src=\"http:\/\/serinettes.fr\/wp-content\/uploads\/2025\/08\/image-64.png\" alt=\"\" class=\"wp-image-792\"\/><\/a><\/figure>\n<\/div>\n\n\n<hr class=\"wp-block-separator has-alpha-channel-opacity\"\/>\n\n\n\n<figure id=\"BENNARD\" class=\"wp-block-table is-style-stripes\"><table class=\"has-fixed-layout\"><tbody><tr><td><strong>BENNARD<\/strong><br>1708-1769<br><\/td><\/tr><tr><td><a href=\"http:\/\/serinettes.fr\/index.php\/de-la-serinette-a-lorgue-de-foire-francoise-dussour\/\">Cit\u00e9 par Fran\u00e7oise Dussour<\/a><br><em><a href=\"#LISTE\" data-type=\"internal\" data-id=\"#LISTE\">Retour \u00e0 la liste<\/a><\/em><\/td><\/tr><\/tbody><\/table><\/figure>\n\n\n<div class=\"wp-block-image\">\n<figure class=\"aligncenter size-full is-resized\"><img loading=\"lazy\" decoding=\"async\" width=\"352\" height=\"191\" src=\"http:\/\/serinettes.fr\/wp-content\/uploads\/2025\/08\/image-28.png\" alt=\"\" class=\"wp-image-649\" style=\"aspect-ratio:1.8429266512756568;width:432px;height:auto\" srcset=\"http:\/\/serinettes.fr\/wp-content\/uploads\/2025\/08\/image-28.png 352w, http:\/\/serinettes.fr\/wp-content\/uploads\/2025\/08\/image-28-300x163.png 300w\" sizes=\"auto, (max-width: 352px) 100vw, 352px\" \/><\/figure>\n<\/div>\n\n<div class=\"wp-block-image\">\n<figure class=\"aligncenter size-full\"><a href=\"#LISTE\"><img loading=\"lazy\" decoding=\"async\" width=\"60\" height=\"60\" src=\"http:\/\/serinettes.fr\/wp-content\/uploads\/2025\/08\/image-64.png\" alt=\"\" class=\"wp-image-792\"\/><\/a><\/figure>\n<\/div>\n\n\n<hr class=\"wp-block-separator has-alpha-channel-opacity\"\/>\n\n\n\n<figure id=\"BENOIT-Jean-Joseph\" class=\"wp-block-table is-style-stripes\"><table class=\"has-fixed-layout\"><tbody><tr><td><strong>BENOIT<\/strong> <strong>Jean Joseph<\/strong><br>(13&nbsp;ao\u00fbt&nbsp;1781 \u00e0  Mazirot, 88 &#8211;&nbsp;25&nbsp;mai&nbsp;1871 \u00e0 &#8211; Mirecourt, 88)<br><em>Mari\u00e9 \u00e0 Anne DIGNEY (1776-1830) le&nbsp;6&nbsp;d\u00e9cembre&nbsp;1802  Mirecourt, 88, <\/em><br>ses fils Charles BENO\u00ceT (1803-1871) et Thomas Emile BENO\u00ceT (1806..1807-1872) lui succ\u00e8dent en tant que luthiers \u00e0 Mirecourt<\/td><\/tr><tr><td><strong><a href=\"https:\/\/graphonogram.com\/3-id-77-photo-8.html#photo\" target=\"_blank\" rel=\"noreferrer noopener\">Collection Graphonogram<\/a><\/strong><br><\/td><\/tr><\/tbody><\/table><\/figure>\n\n\n\n<figure class=\"wp-block-image size-full\"><img loading=\"lazy\" decoding=\"async\" width=\"805\" height=\"537\" src=\"http:\/\/serinettes.fr\/wp-content\/uploads\/2025\/08\/8.jpg\" alt=\"\" class=\"wp-image-625\" srcset=\"http:\/\/serinettes.fr\/wp-content\/uploads\/2025\/08\/8.jpg 805w, http:\/\/serinettes.fr\/wp-content\/uploads\/2025\/08\/8-300x200.jpg 300w, http:\/\/serinettes.fr\/wp-content\/uploads\/2025\/08\/8-768x512.jpg 768w\" sizes=\"auto, (max-width: 805px) 100vw, 805px\" \/><figcaption class=\"wp-element-caption\">Phonogram<\/figcaption><\/figure>\n\n\n\n<p>Le m\u00eame J.J. Benoit, ou un autre ??? :<\/p>\n\n\n<div class=\"wp-block-image\">\n<figure class=\"aligncenter size-full is-resized\"><img loading=\"lazy\" decoding=\"async\" width=\"839\" height=\"625\" src=\"http:\/\/serinettes.fr\/wp-content\/uploads\/2025\/08\/image-20.png\" alt=\"\" class=\"wp-image-623\" style=\"aspect-ratio:1.3424145341947222;width:444px;height:auto\" srcset=\"http:\/\/serinettes.fr\/wp-content\/uploads\/2025\/08\/image-20.png 839w, http:\/\/serinettes.fr\/wp-content\/uploads\/2025\/08\/image-20-300x223.png 300w, http:\/\/serinettes.fr\/wp-content\/uploads\/2025\/08\/image-20-768x572.png 768w\" sizes=\"auto, (max-width: 839px) 100vw, 839px\" \/><figcaption class=\"wp-element-caption\">Collection priv\u00e9e<\/figcaption><\/figure>\n<\/div>\n\n<div class=\"wp-block-image\">\n<figure class=\"aligncenter size-full\"><a href=\"#LISTE\"><img loading=\"lazy\" decoding=\"async\" width=\"60\" height=\"60\" src=\"http:\/\/serinettes.fr\/wp-content\/uploads\/2025\/08\/image-64.png\" alt=\"\" class=\"wp-image-792\"\/><\/a><\/figure>\n<\/div>\n\n\n<hr class=\"wp-block-separator has-alpha-channel-opacity\"\/>\n\n\n\n<figure id=\"BEREUTHER\" class=\"wp-block-table is-style-stripes\"><table class=\"has-fixed-layout\"><tbody><tr><td><strong>BEREUTHER, Joseph (1733-1790 ap.)<\/strong><br><\/td><\/tr><tr><td>Source : <a href=\"https:\/\/philidor.cmbv.fr\/Publications\/Bases-prosopographiques\/MUSEFREM-Base-de-donnees-prosopographique-des-musiciens-d-Eglise-en-1790\">MUSEFREM &#8211; Base de donn\u00e9es prosopographique des musiciens d&rsquo;\u00c9glise en 1790<\/a><\/td><\/tr><\/tbody><\/table><\/figure>\n\n\n\n<figure class=\"wp-block-image size-full is-resized\"><img loading=\"lazy\" decoding=\"async\" width=\"619\" height=\"356\" src=\"http:\/\/serinettes.fr\/wp-content\/uploads\/2025\/09\/3BE96957-2AA9-4F72-AA12-8EF71CB24BFC.png\" alt=\"\" class=\"wp-image-837\" style=\"width:634px;height:auto\" srcset=\"http:\/\/serinettes.fr\/wp-content\/uploads\/2025\/09\/3BE96957-2AA9-4F72-AA12-8EF71CB24BFC.png 619w, http:\/\/serinettes.fr\/wp-content\/uploads\/2025\/09\/3BE96957-2AA9-4F72-AA12-8EF71CB24BFC-300x173.png 300w\" sizes=\"auto, (max-width: 619px) 100vw, 619px\" \/><figcaption class=\"wp-element-caption\">Annonces, affiches, nouvelles et avis divers de l&rsquo;Orl\u00e9anois &#8211; 23 octobre 1778<\/figcaption><\/figure>\n\n\n<div class=\"wp-block-image\">\n<figure class=\"aligncenter size-full\"><a href=\"#LISTE\"><img loading=\"lazy\" decoding=\"async\" width=\"60\" height=\"60\" src=\"http:\/\/serinettes.fr\/wp-content\/uploads\/2025\/08\/image-64.png\" alt=\"\" class=\"wp-image-792\"\/><\/a><\/figure>\n<\/div>\n\n\n<hr class=\"wp-block-separator has-alpha-channel-opacity\"\/>\n\n\n\n<figure id=\"BOURDOT-D\" class=\"wp-block-table is-style-stripes\"><table class=\"has-fixed-layout\"><tbody><tr><td><strong>BOURDOT D.<\/strong><br>mort en 1761<\/td><\/tr><tr><td><a href=\"http:\/\/serinettes.fr\/index.php\/de-la-serinette-a-lorgue-de-foire-francoise-dussour\/\">Cit\u00e9 par Fran\u00e7oise Dussour<\/a><\/td><\/tr><\/tbody><\/table><\/figure>\n\n\n<div class=\"wp-block-image\">\n<figure class=\"aligncenter size-full\"><a href=\"#LISTE\"><img loading=\"lazy\" decoding=\"async\" width=\"60\" height=\"60\" src=\"http:\/\/serinettes.fr\/wp-content\/uploads\/2025\/08\/image-64.png\" alt=\"\" class=\"wp-image-792\"\/><\/a><\/figure>\n<\/div>\n\n\n<hr class=\"wp-block-separator has-alpha-channel-opacity\"\/>\n\n\n\n<figure id=\"BOURDOT-Louis-L\u00e9opold\" class=\"wp-block-table is-style-stripes\"><table class=\"has-fixed-layout\"><tbody><tr><td><strong>BOURDOT Louis L\u00e9opold<\/strong><br>Nait \u00e0 Mirecourt le 7 mai 1781, il est le fils cadet de L\u00e9olpold Bourdot (1750-1817), marchand \u00e0 Mirecourt.<br>Le 3 juin 1806, il \u00e9pouse Marie Catherine Charlotte Boban \u00e0 Blondefontaine (Haute-Sa\u00f4ne). A partir de cette date, il signe ses instruments de son nom associ\u00e9 de celui de son \u00e9pouse : BOURDOT &#8211; BOBAN.<br>Louis L\u00e9opold Bourdot d\u00e9c\u00e8de \u00e0 Mirecourt le 28 f\u00e9vrier 1867.<\/td><\/tr><tr><td><a href=\"https:\/\/www.musee-mirecourt.fr\/fr\/tous-les-auteurs\/bourdot-louis-leopold_-c.html\" target=\"_blank\" rel=\"noreferrer noopener\">Collection du Mus\u00e9e de Mirecourt<\/a><\/td><\/tr><\/tbody><\/table><\/figure>\n\n\n<div class=\"wp-block-image\">\n<figure class=\"aligncenter size-full\"><img loading=\"lazy\" decoding=\"async\" width=\"460\" height=\"345\" src=\"http:\/\/serinettes.fr\/wp-content\/uploads\/2025\/08\/image-29.png\" alt=\"\" class=\"wp-image-650\" srcset=\"http:\/\/serinettes.fr\/wp-content\/uploads\/2025\/08\/image-29.png 460w, http:\/\/serinettes.fr\/wp-content\/uploads\/2025\/08\/image-29-300x225.png 300w\" sizes=\"auto, (max-width: 460px) 100vw, 460px\" \/><\/figure>\n<\/div>\n\n<div class=\"wp-block-image\">\n<figure class=\"aligncenter size-full\"><a href=\"#LISTE\"><img loading=\"lazy\" decoding=\"async\" width=\"60\" height=\"60\" src=\"http:\/\/serinettes.fr\/wp-content\/uploads\/2025\/08\/image-64.png\" alt=\"\" class=\"wp-image-792\"\/><\/a><\/figure>\n<\/div>\n\n\n<hr class=\"wp-block-separator has-alpha-channel-opacity\"\/>\n\n\n\n<figure id=\"BUTHOD-Charles-Louis-\" class=\"wp-block-table is-style-stripes\"><table class=\"has-fixed-layout\"><tbody><tr><td><strong>BUTHOD Charles Louis <\/strong><br>N\u00e9 \u00e0 Mirecourt le 26 ao\u00fbt 1810. Fils de Charles Fran\u00e7ois Buthod, marchand d&rsquo;instruments, il se forme \u00e0 la lutherie du quatuor et travaille chez Jean Baptiste Vuillaume (1798-1875) \u00e0 Paris. L&rsquo;\u00e9tiquette des ses instruments mentionne \u00ab El\u00e8ve de J-B Vuillaume \u00bb.<br>En 1834, il revient \u00e0 Mirecourt o\u00f9 il ouvre son atelier.<br>En 1836, il emploie d\u00e9j\u00e0 12 ouvriers, commerce en France, \u00e0 l&rsquo;\u00e9tranger et dans les colonies, produit 750 violons, 40 altos, et 50 violoncelles par an. En 1848, il s&rsquo;associe \u00e0 Claude-Charles HUSSON (1811-1892), marchand d&rsquo;instruments dont il a \u00e9pous\u00e9 la soeur en 1839. La maison s&rsquo;appelle HUSSON &#8211; BUTHOD et diversifie sa production d&rsquo;instruments.<br>En 1857, Charles Buthod et Claude-Charles Husson s&rsquo;associent \u00e0 Louis Thibouville (1833 \u2013 1902), facteur d&rsquo;instruments \u00e0 vent originaire de La Couture-Boussey (Eure). La maison se d\u00e9nomme alors HUSSON &#8211; BUTHOD &#8211; THIBOUVILLE.<br>Charles Buthod d\u00e9c\u00e8de \u00e0 Mirecourt en 1889.<br>Source : <a href=\"https:\/\/www.musee-mirecourt.fr\/fr\/tous-les-auteurs\/buthod-charles-louis_-c.html\" target=\"_blank\" rel=\"noreferrer noopener\">site Mus\u00e9e de Mirecourt<\/a><\/td><\/tr><tr><td><a href=\"https:\/\/www.musee-mirecourt.fr\/fr\/instruments-de-musique-mecanique\/serinette_-r.html\" target=\"_blank\" rel=\"noreferrer noopener\">Collection du Mus\u00e9e de Mirecourt<\/a><\/td><\/tr><\/tbody><\/table><\/figure>\n\n\n\n<figure class=\"wp-block-image size-full\"><img loading=\"lazy\" decoding=\"async\" width=\"843\" height=\"181\" src=\"http:\/\/serinettes.fr\/wp-content\/uploads\/2025\/08\/image-30.png\" alt=\"\" class=\"wp-image-653\" srcset=\"http:\/\/serinettes.fr\/wp-content\/uploads\/2025\/08\/image-30.png 843w, http:\/\/serinettes.fr\/wp-content\/uploads\/2025\/08\/image-30-300x64.png 300w, http:\/\/serinettes.fr\/wp-content\/uploads\/2025\/08\/image-30-768x165.png 768w\" sizes=\"auto, (max-width: 843px) 100vw, 843px\" \/><figcaption class=\"wp-element-caption\">Rue Greneta 13 et 15 \u00e0 Paris<br>M\u00e9dailles \u00e0 l\u2019effigie de la R\u00e9publique fran\u00e7aise et de Louis-Philippe 1er Roi des Fran\u00e7ais.<br><\/figcaption><\/figure>\n\n\n<div class=\"wp-block-image\">\n<figure class=\"aligncenter size-full\"><a href=\"#LISTE\"><img loading=\"lazy\" decoding=\"async\" width=\"60\" height=\"60\" src=\"http:\/\/serinettes.fr\/wp-content\/uploads\/2025\/08\/image-64.png\" alt=\"\" class=\"wp-image-792\"\/><\/a><\/figure>\n<\/div>\n\n\n<hr class=\"wp-block-separator has-alpha-channel-opacity\"\/>\n\n\n\n<figure id=\"CABASSE-Charles-Jules\" class=\"wp-block-table is-style-stripes\"><table class=\"has-fixed-layout\"><tbody><tr><td><strong>CABASSE Charles Jules<\/strong><br>N\u00e9 le 24\/03\/1820 \u00e0 Mirecourt, d\u00e9c\u00e9d\u00e9 le 22.02.1891<br>L\u00e9gion d&rsquo;honneur : Chevalier 27.09.1846, Officier le 14.08.1865<br><a href=\"https:\/\/www.leonore.archives-nationales.culture.gouv.fr\/ui\/notice\/61703\" target=\"_blank\" rel=\"noreferrer noopener\">https:\/\/www.leonore.archives-nationales.culture.gouv.fr\/ui\/notice\/61703<\/a><br><\/td><\/tr><tr><td><strong><a href=\"https:\/\/gallica.bnf.fr\/ark:\/12148\/btv1b10060000h\/f2.itemhoto\" target=\"_blank\" rel=\"noreferrer noopener\">Une serinette Cabasse \u00e0 la BNF, collection Charles Cros<\/a><br><\/strong><\/td><\/tr><\/tbody><\/table><\/figure>\n\n\n<div class=\"wp-block-image\">\n<figure class=\"aligncenter size-full is-resized\"><img loading=\"lazy\" decoding=\"async\" width=\"711\" height=\"488\" src=\"http:\/\/serinettes.fr\/wp-content\/uploads\/2025\/08\/image-21.png\" alt=\"\" class=\"wp-image-629\" style=\"aspect-ratio:1.4569688817479773;width:428px;height:auto\" srcset=\"http:\/\/serinettes.fr\/wp-content\/uploads\/2025\/08\/image-21.png 711w, http:\/\/serinettes.fr\/wp-content\/uploads\/2025\/08\/image-21-300x206.png 300w\" sizes=\"auto, (max-width: 711px) 100vw, 711px\" \/><\/figure>\n<\/div>\n\n<div class=\"wp-block-image\">\n<figure class=\"aligncenter size-full\"><a href=\"#LISTE\"><img loading=\"lazy\" decoding=\"async\" width=\"60\" height=\"60\" src=\"http:\/\/serinettes.fr\/wp-content\/uploads\/2025\/08\/image-64.png\" alt=\"\" class=\"wp-image-792\"\/><\/a><\/figure>\n<\/div>\n\n\n<hr class=\"wp-block-separator has-alpha-channel-opacity\"\/>\n\n\n\n<figure id=\"COVIAUX-LIPPI\" class=\"wp-block-table is-style-stripes\"><table class=\"has-fixed-layout\"><tbody><tr><td><strong>COVIAUX-LIPPI<\/strong><br>XIXe si\u00e8cle, luthier \u00e9tabli \u00e0 Marseille, o\u00f9 il succ\u00e9da \u00e0 Laprevotte. Une de ses guitares ornement\u00e9e se voyait dans la collection de M. le baron de L\u00e9ry.<br>(<em>(Albert JACQUOT, La lutherie Lorraine et Fran\u00e7aise, Libriaire Fischbarer, Paris, 1912)<\/em>)<\/td><\/tr><tr><td>Une serinette Coviaux-Lippi pass\u00e9e aux <a href=\"file:\/\/\/C:\/Documents\/Serinette%2012%2008%2025\/Drouot%20serinette%20COVIAUX-LIPPI,%20Luthier\/COVIAUX-LIPPI,%20Luthier%20-%20Lot%20233.html\" target=\"_blank\" rel=\"noreferrer noopener\">ench\u00e8res Drouot le 18.02.2019<\/a><br>&nbsp;<\/td><\/tr><\/tbody><\/table><\/figure>\n\n\n<div class=\"wp-block-image\">\n<figure class=\"aligncenter size-full\"><img loading=\"lazy\" decoding=\"async\" width=\"356\" height=\"168\" src=\"http:\/\/serinettes.fr\/wp-content\/uploads\/2025\/08\/image-31.png\" alt=\"\" class=\"wp-image-656\" srcset=\"http:\/\/serinettes.fr\/wp-content\/uploads\/2025\/08\/image-31.png 356w, http:\/\/serinettes.fr\/wp-content\/uploads\/2025\/08\/image-31-300x142.png 300w\" sizes=\"auto, (max-width: 356px) 100vw, 356px\" \/><figcaption class=\"wp-element-caption\"><em>Drouot<\/em><\/figcaption><\/figure>\n<\/div>\n\n<div class=\"wp-block-image\">\n<figure class=\"aligncenter size-full\"><a href=\"#LISTE\"><img loading=\"lazy\" decoding=\"async\" width=\"60\" height=\"60\" src=\"http:\/\/serinettes.fr\/wp-content\/uploads\/2025\/08\/image-64.png\" alt=\"\" class=\"wp-image-792\"\/><\/a><\/figure>\n<\/div>\n\n\n<hr class=\"wp-block-separator has-alpha-channel-opacity\"\/>\n\n\n\n<figure id=\"DAVRAINVILLE\" class=\"wp-block-table is-style-stripes\"><table class=\"has-fixed-layout\"><tbody><tr><td><strong>DAVRAINVILLE<\/strong> <strong>Jacques Honor\u00e9<\/strong>, p\u00e8re<br>(1753-?)<br>Famille parisienne de facteurs d&rsquo;orgues<br>Adresse en 1784 : Place de Gr\u00e8ve &#8211; Paris <em>(Source : Sophie JOUVE-GANVERT : Antoine Geoffroy-Dechaume et l&rsquo;interpr\u00e9tation de la musique fran\u00e7aise aux XVII\u00e8me et XVIII\u00e8me si\u00e8cles, M\u00e9moire de ma\u00eetrise, Univ. de Paris IV, 1974-1976, <strong>p.181 <\/strong>\u00ab\u00a0Facteurs de serinettes et d&rsquo;orgues m\u00e9caniques\u00a0\u00bb- Biblioth\u00e8que du CMBV)<\/em><br><br><strong>DAVRAINVILLE Pierre Honor\u00e9<\/strong>, fils<br>30 ao\u00fbt 01784-1866<br><em>Constant PIERRE &#8211; Les facteurs d&rsquo;instruments de musique &#8211; Les luthiers et la facture instrumentale &#8211; Pr\u00e9cis historique, Ed.Sagot, Paris, 1893<\/em> : <em>\u00ab\u00a0Davrainville est fils du fabricant de serinettes dont nous avons d\u00e9j\u00e0 parl\u00e9. Il naquit le 30 ao\u00fbt 1784 et re\u00e7ut des le\u00e7ons de musique de Couperin fils, tout en exer\u00e7ant, sous la direction paternelle, \u00e0 la construction des instruments m\u00e9caniques. A 15 ans, il notait son premier cylindre, et de 1810 \u00e0 1814, il aida son p\u00e8re qui, pour sacrifier \u00e0 la mode, faisait beaucoup d\u2019orgues \u00e0 manivelle ((p 252)) pour la danse.\u00a0\u00bb<\/em><br><\/td><\/tr><tr><td>Voir la th\u00e8se de Bernard Pin, 2013 :<a href=\"https:\/\/theses.fr\/2013EPHE4002\" target=\"_blank\" rel=\"noreferrer noopener\"> Recherches sur les instruments de musique m\u00e9caniques et les automates<\/a><\/td><\/tr><\/tbody><\/table><\/figure>\n\n\n<div class=\"wp-block-image\">\n<figure class=\"aligncenter size-full\"><img loading=\"lazy\" decoding=\"async\" width=\"395\" height=\"222\" src=\"http:\/\/serinettes.fr\/wp-content\/uploads\/2025\/08\/image-27.png\" alt=\"\" class=\"wp-image-646\" srcset=\"http:\/\/serinettes.fr\/wp-content\/uploads\/2025\/08\/image-27.png 395w, http:\/\/serinettes.fr\/wp-content\/uploads\/2025\/08\/image-27-300x169.png 300w\" sizes=\"auto, (max-width: 395px) 100vw, 395px\" \/><\/figure>\n<\/div>\n\n<div class=\"wp-block-image\">\n<figure class=\"aligncenter size-full is-resized\"><img loading=\"lazy\" decoding=\"async\" width=\"750\" height=\"501\" src=\"http:\/\/serinettes.fr\/wp-content\/uploads\/2025\/08\/orgue_davrainville_5.jpg\" alt=\"\" class=\"wp-image-647\" style=\"aspect-ratio:1.4969895071219532;width:487px;height:auto\" srcset=\"http:\/\/serinettes.fr\/wp-content\/uploads\/2025\/08\/orgue_davrainville_5.jpg 750w, http:\/\/serinettes.fr\/wp-content\/uploads\/2025\/08\/orgue_davrainville_5-300x200.jpg 300w\" sizes=\"auto, (max-width: 750px) 100vw, 750px\" \/><figcaption class=\"wp-element-caption\"><a href=\"https:\/\/www.expertises.pro\/fr\/ventes-de-gre-a-gre\/trop-tard-c-est-deja-vendu\/512-orgue-de-salon-davrainville\" target=\"_blank\" rel=\"noreferrer noopener\">du Site Expertise Pro<\/a><\/figcaption><\/figure>\n<\/div>\n\n<div class=\"wp-block-image\">\n<figure class=\"aligncenter size-full\"><a href=\"#LISTE\"><img loading=\"lazy\" decoding=\"async\" width=\"60\" height=\"60\" src=\"http:\/\/serinettes.fr\/wp-content\/uploads\/2025\/08\/image-64.png\" alt=\"\" class=\"wp-image-792\"\/><\/a><\/figure>\n<\/div>\n\n\n<hr class=\"wp-block-separator has-alpha-channel-opacity\"\/>\n\n\n\n<figure id=\"DELOR-PACHERELIE\" class=\"wp-block-table is-style-stripes\"><table class=\"has-fixed-layout\"><tbody><tr><td><strong><strong>DELOR-PACHERELIE<\/strong><\/strong><br>Etiquette sur un cylindre de serinette &#8211; Mus\u00e9e de Mirecourt<br>Les Delor et les Pacherel sont des familles actives \u00e0 Mirecourt<br><\/td><\/tr><tr><td><a href=\"https:\/\/www.tourisme-mirecourt.fr\/decouvrir\/nos-incontournables\/\" target=\"_blank\" rel=\"noreferrer noopener\">Mus\u00e9e de Mirecourt &#8211; OT<\/a><\/td><\/tr><\/tbody><\/table><\/figure>\n\n\n<div class=\"wp-block-image\">\n<figure class=\"aligncenter size-full is-resized\"><img loading=\"lazy\" decoding=\"async\" width=\"905\" height=\"671\" src=\"http:\/\/serinettes.fr\/wp-content\/uploads\/2025\/08\/image-67.png\" alt=\"\" class=\"wp-image-818\" style=\"width:485px;height:auto\" srcset=\"http:\/\/serinettes.fr\/wp-content\/uploads\/2025\/08\/image-67.png 905w, http:\/\/serinettes.fr\/wp-content\/uploads\/2025\/08\/image-67-300x222.png 300w, http:\/\/serinettes.fr\/wp-content\/uploads\/2025\/08\/image-67-768x569.png 768w\" sizes=\"auto, (max-width: 905px) 100vw, 905px\" \/><\/figure>\n<\/div>\n\n<div class=\"wp-block-image\">\n<figure class=\"aligncenter size-full\"><a href=\"#LISTE\"><img loading=\"lazy\" decoding=\"async\" width=\"60\" height=\"60\" src=\"http:\/\/serinettes.fr\/wp-content\/uploads\/2025\/08\/image-64.png\" alt=\"\" class=\"wp-image-792\"\/><\/a><\/figure>\n<\/div>\n\n\n<hr class=\"wp-block-separator has-alpha-channel-opacity\"\/>\n\n\n\n<figure id=\"DENIS-Charles\" class=\"wp-block-table is-style-stripes\"><table class=\"has-fixed-layout\"><tbody><tr><td><strong>DENIS Charles<\/strong><br>01.11.1771, Mirecourt &#8211; 15.05.1824, Mirecourt<br>Mari\u00e9 \u00e0 Marie-Catherine Audinot (1766-1833), le 08.11.1793, Mirecourt<br><\/td><\/tr><tr><td>Les DENIS et les AUDINOT sont deux lign\u00e9es de luthiers de Mirecourt : <strong><a href=\"https:\/\/www.luthiers-mirecourt.com\/audinot_genealogie.htm\" target=\"_blank\" rel=\"noreferrer noopener\">G\u00e9n\u00e9alogie Audinot<\/a><\/strong><\/td><\/tr><\/tbody><\/table><\/figure>\n\n\n\n<figure class=\"wp-block-image size-full\"><img loading=\"lazy\" decoding=\"async\" width=\"637\" height=\"275\" src=\"http:\/\/serinettes.fr\/wp-content\/uploads\/2025\/08\/image-26.png\" alt=\"\" class=\"wp-image-644\" srcset=\"http:\/\/serinettes.fr\/wp-content\/uploads\/2025\/08\/image-26.png 637w, http:\/\/serinettes.fr\/wp-content\/uploads\/2025\/08\/image-26-300x130.png 300w\" sizes=\"auto, (max-width: 637px) 100vw, 637px\" \/><\/figure>\n\n\n<div class=\"wp-block-image\">\n<figure class=\"aligncenter size-full\"><a href=\"#LISTE\"><img loading=\"lazy\" decoding=\"async\" width=\"60\" height=\"60\" src=\"http:\/\/serinettes.fr\/wp-content\/uploads\/2025\/08\/image-64.png\" alt=\"\" class=\"wp-image-792\"\/><\/a><\/figure>\n<\/div>\n\n\n<hr class=\"wp-block-separator has-alpha-channel-opacity\"\/>\n\n\n\n<figure id=\"DORIZE\" class=\"wp-block-table is-style-stripes\"><table class=\"has-fixed-layout\"><tbody><tr><td><strong>DORIZE Joseph (1746-1807)<\/strong><br>&nbsp;15 avril 1782, Le Mans : Joseph DORIZE <em>\u00ab\u00a0\u00e9l\u00e8ve du sieur PARIZOT le Jeune, facteur d\u2019orgues\u00a0\u00bb<\/em> est log\u00e9 chez une tapissi\u00e8re de la rue St-Flaceau. Il offre par voie de presse de \u00ab\u00a0<em>raccommoder<\/em>\u00a0\u00bb clavecins, \u00e9pinettes et serinettes, y compris en dehors de la ville : <em>\u00ab\u00a0Il va en campagne et travaille \u00e0 juste prix\u201d<\/em>.<\/td><\/tr><tr><td>Source : <a href=\"https:\/\/philidor.cmbv.fr\/Publications\/Bases-prosopographiques\/MUSEFREM-Base-de-donnees-prosopographique-des-musiciens-d-Eglise-en-1790\">MUSEFREM &#8211; Base de donn\u00e9es prosopographique des musiciens d&rsquo;\u00c9glise en 1790<\/a><\/td><\/tr><\/tbody><\/table><\/figure>\n\n\n<div class=\"wp-block-image\">\n<figure class=\"aligncenter size-full\"><img loading=\"lazy\" decoding=\"async\" width=\"604\" height=\"353\" src=\"http:\/\/serinettes.fr\/wp-content\/uploads\/2025\/09\/D3714864-25D0-4630-B91C-1F436864C627.png\" alt=\"\" class=\"wp-image-841\" srcset=\"http:\/\/serinettes.fr\/wp-content\/uploads\/2025\/09\/D3714864-25D0-4630-B91C-1F436864C627.png 604w, http:\/\/serinettes.fr\/wp-content\/uploads\/2025\/09\/D3714864-25D0-4630-B91C-1F436864C627-300x175.png 300w\" sizes=\"auto, (max-width: 604px) 100vw, 604px\" \/><\/figure>\n<\/div>\n\n<div class=\"wp-block-image\">\n<figure class=\"aligncenter size-full\"><a href=\"#LISTE\"><img loading=\"lazy\" decoding=\"async\" width=\"60\" height=\"60\" src=\"http:\/\/serinettes.fr\/wp-content\/uploads\/2025\/08\/image-64.png\" alt=\"\" class=\"wp-image-792\"\/><\/a><\/figure>\n<\/div>\n\n\n<figure id=\"DUMONT-PARIZOT-Louis\" class=\"wp-block-table is-style-stripes\"><table class=\"has-fixed-layout\"><tbody><tr><td><strong><strong>DUMONT PARIZOT Louis<\/strong><\/strong><br>Connu \u00e9galement pour ses orgues de salon et ses orgues \u00e0 cylindres<br>Seul orgue d&rsquo;\u00e9glise conserv\u00e9 : <a href=\"https:\/\/pop.culture.gouv.fr\/notice\/palissy\/PM63001963\" data-type=\"link\" data-id=\"https:\/\/pop.culture.gouv.fr\/notice\/palissy\/PM63001963\" target=\"_blank\" rel=\"noreferrer noopener\">Saint-Saturnin ; \u00e9glise Notre-Dame (ou Saint-Saturnin) &#8211; Puy-de-D\u00f4me (63)<\/a><\/td><\/tr><tr><td><a href=\"https:\/\/www.youtube.com\/watch?v=yk95YG9ooLQ\" target=\"_blank\" rel=\"noreferrer noopener\"><strong>une serinette \u00e0 \u00e9couter sur You Tube<\/strong><\/a><\/td><\/tr><\/tbody><\/table><\/figure>\n\n\n<div class=\"wp-block-image\">\n<figure class=\"aligncenter size-full is-resized\"><img loading=\"lazy\" decoding=\"async\" width=\"754\" height=\"362\" src=\"http:\/\/serinettes.fr\/wp-content\/uploads\/2025\/08\/image-40.png\" alt=\"\" class=\"wp-image-692\" style=\"aspect-ratio:2.082899866082256;width:480px;height:auto\" srcset=\"http:\/\/serinettes.fr\/wp-content\/uploads\/2025\/08\/image-40.png 754w, http:\/\/serinettes.fr\/wp-content\/uploads\/2025\/08\/image-40-300x144.png 300w\" sizes=\"auto, (max-width: 754px) 100vw, 754px\" \/><\/figure>\n<\/div>\n\n<div class=\"wp-block-image\">\n<figure class=\"aligncenter size-full\"><a href=\"#LISTE\"><img loading=\"lazy\" decoding=\"async\" width=\"60\" height=\"60\" src=\"http:\/\/serinettes.fr\/wp-content\/uploads\/2025\/08\/image-64.png\" alt=\"\" class=\"wp-image-792\"\/><\/a><\/figure>\n<\/div>\n\n\n<hr class=\"wp-block-separator has-alpha-channel-opacity\"\/>\n\n\n\n<figure id=\"FERRY-Antoine-Norbert\" class=\"wp-block-table is-style-stripes\"><table class=\"has-fixed-layout\"><tbody><tr><td><strong><strong>FERRY Antoine Norbert<\/strong><\/strong><br>(Mirecourt, Vers 1725 \u2013 Paris, 14 d\u00e9cembre 1800 (23 Frimaire An 9))<br><em>Sophie JOUVE-GANVERT<\/em> recense 3 FERRY \u00e0 Paris<br>&#8211; FERRY, rue Saint Honor\u00e9 en 1784 : correspond \u00e0 l&rsquo;\u00e9tiquette ci-dessous<br>&#8211; Norbert FERRY, sans autre information<br>&#8211; Antoine-Robert FERRY, Grande rue du Faubourg Saint-Antoin, en 1784<br><em> (Sophie JOUVE-GANVERT : Antoine Geoffroy-Dechaume et l&rsquo;interpr\u00e9tation de la musique fran\u00e7aise aux XVII\u00e8me et XVIII\u00e8me si\u00e8cles, M\u00e9moire de ma\u00eetrise, Univ. de Paris IV, 1974-1976, <strong>p.181 <\/strong>\u00ab\u00a0Facteurs de serinettes et d&rsquo;orgues m\u00e9caniques\u00a0\u00bb- Biblioth\u00e8que du CMBV<\/em>)<\/td><\/tr><tr><td><strong><a href=\"https:\/\/www.youtube.com\/watch?v=pNFhtn7UbSc\" target=\"_blank\" rel=\"noreferrer noopener\">Philharmonie de Paris &#8211; E.2233 la serinette Ferry 1784<\/a><\/strong><br>\u00e0 visionner sur <a href=\"https:\/\/www.youtube.com\/watch?v=pNFhtn7UbSc\" target=\"_blank\" rel=\"noreferrer noopener\">YouTube<\/a><\/td><\/tr><\/tbody><\/table><\/figure>\n\n\n<div class=\"wp-block-image\">\n<figure class=\"aligncenter size-full\"><img loading=\"lazy\" decoding=\"async\" width=\"641\" height=\"222\" src=\"http:\/\/serinettes.fr\/wp-content\/uploads\/2025\/08\/image-7.png\" alt=\"\" class=\"wp-image-545\" srcset=\"http:\/\/serinettes.fr\/wp-content\/uploads\/2025\/08\/image-7.png 641w, http:\/\/serinettes.fr\/wp-content\/uploads\/2025\/08\/image-7-300x104.png 300w\" sizes=\"auto, (max-width: 641px) 100vw, 641px\" \/><\/figure>\n<\/div>\n\n<div class=\"wp-block-image\">\n<figure class=\"aligncenter size-full is-resized\"><a href=\"#LISTE\"><img loading=\"lazy\" decoding=\"async\" width=\"60\" height=\"60\" src=\"http:\/\/serinettes.fr\/wp-content\/uploads\/2025\/08\/image-64.png\" alt=\"\" class=\"wp-image-792\" style=\"width:60px;height:auto\"\/><\/a><\/figure>\n<\/div>\n\n\n<hr class=\"wp-block-separator has-alpha-channel-opacity\"\/>\n\n\n\n<figure id=\"FONTAINE-NICOLAS\" class=\"wp-block-table is-style-stripes\"><table class=\"has-fixed-layout\"><tbody><tr><td><strong><strong>FONTAINE Nicolas<\/strong><\/strong><br>Plusieurs Nicolas FONTAINE sont recens\u00e9s.<br><a href=\"https:\/\/www.luthiers-mirecourt.com\/luthiers_de_mirecourt.htm\">https:\/\/www.luthiers-mirecourt.com\/luthiers_de_mirecourt.htm<\/a><br>Qui est le facteur de celle-ci ???<\/td><\/tr><tr><td><a href=\"#LISTE\"><\/a><\/td><\/tr><\/tbody><\/table><\/figure>\n\n\n\n<figure class=\"wp-block-image size-full\"><img loading=\"lazy\" decoding=\"async\" width=\"1013\" height=\"721\" src=\"http:\/\/serinettes.fr\/wp-content\/uploads\/2026\/04\/Cylindre-N.Fontaine.jpg\" alt=\"\" class=\"wp-image-955\" srcset=\"http:\/\/serinettes.fr\/wp-content\/uploads\/2026\/04\/Cylindre-N.Fontaine.jpg 1013w, http:\/\/serinettes.fr\/wp-content\/uploads\/2026\/04\/Cylindre-N.Fontaine-300x214.jpg 300w, http:\/\/serinettes.fr\/wp-content\/uploads\/2026\/04\/Cylindre-N.Fontaine-768x547.jpg 768w\" sizes=\"auto, (max-width: 1013px) 100vw, 1013px\" \/><\/figure>\n\n\n<div class=\"wp-block-image\">\n<figure class=\"aligncenter size-full\"><a href=\"#LISTE\"><img loading=\"lazy\" decoding=\"async\" width=\"60\" height=\"60\" src=\"http:\/\/serinettes.fr\/wp-content\/uploads\/2025\/08\/image-64.png\" alt=\"\" class=\"wp-image-792\"\/><\/a><\/figure>\n<\/div>\n\n\n<hr class=\"wp-block-separator has-alpha-channel-opacity\"\/>\n\n\n\n<figure id=\"GAND-MAUCHANT\" class=\"wp-block-table is-style-stripes\"><table class=\"has-fixed-layout\"><tbody><tr><td><strong><strong>GAND-MAUCHANT<\/strong><\/strong><br>Les Gand sont une lign\u00e9e de luthiers de Mirecourt. Il pourrait avoir eu une collaboration avec la lign\u00e9e Mauchand-t , ou un mariage<\/td><\/tr><tr><td><a href=\"#LISTE\"><\/a><\/td><\/tr><\/tbody><\/table><\/figure>\n\n\n<div class=\"wp-block-image\">\n<figure class=\"aligncenter size-large is-resized\"><img loading=\"lazy\" decoding=\"async\" width=\"1024\" height=\"684\" src=\"http:\/\/serinettes.fr\/wp-content\/uploads\/2025\/08\/image-22-1024x684.png\" alt=\"\" class=\"wp-image-633\" style=\"aspect-ratio:1.4970484061393152;width:431px;height:auto\" srcset=\"http:\/\/serinettes.fr\/wp-content\/uploads\/2025\/08\/image-22-1024x684.png 1024w, http:\/\/serinettes.fr\/wp-content\/uploads\/2025\/08\/image-22-300x200.png 300w, http:\/\/serinettes.fr\/wp-content\/uploads\/2025\/08\/image-22-768x513.png 768w, http:\/\/serinettes.fr\/wp-content\/uploads\/2025\/08\/image-22.png 1063w\" sizes=\"auto, (max-width: 1024px) 100vw, 1024px\" \/><\/figure>\n<\/div>\n\n<div class=\"wp-block-image\">\n<figure class=\"aligncenter size-full\"><a href=\"#LISTE\"><img loading=\"lazy\" decoding=\"async\" width=\"60\" height=\"60\" src=\"http:\/\/serinettes.fr\/wp-content\/uploads\/2025\/08\/image-64.png\" alt=\"\" class=\"wp-image-792\"\/><\/a><\/figure>\n<\/div>\n\n\n<hr class=\"wp-block-separator has-alpha-channel-opacity\"\/>\n\n\n\n<p><strong><em>La dynastie des GAVOT <\/em><\/strong><\/p>\n\n\n\n<figure id=\"GAVOT-Nicolas-I\" class=\"wp-block-table is-style-stripes\"><table class=\"has-fixed-layout\"><tbody><tr><td><strong>GAVOT Nicolas I <\/strong>p\u00e8re<br>N\u00e9 en 1715 \u00e0 Vom\u00e9court-sur-Madon, d\u00e9c\u00e9d\u00e9 le 29 octobre 1774 (selon Inventaire apr\u00e8s d\u00e9c\u00e8s)<br>Mentionn\u00e9 comme facteur de serinettes de 1748 \u00e0 1770<br>Deux fils lui succ\u00e8dent <strong>GAVOT Nicolas II<\/strong>, n\u00e9 en 1737 et <strong>GAVOT Henri<\/strong> n\u00e9 en 1741, tous deux facteurs de serinettes, \u00e0 partir de 1762 pour <strong>Nicolas II<\/strong>, \u00e0 partir de 1780 pour <strong>Henri<\/strong><br>Sa fille <strong>Marie-Anne<\/strong> \u00e9pouse Jean Claude Parisot, facteur d&rsquo;orgues.<br>Aux g\u00e9n\u00e9rations suivantes, un fils et deux petits-fils de <strong>Nicolas Gavot fils <\/strong>sont facteurs d&rsquo;orgue \u00e0 Bourbonne-les-Bains<br><em>Sources : Base de donn\u00e9es Luthiers &#8211; Jean-Paul Rothiot<\/em> &#8211; <em> Albert JACQUOT, La lutherie Lorraine et Fran\u00e7aise, Librairie Fischbarer, Paris, 1912<\/em><br>Mari\u00e9 \u00e0 Marguerite Jennesson eut un fils, Jean-Joseph, n\u00e9 et baptis\u00e9 le 27 avril 1738.<br>&#8211; Article de Bernard Pin : L&rsquo;atelier de Nicolas Gavot, facteur de serinettes \u00e0 Mirecourt \u00e0 la fin du XVIIIe si\u00e8cle,<br>Musique. Images. Instruments. n\u00b0 6, 2004<br>&#8211; Gavot, Nicolas (facteur de serinettes \u00e0 Mirecourt) : <a href=\"https:\/\/recherche-archives.vosges.fr\/ark:\/50275\/1122491\" target=\"_blank\" rel=\"noreferrer noopener\">Inventaire apr\u00e8s d\u00e9c\u00e8s<\/a>. (17 novembre 1774) Archives d\u00e9partementales des Vosges, B 1010, Archives du baillage et du pr\u00e9sidial de Mirecourt<br>&#8211; Gavot, Nicolas (ma\u00eetre facteur d&rsquo;instruments) : <a href=\"https:\/\/recherche-archives.vosges.fr\/ark:\/50275\/1122497\" target=\"_blank\" rel=\"noreferrer noopener\">Autorisation d&rsquo;option, de vente et autres r\u00e8glements concernant les enfants de Nicolas Gavot<\/a>. (13 mai 1775), Archives d\u00e9partementales des Vosges, B 1010, Archives du baillage et du pr\u00e9sidial de Mirecourt<br><\/td><\/tr><tr><td><img decoding=\"async\" src=\"http:\/\/serinettes.fr\/wp-content\/uploads\/2025\/08\/image-35.png\" alt=\"\"><\/td><\/tr><\/tbody><\/table><\/figure>\n\n\n<div class=\"wp-block-image\">\n<figure class=\"aligncenter size-full is-resized\"><img loading=\"lazy\" decoding=\"async\" width=\"425\" height=\"527\" src=\"http:\/\/serinettes.fr\/wp-content\/uploads\/2025\/08\/image-37.png\" alt=\"\" class=\"wp-image-685\" style=\"aspect-ratio:0.8064447533510785;width:570px;height:auto\" srcset=\"http:\/\/serinettes.fr\/wp-content\/uploads\/2025\/08\/image-37.png 425w, http:\/\/serinettes.fr\/wp-content\/uploads\/2025\/08\/image-37-242x300.png 242w\" sizes=\"auto, (max-width: 425px) 100vw, 425px\" \/><figcaption class=\"wp-element-caption\">Extrait de l&rsquo;<a href=\"https:\/\/recherche-archives.vosges.fr\/ark:\/50275\/1122491\" target=\"_blank\" rel=\"noreferrer noopener\">Inventaire apr\u00e8s d\u00e9c\u00e8s<\/a>. (17 novembre 1774) Archives d\u00e9partementales des Vosges, B 1010, Archives du baillage et du pr\u00e9sidial de Mirecourt<\/figcaption><\/figure>\n<\/div>\n\n<div class=\"wp-block-image\">\n<figure class=\"aligncenter size-full\"><a href=\"#LISTE\"><img loading=\"lazy\" decoding=\"async\" width=\"60\" height=\"60\" src=\"http:\/\/serinettes.fr\/wp-content\/uploads\/2025\/08\/image-64.png\" alt=\"\" class=\"wp-image-792\"\/><\/a><\/figure>\n<\/div>\n\n\n<figure id=\"GAVOT-Nicolas-II-fils\" class=\"wp-block-table is-style-stripes\"><table class=\"has-fixed-layout\"><tbody><tr><td><strong>GAVOT Nicolas II fils<\/strong><br>n\u00e9 en 1737, mort en 1803 : fils de <strong>GAVOT Nicolas I <\/strong>et fr\u00e8re de <strong>GAVOT Henri<\/strong> n\u00e9 en 1741<br>Facteurs de serinettes, \u00e0 partir de 1762<br>Aux g\u00e9n\u00e9rations suivantes, un fils et deux petits-fils de <strong>Nicolas Gavot fils II <\/strong>sont facteurs d&rsquo;orgue \u00e0 Bourbonne les Bains<br><em><em>Sources : Base de donn\u00e9es Luthiers &#8211; Jean-Paul Rothiot<\/em> &#8211; <em> Albert JACQUOT, La lutherie Lorraine et Fran\u00e7aise, Librairie Fischbarer, Paris, 1912<\/em><\/em><br><\/td><\/tr><tr><td>                                        <img decoding=\"async\" src=\"http:\/\/serinettes.fr\/wp-content\/uploads\/2025\/08\/image-38.png\" alt=\"\"><\/td><\/tr><\/tbody><\/table><\/figure>\n\n\n<div class=\"wp-block-image\">\n<figure class=\"aligncenter size-full\"><a href=\"#LISTE\"><img loading=\"lazy\" decoding=\"async\" width=\"60\" height=\"60\" src=\"http:\/\/serinettes.fr\/wp-content\/uploads\/2025\/08\/image-64.png\" alt=\"\" class=\"wp-image-792\"\/><\/a><\/figure>\n<\/div>\n\n\n<hr class=\"wp-block-separator has-alpha-channel-opacity\"\/>\n\n\n\n<figure id=\"GAVOT-Henri\" class=\"wp-block-table is-style-stripes\"><table class=\"has-fixed-layout\"><tbody><tr><td><strong><strong><strong>GAVOT Henri<\/strong><\/strong><\/strong><br>n\u00e9 en 1741, fils de <strong>GAVOT Nicolas I <\/strong>et fr\u00e8re de <strong>GAVOT Henri<\/strong> n\u00e9 en 1737 <br>Facteurs de serinettes, \u00e0 partir de 1780<br><em><em>Sources : Base de donn\u00e9es Luthiers &#8211; Jean-Paul Rothiot<\/em> &#8211; <em> Albert JACQUOT, La lutherie Lorraine et Fran\u00e7aise, Librairie Fischbarer, Paris, 1912<\/em><\/em><br><\/td><\/tr><tr><td><\/td><\/tr><\/tbody><\/table><\/figure>\n\n\n<div class=\"wp-block-image\">\n<figure class=\"aligncenter size-full\"><a href=\"#LISTE\"><img loading=\"lazy\" decoding=\"async\" width=\"60\" height=\"60\" src=\"http:\/\/serinettes.fr\/wp-content\/uploads\/2025\/08\/image-64.png\" alt=\"\" class=\"wp-image-792\"\/><\/a><\/figure>\n<\/div>\n\n\n<figure id=\"GAVOT-Jean-Baptiste\" class=\"wp-block-table is-style-stripes\"><table class=\"has-fixed-layout\"><tbody><tr><td><strong><strong>GAVOT Jean-Baptiste<\/strong> <\/strong>(petit-fils de Nicolas I)<br>6 aout <strong><a href=\"https:\/\/www.youtube.com\/watch?v=5iqqZNiFIhA\">1768, Mirecourt &#8211; 21 juin 1839<\/a><\/strong>, Bourbonne-les-Bains<br>Facteur d&rsquo;orgues<\/td><\/tr><tr><td><img decoding=\"async\" src=\"http:\/\/serinettes.fr\/wp-content\/uploads\/2025\/08\/image-36.png\" alt=\"\"><\/td><\/tr><\/tbody><\/table><\/figure>\n\n\n\n<figure class=\"wp-block-table is-style-stripes\"><table class=\"has-fixed-layout\"><tbody><tr><td>&#8211; Restauration d&rsquo;une serinette <strong><a href=\"https:\/\/www.youtube.com\/watch?v=5iqqZNiFIhA\" target=\"_blank\" rel=\"noreferrer noopener\">GAVOT fils<\/a><\/strong> par Xavier Szymczak<br>&#8211; <a href=\"https:\/\/edutheque.philharmoniedeparis.fr\/edutheque\/doc\/ALOES\/0920559\/serinette-gavot-fils-1763-vmi-406-musee-municipal-auguste-grasset-varzy?_lg=fr-FR\" target=\"_blank\" rel=\"noreferrer noopener\">Serinette, Gavot fils,1763, VMi 406, Mus\u00e9e municipal Auguste Grasset (Varzy)<\/a><br><\/td><\/tr><tr><td><\/td><\/tr><\/tbody><\/table><\/figure>\n\n\n<div class=\"wp-block-image\">\n<figure class=\"aligncenter size-full is-resized\"><img loading=\"lazy\" decoding=\"async\" width=\"433\" height=\"148\" src=\"http:\/\/serinettes.fr\/wp-content\/uploads\/2025\/08\/image-32.png\" alt=\"\" class=\"wp-image-657\" style=\"width:433px;height:auto\" srcset=\"http:\/\/serinettes.fr\/wp-content\/uploads\/2025\/08\/image-32.png 433w, http:\/\/serinettes.fr\/wp-content\/uploads\/2025\/08\/image-32-300x103.png 300w\" sizes=\"auto, (max-width: 433px) 100vw, 433px\" \/><\/figure>\n<\/div>\n\n<div class=\"wp-block-image\">\n<figure class=\"aligncenter size-full is-resized\"><img loading=\"lazy\" decoding=\"async\" width=\"634\" height=\"327\" src=\"http:\/\/serinettes.fr\/wp-content\/uploads\/2025\/08\/image-33.png\" alt=\"\" class=\"wp-image-658\" style=\"aspect-ratio:1.938756329294355;width:432px;height:auto\" srcset=\"http:\/\/serinettes.fr\/wp-content\/uploads\/2025\/08\/image-33.png 634w, http:\/\/serinettes.fr\/wp-content\/uploads\/2025\/08\/image-33-300x155.png 300w\" sizes=\"auto, (max-width: 634px) 100vw, 634px\" \/><\/figure>\n<\/div>\n\n<div class=\"wp-block-image\">\n<figure class=\"aligncenter size-full\"><a href=\"#LISTE\"><img loading=\"lazy\" decoding=\"async\" width=\"60\" height=\"60\" src=\"http:\/\/serinettes.fr\/wp-content\/uploads\/2025\/08\/image-64.png\" alt=\"\" class=\"wp-image-792\"\/><\/a><\/figure>\n<\/div>\n\n\n<hr class=\"wp-block-separator has-alpha-channel-opacity\"\/>\n\n\n\n<figure id=\"GUILLEMIN-(Jean)\" class=\"wp-block-table is-style-stripes\"><table class=\"has-fixed-layout\"><tbody><tr><td><strong>GUILLEMIN (Jean) Charles Joseph Lambert<\/strong><br>(17.09.1780 &#8211; Bouxi\u00e8re-aux-dames &#8211; 09.06.1843 &#8211; Bouxi\u00e8re-aux-dames)<br>Epouse Marie Th\u00e9r\u00e8se Henry le 14.04.1807 &#8211; Bouxi\u00e8re-aux-dames)<\/td><\/tr><tr><td><strong><a href=\"https:\/\/www.luthiers-mirecourt.com\/thouvenel_genealogie.htm\" target=\"_blank\" rel=\"noreferrer noopener\">G\u00e9n\u00e9alogie<\/a><\/strong><\/td><\/tr><\/tbody><\/table><\/figure>\n\n\n<div class=\"wp-block-image\">\n<figure class=\"aligncenter size-full\"><img loading=\"lazy\" decoding=\"async\" width=\"509\" height=\"223\" src=\"http:\/\/serinettes.fr\/wp-content\/uploads\/2025\/08\/image-25.png\" alt=\"\" class=\"wp-image-642\" srcset=\"http:\/\/serinettes.fr\/wp-content\/uploads\/2025\/08\/image-25.png 509w, http:\/\/serinettes.fr\/wp-content\/uploads\/2025\/08\/image-25-300x131.png 300w\" sizes=\"auto, (max-width: 509px) 100vw, 509px\" \/><\/figure>\n<\/div>\n\n<div class=\"wp-block-image\">\n<figure class=\"aligncenter size-full\"><a href=\"#LISTE\"><img loading=\"lazy\" decoding=\"async\" width=\"60\" height=\"60\" src=\"http:\/\/serinettes.fr\/wp-content\/uploads\/2025\/08\/image-64.png\" alt=\"\" class=\"wp-image-792\"\/><\/a><\/figure>\n<\/div>\n\n\n<hr class=\"wp-block-separator has-alpha-channel-opacity\"\/>\n\n\n\n<figure id=\"HUSSON-Claude-Charles\" class=\"wp-block-table is-style-stripes\"><table class=\"has-fixed-layout\"><tbody><tr><td><strong><strong>HUSSON Claude Charles<\/strong><\/strong><br>Fils de Fran\u00e7ois Husson, luthier et marchand d&rsquo;instruments, Claude-Charles Husson nait \u00e0 Mirecourt le 1<sup>er<\/sup> janvier 1811.<br>En 1848,&nbsp; il&nbsp;s&rsquo;associe \u00e0 son beau-fr\u00e8re Charles Louis Buthod &nbsp;(1810-1889), luthier. Ils cr\u00e9ent la maison HUSSON \u2013 BUTHOD, manufacture d&rsquo;instruments de musique (lutherie du quatuor, bois, vents et orgues).<br>En 1857, Claude-Charles Husson et Charles Buthod s&rsquo;associent \u00e0 Louis Thibouville (1833 \u2013 1902), facteur d&rsquo;instruments \u00e0 vent originaire de La Couture-Boussey (Eure). La maison se d\u00e9nomme alors HUSSON &#8211; BUTHOD &#8211; THIBOUVILLE.<br>HUSSON-BUTHOD, THIBOUVILLE et Henri SAVARESSE ont un magasin \/ fabricant de pianos, 42 bis rue de R\u00e9aumur, Paris &#8211; 2\u00e8 arr., jusqu&rsquo;en 1867 au moins<br>Les \u00e9tiquettes de serinettes portent l&rsquo;adresse<em> \u00ab\u00a0Rue Greneta 13 et 15 \u00e0 Paris\u00a0\u00bb<\/em> avec des m\u00e9dailles \u00e0 l\u2019effigie de la R\u00e9publique fran\u00e7aise et de Louis-Philippe 1er Roi des Fran\u00e7ais.<br><br>Claude-Charles HUSSON d\u00e9c\u00e8de \u00e0 Mirecourt le 13 mars 1893.<br>Source : <a href=\"https:\/\/www.musee-mirecourt.fr\/fr\/tous-les-auteurs\/husson-claude-charles_-c.html\" target=\"_blank\" rel=\"noreferrer noopener\">site Mus\u00e9e de Mirecourt<\/a><\/td><\/tr><tr><td><a href=\"https:\/\/www.musee-mirecourt.fr\/fr\/instruments-de-musique-mecanique\/serinette_-r.html\" target=\"_blank\" rel=\"noreferrer noopener\">Collection du Mus\u00e9e de Mirecourt<\/a><\/td><\/tr><\/tbody><\/table><\/figure>\n\n\n\n<figure class=\"wp-block-image size-full\"><img loading=\"lazy\" decoding=\"async\" width=\"843\" height=\"181\" src=\"http:\/\/serinettes.fr\/wp-content\/uploads\/2025\/08\/image-30.png\" alt=\"\" class=\"wp-image-653\" srcset=\"http:\/\/serinettes.fr\/wp-content\/uploads\/2025\/08\/image-30.png 843w, http:\/\/serinettes.fr\/wp-content\/uploads\/2025\/08\/image-30-300x64.png 300w, http:\/\/serinettes.fr\/wp-content\/uploads\/2025\/08\/image-30-768x165.png 768w\" sizes=\"auto, (max-width: 843px) 100vw, 843px\" \/><\/figure>\n\n\n<div class=\"wp-block-image\">\n<figure class=\"aligncenter size-full\"><a href=\"#LISTE\"><img loading=\"lazy\" decoding=\"async\" width=\"60\" height=\"60\" src=\"http:\/\/serinettes.fr\/wp-content\/uploads\/2025\/08\/image-64.png\" alt=\"\" class=\"wp-image-792\"\/><\/a><\/figure>\n<\/div>\n\n\n<hr class=\"wp-block-separator has-alpha-channel-opacity\"\/>\n\n\n\n<figure id=\"HUSSSON-JACOTEL-(Th\u00e9odore-?)\" class=\"wp-block-table is-style-stripes\"><table class=\"has-fixed-layout\"><tbody><tr><td><strong>HUSSSON-JACOTEL (Th\u00e9odore ?)<\/strong><br>Une \u00e9nigme selon les descriptions de la Base Nationale des Instruments de Musique : descendance ? fr\u00e8res ?<br>&#8211; Actif en 1813-1840 selon le <a href=\"https:\/\/mimo-international.com\/MIMO\/doc\/IFD\/OAI_CIMU_ALOES_0857019\/serinette\" target=\"_blank\" rel=\"noreferrer noopener\"><strong>Mus\u00e9on Arlaten (Arles)<\/strong><\/a> ; Etiquette sur le couvercle : \u00ab\u00a0<strong>HUSSON JACOTEL, Fils a\u00een\u00e9\u00a0\u00bb<\/strong><br>&#8211; Actif en 1880-1887 selon le <a href=\"https:\/\/basenationale.philharmoniedeparis.fr\/doc\/BASENATIONALE\/0857025?_ga=2.55507944.2134481520.1756478775-1824210686.1750405563\" target=\"_blank\" rel=\"noreferrer noopener\"><strong>Mus\u00e9e de la vie bourguignonne Perrin-de-Puycousin<\/strong><\/a> ; Marqu\u00e9 : \u00ab\u00a0<strong>Th\u00e9dodore<\/strong> <strong>HUSSON JACOTEL, Fils jeune <\/strong>\/ Facteur de serinette \/ \u00e0 Mirecourt rue Germini \/ D\u00e9partement des Vosges \/ Exp\u00e9die \u00e0 l&rsquo;int\u00e9rieur et \u00e0 l&rsquo;Etranger.\u00a0\u00bb<br>&#8211; Xavier Szymczak pr\u00e9sente la restauration d&rsquo;une perroquette HUSSON-JACOTEL (sans pr\u00e9nom ni rang dans la lign\u00e9e) fabriqu\u00e9e \u00e0 Ch\u00e2tenois par Neufch\u00e2teau, d\u00e9partement des Vosges<br><a href=\"https:\/\/www.orgues-xavier-szymczak.com\/perroquette\" target=\"_blank\" rel=\"noreferrer noopener\"><strong>Restauration<\/strong><\/a> et <a href=\"https:\/\/youtu.be\/tWoSQhCwacE\" target=\"_blank\" rel=\"noreferrer noopener\"><strong>Vid\u00e9o<\/strong><\/a><br><\/td><\/tr><tr><td><\/td><\/tr><\/tbody><\/table><\/figure>\n\n\n<div class=\"wp-block-image\">\n<figure class=\"aligncenter size-full is-resized\"><img loading=\"lazy\" decoding=\"async\" width=\"208\" height=\"73\" src=\"http:\/\/serinettes.fr\/wp-content\/uploads\/2025\/08\/image-56.png\" alt=\"\" class=\"wp-image-772\" style=\"width:390px;height:auto\"\/><figcaption class=\"wp-element-caption\"><strong><strong><a href=\"https:\/\/mimo-international.com\/MIMO\/doc\/IFD\/OAI_CIMU_ALOES_0857019\/serinette\" target=\"_blank\" rel=\"noreferrer noopener\">Mus\u00e9on Arlaten (Arles)<\/a><\/strong><\/strong><\/figcaption><\/figure>\n<\/div>\n\n<div class=\"wp-block-image\">\n<figure class=\"aligncenter size-full is-resized\"><a href=\"https:\/\/basenationale.philharmoniedeparis.fr\/doc\/BASENATIONALE\/0857025?_ga=2.55507944.2134481520.1756478775-1824210686.1750405563\"><img loading=\"lazy\" decoding=\"async\" width=\"241\" height=\"133\" src=\"http:\/\/serinettes.fr\/wp-content\/uploads\/2025\/08\/image-57.png\" alt=\"\" class=\"wp-image-773\" style=\"width:393px;height:auto\"\/><\/a><figcaption class=\"wp-element-caption\"> <a href=\"https:\/\/basenationale.philharmoniedeparis.fr\/doc\/BASENATIONALE\/0857025?_ga=2.55507944.2134481520.1756478775-1824210686.1750405563\" target=\"_blank\" rel=\"noreferrer noopener\"><strong>Mus\u00e9e de la vie bourguignonne Perrin-de-Puycousin<\/strong><\/a><br><\/figcaption><\/figure>\n<\/div>\n\n<div class=\"wp-block-image\">\n<figure class=\"aligncenter size-full is-resized\"><img loading=\"lazy\" decoding=\"async\" width=\"325\" height=\"145\" src=\"http:\/\/serinettes.fr\/wp-content\/uploads\/2025\/08\/image-58.png\" alt=\"\" class=\"wp-image-779\" style=\"width:403px;height:auto\" srcset=\"http:\/\/serinettes.fr\/wp-content\/uploads\/2025\/08\/image-58.png 325w, http:\/\/serinettes.fr\/wp-content\/uploads\/2025\/08\/image-58-300x134.png 300w\" sizes=\"auto, (max-width: 325px) 100vw, 325px\" \/><figcaption class=\"wp-element-caption\"><em>Collection priv\u00e9e &#8211; Ivoire Besan\u00e7on 05.12.2020<\/em><\/figcaption><\/figure>\n<\/div>\n\n<div class=\"wp-block-image\">\n<figure class=\"aligncenter size-full is-resized\"><img loading=\"lazy\" decoding=\"async\" width=\"763\" height=\"500\" src=\"http:\/\/serinettes.fr\/wp-content\/uploads\/2025\/08\/image-59.png\" alt=\"\" class=\"wp-image-780\" style=\"width:412px;height:auto\" srcset=\"http:\/\/serinettes.fr\/wp-content\/uploads\/2025\/08\/image-59.png 763w, http:\/\/serinettes.fr\/wp-content\/uploads\/2025\/08\/image-59-300x197.png 300w\" sizes=\"auto, (max-width: 763px) 100vw, 763px\" \/><figcaption class=\"wp-element-caption\"><a href=\"https:\/\/www.orgues-xavier-szymczak.com\/perroquette\" target=\"_blank\" rel=\"noreferrer noopener\"><strong>Restauration Xavier Szymczak<\/strong><\/a><\/figcaption><\/figure>\n<\/div>\n\n<div class=\"wp-block-image\">\n<figure class=\"aligncenter size-full\"><a href=\"#LISTE\"><img loading=\"lazy\" decoding=\"async\" width=\"60\" height=\"60\" src=\"http:\/\/serinettes.fr\/wp-content\/uploads\/2025\/08\/image-64.png\" alt=\"\" class=\"wp-image-792\"\/><\/a><\/figure>\n<\/div>\n\n\n<hr class=\"wp-block-separator has-alpha-channel-opacity\"\/>\n\n\n\n<figure id=\"JEANDEL-Nicolas\" class=\"wp-block-table is-style-stripes\"><table class=\"has-fixed-layout\"><tbody><tr><td><strong>JEANDEL Nicolas<\/strong><br>Actif en 1809. Espagne \/ Toulouse<br>Etiquette sur une serinette : <br><em>\u00ab\u00a0Facteur d&rsquo;orgues \u00e0 touches et cylinndre, Forte piano<br>Change les airs \u00e0 volo,nt\u00e9 aux insrumens<br>\u00e0 Cylindre. Accorde les pianos et<br>prend des Abonnemens<br>R\u00e9pare harpes et instruments \u00e0 cordes. Donne des le\u00e7ons d&rsquo;ac..<br>Loue des pianos<\/em>\u00ab\u00a0<\/td><\/tr><tr><td><strong><a href=\"https:\/\/pauliphonic.be\/photos\/serinette-jeandel\/\" target=\"_blank\" rel=\"noreferrer noopener\">Une restauration de serinette Jeandel, illustr\u00e9e<\/a><\/strong><\/td><\/tr><\/tbody><\/table><\/figure>\n\n\n<div class=\"wp-block-image\">\n<figure class=\"aligncenter size-full is-resized\"><img loading=\"lazy\" decoding=\"async\" width=\"648\" height=\"458\" src=\"http:\/\/serinettes.fr\/wp-content\/uploads\/2025\/08\/image-8.png\" alt=\"\" class=\"wp-image-546\" style=\"aspect-ratio:1.414862734577914;width:389px;height:auto\" srcset=\"http:\/\/serinettes.fr\/wp-content\/uploads\/2025\/08\/image-8.png 648w, http:\/\/serinettes.fr\/wp-content\/uploads\/2025\/08\/image-8-300x212.png 300w\" sizes=\"auto, (max-width: 648px) 100vw, 648px\" \/><\/figure>\n<\/div>\n\n<div class=\"wp-block-image\">\n<figure class=\"aligncenter size-full\"><a href=\"#LISTE\"><img loading=\"lazy\" decoding=\"async\" width=\"60\" height=\"60\" src=\"http:\/\/serinettes.fr\/wp-content\/uploads\/2025\/08\/image-64.png\" alt=\"\" class=\"wp-image-792\"\/><\/a><\/figure>\n<\/div>\n\n\n<hr class=\"wp-block-separator has-alpha-channel-opacity\"\/>\n\n\n\n<figure id=\"JON-Guillaume\" class=\"wp-block-table is-style-stripes\"><table class=\"has-fixed-layout\"><tbody><tr><td><strong>JON Guillaume<\/strong><br>Mirecourt \/ Paris (fin 18\u00e8 d&rsquo;apr\u00e8s  les titres &#8211; d\u00e9but 19\u00e8, actif en 1816)<br>R\u00e9pare la serinette Ferry de la Philharmonie de Paris entre 1811 et 1816 (<a href=\"https:\/\/collectionsdumusee.philharmoniedeparis.fr\/collectionsdumusee\/doc\/MUSEE\/0161441\/serinette?_lg=fr-FR\" target=\"_blank\" rel=\"noreferrer noopener\"><em>fiche Philharmonie<\/em><\/a>)<\/td><\/tr><tr><td><strong><a href=\"https:\/\/mimo-international.com\/MIMO\/doc\/IFD\/OAI_CIMU_ALOES_0857040\/serinette\" target=\"_blank\" rel=\"noreferrer noopener\">Mus\u00e9e Paul Dupuy, Toulouse &#8211; 9.661<\/a><\/strong><\/td><\/tr><\/tbody><\/table><\/figure>\n\n\n<div class=\"wp-block-image\">\n<figure class=\"aligncenter size-full is-resized\"><img loading=\"lazy\" decoding=\"async\" width=\"594\" height=\"242\" src=\"http:\/\/serinettes.fr\/wp-content\/uploads\/2025\/08\/image-11.png\" alt=\"\" class=\"wp-image-549\" style=\"width:426px;height:auto\" srcset=\"http:\/\/serinettes.fr\/wp-content\/uploads\/2025\/08\/image-11.png 594w, http:\/\/serinettes.fr\/wp-content\/uploads\/2025\/08\/image-11-300x122.png 300w\" sizes=\"auto, (max-width: 594px) 100vw, 594px\" \/><\/figure>\n<\/div>\n\n<div class=\"wp-block-image\">\n<figure class=\"aligncenter size-full\"><a href=\"#LISTE\"><img loading=\"lazy\" decoding=\"async\" width=\"60\" height=\"60\" src=\"http:\/\/serinettes.fr\/wp-content\/uploads\/2025\/08\/image-64.png\" alt=\"\" class=\"wp-image-792\"\/><\/a><\/figure>\n<\/div>\n\n\n<hr class=\"wp-block-separator has-alpha-channel-opacity\"\/>\n\n\n\n<figure id=\"KETTENHOVEN\" class=\"wp-block-table is-style-stripes has-small-font-size\"><table class=\"has-fixed-layout\"><tbody><tr><td><strong>KETTENHOVEN Pierre, (p\u00e8re) (1715-1789)<\/strong><br>5 f\u00e9vrier 1772, Lyon : Pierre KETTENHOVEN fait publier une premi\u00e8re annonce dans les <em>Petites Affiches de Lyon<\/em>, dans laquelle son patronyme se trouve omis (<em>\u00ab\u00a0Le sieur Pierre\u00a0\u00bb<\/em>\u2026). Deux autres annonces, plus compl\u00e8tes, paraissent les 11 et 26 mars 1772, \u00e0 chaque fois avec plus de d\u00e9tails <strong>Facteur d&rsquo;orgues<\/strong>, de clavecins, \u00e9pinettes, forte-piano, harpes \u00e0 p\u00e9dales, tympanons, serinettes, guitares, mandolines, vielles, il prenait r\u00e9guli\u00e8rement des abonnements \u00e0 l&rsquo;ann\u00e9e pour l&rsquo;accord des orgues et des clavecins, explique L\u00e9on Vallas (<em>Un si\u00e8cle de musique et de th\u00e9\u00e2tre \u00e0 Lyon, 1688-1789,<\/em> 1932). Ses annonces pr\u00e9cisent son adresse, <em>\u00ab\u00a0dans la rue de la Poulaillerie de Saint Nizier vis-\u00e0-vis de l&rsquo;all\u00e9e des Morts, au quatri\u00e8me \u00e9tage d&rsquo;une maison neuve\u00a0\u00bb<\/em>, et avertissent <em>: \u00ab\u00a0son \u00e9criteau est sur la porte\u00a0\u00bb<\/em>. M\u00eame s&rsquo;il \u00e9num\u00e8re de nombreux types d&rsquo;instruments diff\u00e9rents, son fonds de commerce semble \u00eatre essentiellement le clavecin : <em>\u00ab\u00a0On verra chez lui plusieurs beaux &amp; bons clavessins au grand ravalement, &amp; d&rsquo;autres qu&rsquo;il fabrique actuellement\u00a0\u00bb<\/em>.<\/td><\/tr><tr><td>Source : <a href=\"https:\/\/philidor.cmbv.fr\/Publications\/Bases-prosopographiques\/MUSEFREM-Base-de-donnees-prosopographique-des-musiciens-d-Eglise-en-1790\">MUSEFREM &#8211; Base de donn\u00e9es prosopographique des musiciens d&rsquo;\u00c9glise en 1790<\/a><\/td><\/tr><\/tbody><\/table><\/figure>\n\n\n<div class=\"wp-block-image\">\n<figure class=\"aligncenter size-full is-resized\"><img loading=\"lazy\" decoding=\"async\" width=\"551\" height=\"420\" src=\"http:\/\/serinettes.fr\/wp-content\/uploads\/2025\/09\/F48DD953-9861-44A3-B2D1-2F6D8A19AD00.png\" alt=\"\" class=\"wp-image-852\" style=\"width:634px;height:auto\" srcset=\"http:\/\/serinettes.fr\/wp-content\/uploads\/2025\/09\/F48DD953-9861-44A3-B2D1-2F6D8A19AD00.png 551w, http:\/\/serinettes.fr\/wp-content\/uploads\/2025\/09\/F48DD953-9861-44A3-B2D1-2F6D8A19AD00-300x229.png 300w\" sizes=\"auto, (max-width: 551px) 100vw, 551px\" \/><\/figure>\n<\/div>\n\n<div class=\"wp-block-image\">\n<figure class=\"aligncenter size-full\"><a href=\"#LISTE\"><img loading=\"lazy\" decoding=\"async\" width=\"60\" height=\"60\" src=\"http:\/\/serinettes.fr\/wp-content\/uploads\/2025\/08\/image-64.png\" alt=\"\" class=\"wp-image-792\"\/><\/a><\/figure>\n<\/div>\n\n\n<hr class=\"wp-block-separator has-alpha-channel-opacity\"\/>\n\n\n\n<figure id=\"LAIR\" class=\"wp-block-table is-style-stripes has-small-font-size\"><table class=\"has-fixed-layout\"><tbody><tr><td><strong>LAIR Louis Fran\u00e7ois (1762-1826)<\/strong><br>Facteur d&rsquo;orgues, Louis LAIR a fait son apprentissage et ses d\u00e9buts avant la R\u00e9volution. Apr\u00e8s le Concordat il accompagne la campagne de reconstruction ou de r\u00e9fection des orgues dans l&rsquo;Ouest de la France.<br>Ann\u00e9es 1792-1800, Le Mans : Louis LAIR se fait r\u00e9parateur de pianos et facteur de serinettes, y compris <em>\u201cen campagne\u00a0\u00bb<\/em>. En 1792, Louis LAIR indique comme adresse <em>\u201cchez M. Parizot, au Grand Coignier\u201d<\/em>.<\/td><\/tr><tr><td>Source : <a href=\"https:\/\/philidor.cmbv.fr\/Publications\/Bases-prosopographiques\/MUSEFREM-Base-de-donnees-prosopographique-des-musiciens-d-Eglise-en-1790\">MUSEFREM &#8211; Base de donn\u00e9es prosopographique des musiciens d&rsquo;\u00c9glise en 1790<\/a><\/td><\/tr><\/tbody><\/table><\/figure>\n\n\n<div class=\"wp-block-image\">\n<figure class=\"aligncenter size-full\"><a href=\"#LISTE\"><img loading=\"lazy\" decoding=\"async\" width=\"60\" height=\"60\" src=\"http:\/\/serinettes.fr\/wp-content\/uploads\/2025\/08\/image-64.png\" alt=\"\" class=\"wp-image-792\"\/><\/a><\/figure>\n<\/div>\n\n\n<hr class=\"wp-block-separator has-alpha-channel-opacity\"\/>\n\n\n\n<figure id=\"MALINE-Nicolas\" class=\"wp-block-table is-style-stripes\"><table class=\"has-fixed-layout\"><tbody><tr><td><strong><strong>MALINE Nicolas<\/strong><\/strong><br>(Mirecourt, 08.02.1767 \u2013 Mirecourt, 10.09.1794)<br>Epouse Charlotte Pierre le 16.06.1789<br>A l&rsquo;origine d&rsquo;une lign\u00e9e de luthiers et archetiers<\/td><\/tr><tr><td><a href=\"https:\/\/www.luthiers-mirecourt.com\/maline_genealogie.htm\" target=\"_blank\" rel=\"noreferrer noopener\"><strong>Genealogie Maline &#8211; Mirecourt<\/strong><\/a><\/td><\/tr><\/tbody><\/table><\/figure>\n\n\n\n<figure class=\"wp-block-image size-large\"><img loading=\"lazy\" decoding=\"async\" width=\"1024\" height=\"605\" src=\"http:\/\/serinettes.fr\/wp-content\/uploads\/2025\/08\/image-10-1024x605.png\" alt=\"\" class=\"wp-image-548\" srcset=\"http:\/\/serinettes.fr\/wp-content\/uploads\/2025\/08\/image-10-1024x605.png 1024w, http:\/\/serinettes.fr\/wp-content\/uploads\/2025\/08\/image-10-300x177.png 300w, http:\/\/serinettes.fr\/wp-content\/uploads\/2025\/08\/image-10-768x454.png 768w, http:\/\/serinettes.fr\/wp-content\/uploads\/2025\/08\/image-10.png 1035w\" sizes=\"auto, (max-width: 1024px) 100vw, 1024px\" \/><figcaption class=\"wp-element-caption\"><em>Collection priv\u00e9e &#8211; nous signaler si probl\u00e8me de droits (source Interench\u00e8res)<\/em><\/figcaption><\/figure>\n\n\n<div class=\"wp-block-image\">\n<figure class=\"aligncenter size-full\"><a href=\"#LISTE\"><img loading=\"lazy\" decoding=\"async\" width=\"60\" height=\"60\" src=\"http:\/\/serinettes.fr\/wp-content\/uploads\/2025\/08\/image-64.png\" alt=\"\" class=\"wp-image-792\"\/><\/a><\/figure>\n<\/div>\n\n\n<hr class=\"wp-block-separator has-alpha-channel-opacity\"\/>\n\n\n\n<figure id=\"MIQUEL-Nicolas\" class=\"wp-block-table is-style-stripes\"><table class=\"has-fixed-layout\"><tbody><tr><td><strong>MIQUEL Nicolas<\/strong><br>\u00ab\u00a0MIQUEL (Nicolas), XVIIIe si\u00e8cle, facteur d&rsquo;archets \u00e0 Mirecourt, y eut un fils, Jean-Baptiste, n\u00e9 le 18 janvier 1765.\u00a0\u00bb<em> (Albert JACQUOT, La lutherie Lorraine et Fran\u00e7aise, Libriaire Fischbarer, Paris, 1912)<\/em><\/td><\/tr><tr><td><a href=\"https:\/\/lescollections.mucem.org\/objet?uri=http:\/\/data.mucem.org\/c\/32045&amp;term=serinette&amp;object_pos=3&amp;object_max=117\" target=\"_blank\" rel=\"noreferrer noopener\"><strong>Serinette Miquel &#8211; Mucem 1996.46.1<\/strong><\/a><\/td><\/tr><\/tbody><\/table><\/figure>\n\n\n<div class=\"wp-block-image\">\n<figure class=\"aligncenter size-full\"><img loading=\"lazy\" decoding=\"async\" width=\"404\" height=\"159\" src=\"http:\/\/serinettes.fr\/wp-content\/uploads\/2025\/08\/image-16.png\" alt=\"\" class=\"wp-image-559\" srcset=\"http:\/\/serinettes.fr\/wp-content\/uploads\/2025\/08\/image-16.png 404w, http:\/\/serinettes.fr\/wp-content\/uploads\/2025\/08\/image-16-300x118.png 300w\" sizes=\"auto, (max-width: 404px) 100vw, 404px\" \/><\/figure>\n<\/div>\n\n\n<figure class=\"wp-block-image size-large\"><img loading=\"lazy\" decoding=\"async\" width=\"1024\" height=\"577\" src=\"http:\/\/serinettes.fr\/wp-content\/uploads\/2026\/04\/20260420_132719-1024x577.jpg\" alt=\"\" class=\"wp-image-961\" srcset=\"http:\/\/serinettes.fr\/wp-content\/uploads\/2026\/04\/20260420_132719-1024x577.jpg 1024w, http:\/\/serinettes.fr\/wp-content\/uploads\/2026\/04\/20260420_132719-300x169.jpg 300w, http:\/\/serinettes.fr\/wp-content\/uploads\/2026\/04\/20260420_132719-768x432.jpg 768w, http:\/\/serinettes.fr\/wp-content\/uploads\/2026\/04\/20260420_132719-1536x865.jpg 1536w, http:\/\/serinettes.fr\/wp-content\/uploads\/2026\/04\/20260420_132719-2048x1153.jpg 2048w\" sizes=\"auto, (max-width: 1024px) 100vw, 1024px\" \/><figcaption class=\"wp-element-caption\"><em>Collection priv\u00e9e<\/em><\/figcaption><\/figure>\n\n\n<div class=\"wp-block-image\">\n<figure class=\"aligncenter size-full\"><a href=\"#LISTE\"><img loading=\"lazy\" decoding=\"async\" width=\"60\" height=\"60\" src=\"http:\/\/serinettes.fr\/wp-content\/uploads\/2025\/08\/image-64.png\" alt=\"\" class=\"wp-image-792\"\/><\/a><\/figure>\n<\/div>\n\n\n<hr class=\"wp-block-separator has-alpha-channel-opacity\"\/>\n\n\n\n<figure id=\"MORLOT-Jean-Pierre-\" class=\"wp-block-table is-style-stripes\"><table class=\"has-fixed-layout\"><tbody><tr><td><strong>MORLOT<\/strong> <strong>Jean-Pierre <\/strong><br>(Gironcourt sur Vraine (88), 15.07.1756 &#8211; Mirecourt, 07.06.1840 Mirecourt)<br>Par alliance avec les familles Thiriot et Bourdot, \u00e0 l&rsquo;origine d&rsquo;une lign\u00e9e de luthiers et archetiers<\/td><\/tr><tr><td><a href=\"https:\/\/www.luthiers-mirecourt.com\/thiriot-magnie_genealogie.htm\" target=\"_blank\" rel=\"noreferrer noopener\"><strong>https:\/\/https:\/\/www.luthiers-mirecourt.com\/thiriot-magnie_genealogie.htm<\/strong><\/a><\/td><\/tr><\/tbody><\/table><\/figure>\n\n\n<div class=\"wp-block-image\">\n<figure class=\"aligncenter size-full\"><img loading=\"lazy\" decoding=\"async\" width=\"829\" height=\"326\" src=\"http:\/\/serinettes.fr\/wp-content\/uploads\/2025\/08\/image-6.png\" alt=\"\" class=\"wp-image-543\" srcset=\"http:\/\/serinettes.fr\/wp-content\/uploads\/2025\/08\/image-6.png 829w, http:\/\/serinettes.fr\/wp-content\/uploads\/2025\/08\/image-6-300x118.png 300w, http:\/\/serinettes.fr\/wp-content\/uploads\/2025\/08\/image-6-768x302.png 768w\" sizes=\"auto, (max-width: 829px) 100vw, 829px\" \/><\/figure>\n<\/div>\n\n<div class=\"wp-block-image\">\n<figure class=\"aligncenter size-full\"><a href=\"#LISTE\"><img loading=\"lazy\" decoding=\"async\" width=\"60\" height=\"60\" src=\"http:\/\/serinettes.fr\/wp-content\/uploads\/2025\/08\/image-64.png\" alt=\"\" class=\"wp-image-792\"\/><\/a><\/figure>\n<\/div>\n\n\n<hr class=\"wp-block-separator has-alpha-channel-opacity\"\/>\n\n\n\n<figure id=\"PARTY\" class=\"wp-block-table is-style-stripes\"><table class=\"has-fixed-layout\"><tbody><tr><td><strong>PARTY, Jacques (1768-1827)<\/strong><br>En 1788, il raccomode les serinettes \u00e0 Metz<\/td><\/tr><tr><td>Source : <a href=\"https:\/\/philidor.cmbv.fr\/Publications\/Bases-prosopographiques\/MUSEFREM-Base-de-donnees-prosopographique-des-musiciens-d-Eglise-en-1790\">MUSEFREM &#8211; Base de donn\u00e9es prosopographique des musiciens d&rsquo;\u00c9glise en 1790<\/a><\/td><\/tr><\/tbody><\/table><\/figure>\n\n\n\n<figure class=\"wp-block-image size-full\"><img loading=\"lazy\" decoding=\"async\" width=\"694\" height=\"196\" src=\"http:\/\/serinettes.fr\/wp-content\/uploads\/2025\/09\/image-1.png\" alt=\"\" class=\"wp-image-832\" srcset=\"http:\/\/serinettes.fr\/wp-content\/uploads\/2025\/09\/image-1.png 694w, http:\/\/serinettes.fr\/wp-content\/uploads\/2025\/09\/image-1-300x85.png 300w\" sizes=\"auto, (max-width: 694px) 100vw, 694px\" \/><\/figure>\n\n\n<div class=\"wp-block-image\">\n<figure class=\"aligncenter size-full\"><a href=\"#LISTE\"><img loading=\"lazy\" decoding=\"async\" width=\"60\" height=\"60\" src=\"http:\/\/serinettes.fr\/wp-content\/uploads\/2025\/08\/image-64.png\" alt=\"\" class=\"wp-image-792\"\/><\/a><\/figure>\n<\/div>\n\n\n<hr class=\"wp-block-separator has-alpha-channel-opacity\"\/>\n\n\n\n<figure id=\"POIROT,-lign\u00e9e\" class=\"wp-block-table is-style-stripes\"><table class=\"has-fixed-layout\"><tbody><tr><td><strong>POIROT<\/strong>, lign\u00e9e de facteurs d&rsquo;orgues et de serinettes, \u00e0 Mirecourt :<br>&#8211;<a href=\"https:\/\/orguespoirot.wixsite.com\/orgues-poirot\/portfolio\/1---les-orgues-de-nicolas-poirot\" target=\"_blank\" rel=\"noreferrer noopener\"> <strong>Nicolas Poirot<\/strong><\/a> (31 ao\u00fbt 1771 &#8211; 4 juin 1821)<br>&#8211; <strong><a href=\"https:\/\/orguespoirot.wixsite.com\/orgues-poirot\/portfolio\/2--les-orgues-de-didier-poirot\" target=\"_blank\" rel=\"noreferrer noopener\">Didier Poirot <\/a><\/strong>(26 juillet 1806 &#8211; 1er juin 1894)<br>&#8211; <a href=\"https:\/\/orguespoirot.wixsite.com\/orgues-poirot\/portfolio\/3---les-orgues-poirot-fr%C3%A8res-et-victor-poirot\" target=\"_blank\" rel=\"noreferrer noopener\"><strong>Victor Poirot<\/strong> <\/a>(11 novembre 1850 &#8211; 24 d\u00e9cembre 1934)<br>&#8211; <strong><a href=\"https:\/\/orguespoirot.wixsite.com\/orgues-poirot\/portfolio\/4---les-orgues-de-georges-poirot\" target=\"_blank\" rel=\"noreferrer noopener\">Georges Poirot<\/a><\/strong> (19 novembre 1896 &#8211; 16 janvier 1954)<\/td><\/tr><tr><td>Nombreux documents et informations sur les sites :<br><a href=\"https:\/\/orguespoirot.wixsite.com\/orgues-poirot\" target=\"_blank\" rel=\"noreferrer noopener\"><strong>https:\/\/orguespoirot.wixsite.com\/orgues-poirot<\/strong><\/a><\/td><\/tr><\/tbody><\/table><\/figure>\n\n\n<div class=\"wp-block-image\">\n<figure class=\"aligncenter size-full\"><a href=\"#LISTE\"><img loading=\"lazy\" decoding=\"async\" width=\"60\" height=\"60\" src=\"http:\/\/serinettes.fr\/wp-content\/uploads\/2025\/08\/image-64.png\" alt=\"\" class=\"wp-image-792\"\/><\/a><\/figure>\n<\/div>\n\n\n<hr class=\"wp-block-separator has-alpha-channel-opacity\"\/>\n\n\n\n<figure id=\"PIERRON-Nicolas\" class=\"wp-block-table is-style-stripes\"><table class=\"has-fixed-layout\"><tbody><tr><td><strong>PIERRON Nicolas<\/strong><br>\u00ab\u00a0&#8211; N\u00e9 en 1730 \u00e0 Villers-la -Montagne (54), \u00e0 proximit\u00e9 de Longwy et de l\u2019actuelle fronti\u00e8re belgo-franco-luxembourgeoise. Il s\u2019est mari\u00e9 le 27 avril 1767 en l\u2019\u00e9glise Coudenberg \u00e0 Bruxelles avec Barbe Th\u00e9r\u00e8se Demate. Il est d\u00e9c\u00e9d\u00e9 le 24 avril 1800&#8230;.<br>&#8211; &#8230;Sans entrer dans le d\u00e9tail de la nature de celles-ci, le nom de Pierron Nicolas apparait en 1795 et aussi en 1799 dans le quartier au Lait (Melckstraetewijck) qui jouxte l\u2019\u00e9glise Saint Nicolas, elle m\u00eame relevant du quartier voisin Schoenbekewijck. Nous avons la certitude qu\u2019il est locataire au \u00ab&nbsp;050 dans le cul de sac des Morts&nbsp;\u00bb, cot\u00e9 gauche en 1795 et que, la m\u00eame ann\u00e9e, il d\u00e9clare avoir 66 ans, deux enfants (Fran\u00e7ois 24 ans et Jeannette 17 ans) et exercer la profession de \u2018faiseur de cerinette\u2019.<br>En 1799, il se d\u00e9clare organiste et \u00eatre veuf. Apr\u00e8s la d\u00e9faite de Napol\u00e9on \u00e0 Waterloo en 1815, la domination fran\u00e7aise, d\u00e9but\u00e9e avec la R\u00e9volution, prend fin et laisse place \u00e0 la domination hollandaise, jusqu\u2019en 1830. Le recensement hollandais de 1816 donne pour la m\u00eame maison une l\u2019adresse \u2018Pr\u00e8s de l\u2019\u00e9glise de St Nicolas\u2019 et ne la localise pas dans la \u2018ruelle de la Mort\u2019 (d\u00e9nomination alors utilis\u00e9e pour le cul de sac des Morts) qui est toujours existante. Il y a donc ici une discordance mais notre petite serinette est l\u00e0 pour confirmer son adresse et du moins permettre une localisation assez pr\u00e9cise soit dans la rue qui longe un des c\u00f4t\u00e9s de l\u2019\u00e9glise Saint-Nicolas ou dans une petite impasse d\u00e9bouchant face \u00e0 ce c\u00f4t\u00e9 de l\u2019\u00e9glise.<br>&#8211; Son fils Fran\u00e7ois, lui aussi identifi\u00e9 comme facteur d\u2019orgues, aurait pu \u00eatre le concepteur de cette serinette, mais \u00e0 cette \u00e9poque il n\u2019a que 13 ans.\u00a0\u00bb<br>Citations de l&rsquo;article de Luciano Caira et Ren\u00e9 Claeys, paru dans le n\u00b0&nbsp;90 de la Revue Musiques M\u00e9caniques Vivantes de l\u2019AAIMM. Bravo pour cette enqu\u00eate et la belle restauration<\/td><\/tr><tr><td><strong><a href=\"https:\/\/www.aaimm.org\/temoignages\/curieuse-serinette-dune-taille-reduite-de-moitie-signee-pierron-1785\/1148\/\" target=\"_blank\" rel=\"noreferrer noopener\">AAIMM : Curieuse serinette d\u2019une taille r\u00e9duite de moiti\u00e9 sign\u00e9e Pierron -1785<\/a><\/strong><br><strong><a href=\"https:\/\/www.youtube.com\/watch?v=ou2xcTWK8MA\" target=\"_blank\" rel=\"noreferrer noopener\">Ecouter des airs de la serinette Pierron<\/a><\/strong><\/td><\/tr><\/tbody><\/table><\/figure>\n\n\n\n<figure class=\"wp-block-image size-full\"><img loading=\"lazy\" decoding=\"async\" width=\"930\" height=\"351\" src=\"http:\/\/serinettes.fr\/wp-content\/uploads\/2025\/08\/image-34.png\" alt=\"\" class=\"wp-image-665\" srcset=\"http:\/\/serinettes.fr\/wp-content\/uploads\/2025\/08\/image-34.png 930w, http:\/\/serinettes.fr\/wp-content\/uploads\/2025\/08\/image-34-300x113.png 300w, http:\/\/serinettes.fr\/wp-content\/uploads\/2025\/08\/image-34-768x290.png 768w\" sizes=\"auto, (max-width: 930px) 100vw, 930px\" \/><\/figure>\n\n\n<div class=\"wp-block-image\">\n<figure class=\"aligncenter size-full\"><a href=\"#LISTE\"><img loading=\"lazy\" decoding=\"async\" width=\"60\" height=\"60\" src=\"http:\/\/serinettes.fr\/wp-content\/uploads\/2025\/08\/image-64.png\" alt=\"\" class=\"wp-image-792\"\/><\/a><\/figure>\n<\/div>\n\n\n<hr class=\"wp-block-separator has-alpha-channel-opacity\"\/>\n\n\n\n<figure id=\"RICHARD-Robert\" class=\"wp-block-table is-style-stripes\"><table class=\"has-fixed-layout\"><tbody><tr><td><strong><strong>RICHARD<\/strong> Robert<\/strong><br>Jur\u00e9-comptable des luthiers parisiens en 1758-59 <em>(Pierre Constant)<\/em><br>Serinette dat\u00e9e 1780 : RICHARD Me Facteur d&rsquo;Orgues et Serinettes de la biblioth\u00e8que du Roy, rue Richelieu (\u00e9tiquette sur caisse)<br>Serinette dat\u00e9e 1786 : RICHARD, M\u00e9canicien, facteur de serinettes et autres instruments, \u00e0 la Biblioth\u00e8que du Roy, Clo\u00eetre Saint Honor\u00e9 \u00e0 Paris (\u00e9tiquette sur caisse)<br>En 1753, il r\u00e9alise l&rsquo;orgue de l&rsquo;\u00e9glise Notre-Dame de Quebec \u00e0 Montreal, d\u00e9truit en 1759. Ce qui fit \u00e9crire au chanoine Jean Marie De La Corne : \u201dLe plus habile ouvrier de paris, fameux mechanitien et homme de probit\u00e9\u201d.<\/td><\/tr><tr><td><em>Constant PIERRE &#8211; Les facteurs d&rsquo;instruments de musique &#8211; Les luthiers et la facture instrumentale &#8211; Pr\u00e9cis historique, Ed.Sagot, Paris, 1893<\/em> : <br><em><strong>p.96&nbsp;:<\/strong><\/em> Robert Richard parait s\u2019\u00eatre adonn\u00e9 plus aux petits instruments m\u00e9caniques, qu\u2019aux grandes orgues. Il a fourni une carri\u00e8re assez longue, qu\u2019il nous a \u00e9t\u00e9 possible de suivre depuis l\u2019ann\u00e9e 1744, o\u00f9 il fut jur\u00e9-comptable. Mieux que ses confr\u00e8res, il sut appeler l\u2019attention sur ses travaux et gr\u00e2ce aux r\u00e9clames parues dans diverses feuilles, nous pouvons donner ici des d\u00e9tails peu connus, pour ne pas dire ignor\u00e9s.<br>Le <em>Tableau de Paris<\/em>, pour l\u2019ann\u00e9e 1759, (p.212-213) s\u2019exprime ainsi :<br><em>\u00ab\u00a0M.Richard, habile m\u00e9canicien, connu par plusieurs machines hydraulique, a obtenu un atelier \u00e0 la biblioth\u00e8que du Roi, o\u00f9 il a \u00e9tabli ses ouvriers pour la construction de ses ouvrages ; il fait des serinettes. C\u2019est lui qui, d\u2019apr\u00e8s les id\u00e9es et les ordres de M. le comte de Saint-Florentin, a ex\u00e9cut\u00e9 ce merveilleux ouvrage m\u00e9canique, qu\u2019on voit dans un cabinet de l\u2019h\u00f4tel de ce ministre. On admire, dans cette machine, une figure d\u2019enfant qui joue plusieurs airs de fl\u00fbte avec la plus grande pr\u00e9cision : cet acteur automate est accompagn\u00e9 par 2 oiseaux aussi automates, perch\u00e9s sur des branches, qui ex\u00e9cutent leurs parties avec un mouvement de bec si parfait, qu\u2019on distingue les tons pleins de semi-tons : une basse continue d\u2019orgue soutient les 3 parties.\u00a0\u00bb <\/em>(Document 1)<br><br>M. Richard imagina une sorte de diapason dont l\u2019accord \u00e9tait invariable, que l\u2019abb\u00e9 Lascassagne, recommanda dans son, <em>Trait\u00e9 g\u00e9n\u00e9ral des \u00e9l\u00e9ments du chant<\/em> (1766) :<em> \u00ab&nbsp;pour apprendre la musique sans le secours d\u2019un ma\u00eetre&nbsp;\u00bb (p 188). Cet instrument servait \u00e0 fixer et r\u00e9gler l\u2019intonation ; un second, qui, d\u2019apr\u00e8s sa description nous para\u00eet \u00eatre un m\u00e9tronome, \u00e9tait destin\u00e9 \u00e0 la d\u00e9termination \u00ab&nbsp;des diff\u00e9rentes mesures tant \u00e0 deux qu\u2019\u00e0 trois divisions&nbsp;\u00bb<\/em>.  (Document 2)<br><br>Ce n\u2019est pas sans raisons que l\u2019almanach de 1769 faisait suivre le nom de Richard de ces mots : \u00ab&nbsp;c\u00e9l\u00e8bre pour diverses pi\u00e8ces de m\u00e9canisme et notamment pour toutes sortes de pi\u00e8ces d\u2019orgues et de serinettes&nbsp;\u00bb, car si la pi\u00e8ce dont il a \u00e9t\u00e9 question ci-dessus excita l\u2019admiration, celle-ci, dont nous empruntons la description \u00e0 l\u2019 <em>Almanach Dauphin<\/em> de 1772-77, n\u2019\u00e9tait pas moins \u00e9tonnante :<br>\u00ab\u00a0<em>Richard, au vieux Louvre, digne \u00e9mule du c\u00e9l\u00e8bre Vaucanson, et un des plus habiles artistes de l\u2019Europe pour l\u2019orgue, les serinettes et les vielles organis\u00e9es, vient de faire ex\u00e9cuter en cette capitale, avec le plus grand succ\u00e8s, dans la salle de la biblioth\u00e8que du roi, un concert m\u00e9canique par quatre figures automates, dont l\u2019une joue du violon, l\u2019autre de la fl\u00fbte, et la troisi\u00e8me touche le clavecin, tandis qu\u2019un petit amour bat la mesure et tourne le feuillet. On ne saurait donner assez d\u2019\u00e9loges \u00e0 cet artiste aussi modeste que savant, et dont les productions font tant d\u2019honneur au g\u00e9nie inventif de la nation.<\/em>\u00ab\u00a0<br><br>M.Richard avait \u00e9pous\u00e9 une fille de J.Galland peu avant 1744. <br><br>De 1783 \u00e0 1789, les almanachs mentionnent un<strong> J Robert Richard<\/strong> , probablement fils de ce dernier, qui n\u2019h\u00e9rita pas de sa c\u00e9l\u00e9brit\u00e9.<\/td><\/tr><\/tbody><\/table><\/figure>\n\n\n\n<p><a href=\"https:\/\/www.youtube.com\/watch?v=rY7oc7oJmjM\" target=\"_blank\" rel=\"noreferrer noopener\">Vid\u00e9o You Tube :  A Very Rare Louis XVI Period Serinette<\/a> or Bird Organ In The Form Of A Transitional Style Gilt-Bronze Mounted and Marquetry Inlaid Miniature Commode In The Manner of Gilbert, By Robert Richard, Paris. With a label for &lsquo; RICHARD &#8211; maitre facteur d\u2019orgues et m\u00e9canicien \/ Rue de richelieu \u00e0 la biblioth\u00e8que Du Roy \/ Paris 1775.<\/p>\n\n\n\n<p><a href=\"https:\/\/www.bayerisches-nationalmuseum.de\/en\/collection\/00209413\" target=\"_blank\" rel=\"noreferrer noopener\">Une serinette Robert Richard au Bayerische Bayerisches Nationalmuseum &#8211; 2000\/82.1<\/a><\/p>\n\n\n<div class=\"wp-block-image\">\n<figure class=\"aligncenter size-large\"><img loading=\"lazy\" decoding=\"async\" width=\"503\" height=\"1024\" src=\"http:\/\/serinettes.fr\/wp-content\/uploads\/2025\/09\/Richard-Alamnach-1759-503x1024.jpg\" alt=\"\" class=\"wp-image-871\" srcset=\"http:\/\/serinettes.fr\/wp-content\/uploads\/2025\/09\/Richard-Alamnach-1759-503x1024.jpg 503w, http:\/\/serinettes.fr\/wp-content\/uploads\/2025\/09\/Richard-Alamnach-1759-147x300.jpg 147w, http:\/\/serinettes.fr\/wp-content\/uploads\/2025\/09\/Richard-Alamnach-1759.jpg 585w\" sizes=\"auto, (max-width: 503px) 100vw, 503px\" \/><figcaption class=\"wp-element-caption\"><em> (Document 1)<\/em> T<em>ableau de Paris &#8211; 1759 &#8211; <\/em>p.112-113<\/figcaption><\/figure>\n<\/div>\n\n<div class=\"wp-block-image\">\n<figure class=\"aligncenter size-full\"><img loading=\"lazy\" decoding=\"async\" width=\"460\" height=\"286\" src=\"http:\/\/serinettes.fr\/wp-content\/uploads\/2025\/09\/F4951B6B-DBAF-4F0F-A544-9F8953403445.png\" alt=\"\" class=\"wp-image-870\" srcset=\"http:\/\/serinettes.fr\/wp-content\/uploads\/2025\/09\/F4951B6B-DBAF-4F0F-A544-9F8953403445.png 460w, http:\/\/serinettes.fr\/wp-content\/uploads\/2025\/09\/F4951B6B-DBAF-4F0F-A544-9F8953403445-300x187.png 300w\" sizes=\"auto, (max-width: 460px) 100vw, 460px\" \/><figcaption class=\"wp-element-caption\"> (Document 2) Abb\u00e9 Lascassagne, <em>Trait\u00e9 g\u00e9n\u00e9ral des \u00e9l\u00e9ments du chant<\/em> (1766) p.188<\/figcaption><\/figure>\n<\/div>\n\n<div class=\"wp-block-image\">\n<figure class=\"aligncenter size-full\"><img loading=\"lazy\" decoding=\"async\" width=\"540\" height=\"133\" src=\"http:\/\/serinettes.fr\/wp-content\/uploads\/2025\/09\/489A32AE-7FC2-4C92-8CBB-2F535B3EFA2A.png\" alt=\"\" class=\"wp-image-867\" srcset=\"http:\/\/serinettes.fr\/wp-content\/uploads\/2025\/09\/489A32AE-7FC2-4C92-8CBB-2F535B3EFA2A.png 540w, http:\/\/serinettes.fr\/wp-content\/uploads\/2025\/09\/489A32AE-7FC2-4C92-8CBB-2F535B3EFA2A-300x74.png 300w\" sizes=\"auto, (max-width: 540px) 100vw, 540px\" \/><figcaption class=\"wp-element-caption\"><strong>1780<\/strong><\/figcaption><\/figure>\n<\/div>\n\n<div class=\"wp-block-image\">\n<figure class=\"aligncenter size-full\"><img loading=\"lazy\" decoding=\"async\" width=\"612\" height=\"249\" src=\"http:\/\/serinettes.fr\/wp-content\/uploads\/2025\/09\/819DA613-58BD-4B34-B3EE-E45E69B59765.png\" alt=\"\" class=\"wp-image-866\" srcset=\"http:\/\/serinettes.fr\/wp-content\/uploads\/2025\/09\/819DA613-58BD-4B34-B3EE-E45E69B59765.png 612w, http:\/\/serinettes.fr\/wp-content\/uploads\/2025\/09\/819DA613-58BD-4B34-B3EE-E45E69B59765-300x122.png 300w\" sizes=\"auto, (max-width: 612px) 100vw, 612px\" \/><figcaption class=\"wp-element-caption\"><strong>1786<\/strong><\/figcaption><\/figure>\n<\/div>\n\n<div class=\"wp-block-image\">\n<figure class=\"aligncenter size-full\"><a href=\"#LISTE\"><img loading=\"lazy\" decoding=\"async\" width=\"60\" height=\"60\" src=\"http:\/\/serinettes.fr\/wp-content\/uploads\/2025\/08\/image-64.png\" alt=\"\" class=\"wp-image-792\"\/><\/a><\/figure>\n<\/div>\n\n\n<hr class=\"wp-block-separator has-alpha-channel-opacity\"\/>\n\n\n\n<figure id=\"ROLIN-Jean-Baptiste-Fran\u00e7ois\" class=\"wp-block-table is-style-stripes\"><table class=\"has-fixed-layout\"><tbody><tr><td><strong>ROLIN<\/strong> <strong>Jean-Baptiste Fran\u00e7ois<\/strong><br>facteur d&rsquo;orgue et de serinettes, \u00e0 Mirecourt<br>Jean Baptiste Fran\u00e7ois ROLIN est n\u00e9 \u00e0 Ch\u00e2tenois le 24 avril 1791.<br>Il est facteur d&rsquo;orgue et de serinettes \u00e0 Mirecourt. A partir de 1813, apr\u00e8s son mariage avec Marguerite THOMASSIN (1795-1854), il signe ses instruments avec les deux noms accol\u00e9s : \u00ab\u00a0ROLIN-THOMASSIN\u00a0\u00bb. Il a un fils, Joseph Jean Baptiste (Mirecourt, 1833 &#8211; 1854), qui prend sa suite comme fabricant d&rsquo;orgues et de serinettes.<br>Jean Baptiste Fran\u00e7ois ROLIN d\u00e9c\u00e8de \u00e0 Mirecourt le 1er janvier 1878.<br><em><a href=\"https:\/\/www.musee-mirecourt.fr\/fr\/rolin-jean-baptiste-francois_-c.html\" target=\"_blank\" rel=\"noreferrer noopener\">Source de la notice : mus\u00e9e de Mirecourt<\/a><\/em><\/td><\/tr><tr><td><strong><em>-&gt; Mus\u00e9e de Thouars (79) : Serinette inv.1036<\/em><\/strong> : <a href=\"https:\/\/www.alienor.org\/collections\/oeuvre\/117742-serinette\" target=\"_blank\" rel=\"noreferrer noopener\"><strong>Animation compl\u00e8te et l\u00e9gendes sur le site alienor.org Conseil des Mus\u00e9es<\/strong><\/a><\/td><\/tr><\/tbody><\/table><\/figure>\n\n\n<div class=\"wp-block-image\">\n<figure class=\"aligncenter size-full is-resized\"><img loading=\"lazy\" decoding=\"async\" width=\"476\" height=\"157\" src=\"http:\/\/serinettes.fr\/wp-content\/uploads\/2025\/08\/image-13.png\" alt=\"\" class=\"wp-image-552\" style=\"width:532px;height:auto\" srcset=\"http:\/\/serinettes.fr\/wp-content\/uploads\/2025\/08\/image-13.png 476w, http:\/\/serinettes.fr\/wp-content\/uploads\/2025\/08\/image-13-300x99.png 300w\" sizes=\"auto, (max-width: 476px) 100vw, 476px\" \/><figcaption class=\"wp-element-caption\"><strong><em> Mus\u00e9e de Thouars (79)<\/em><\/strong> &#8211; <strong><em> Serinette inv.1036<\/em><\/strong><\/figcaption><\/figure>\n<\/div>\n\n<div class=\"wp-block-image\">\n<figure class=\"aligncenter size-full\"><a href=\"#LISTE\"><img loading=\"lazy\" decoding=\"async\" width=\"60\" height=\"60\" src=\"http:\/\/serinettes.fr\/wp-content\/uploads\/2025\/08\/image-64.png\" alt=\"\" class=\"wp-image-792\"\/><\/a><\/figure>\n<\/div>\n\n\n<hr class=\"wp-block-separator has-alpha-channel-opacity\"\/>\n\n\n\n<figure id=\"ROLIN-VAUGIEN\" class=\"wp-block-table is-style-stripes\"><table class=\"has-fixed-layout\"><tbody><tr><td><strong>ROLIN-VAUGIEN<\/strong><br>Mirecourt<br>s&rsquo;agit-il de <a href=\"https:\/\/gw.geneanet.org\/jielbe1?lang=fr&amp;pz=toussaint&amp;nz=husson&amp;ocz=1&amp;m=P&amp;v=dominique+francois\">Dominique Fran\u00e7ois<\/a> <a href=\"https:\/\/gw.geneanet.org\/jielbe1?lang=fr&amp;pz=toussaint&amp;nz=husson&amp;ocz=1&amp;m=N&amp;v=rolin\">ROLIN<\/a>, n\u00e9 le&nbsp;14&nbsp;d\u00e9cembre&nbsp;1809 \u00e0 Frouard, 54390, Meurthe-et-Moselle, Lorraine, France, et d\u00e9c\u00e9d\u00e9 le&nbsp;20&nbsp;janvier&nbsp;1879 \u00e0 Frouard, 54390, Meurthe-et-Moselle, Lorraine, France, \u00e0 l&rsquo;\u00e2ge de 69&nbsp;ans<br>Mari\u00e9 <em>le&nbsp;18&nbsp;novembre&nbsp;1845 (mardi), Villers-En-Haye, 54380, Meurthe-et-Moselle, Lorraine, France,<\/em> avec <a href=\"https:\/\/gw.geneanet.org\/jielbe1?lang=fr&amp;pz=toussaint&amp;nz=husson&amp;ocz=1&amp;p=francoise+lucie&amp;n=vosgien&amp;oc=2\">Fran\u00e7oise Lucie VOSGIEN<\/a> <br>Par certain&#8230;. ????? A d\u00e9faut de mieux &#8230;.<br><em>Rolin<\/em> comme <em>Vosgien<\/em> sont des patronymes tr\u00e8s pr\u00e9sents dans la<a href=\"https:\/\/www.luthiers-mirecourt.com\/luthiers_de_mirecourt.htm\" target=\"_blank\" rel=\"noreferrer noopener\"> <strong>liste des luthiers de Mirecourt<\/strong><\/a><\/td><\/tr><tr><td><a href=\"https:\/\/caticat.cat\/heritageobject\/3416--serinette-rolinvaugien-1801--1900\/\" target=\"_blank\" rel=\"noreferrer noopener\"><strong>Museu Etnogr\u00e0fic de Ripoll &#8211; 3416<\/strong><\/a><br>Vid\u00e9o :<a href=\"https:\/\/www.youtube.com\/watch?v=UE7Sr3p0pgA\" target=\"_blank\" rel=\"noreferrer noopener\"> <strong>Drehorgelbauer Waldkirch &#8211; serinette Rolin-Vaugien<\/strong><\/a><\/td><\/tr><\/tbody><\/table><\/figure>\n\n\n<div class=\"wp-block-image\">\n<figure class=\"aligncenter size-full\"><img loading=\"lazy\" decoding=\"async\" width=\"516\" height=\"262\" src=\"http:\/\/serinettes.fr\/wp-content\/uploads\/2025\/08\/image-14.png\" alt=\"\" class=\"wp-image-553\" srcset=\"http:\/\/serinettes.fr\/wp-content\/uploads\/2025\/08\/image-14.png 516w, http:\/\/serinettes.fr\/wp-content\/uploads\/2025\/08\/image-14-300x152.png 300w\" sizes=\"auto, (max-width: 516px) 100vw, 516px\" \/><figcaption class=\"wp-element-caption\"><a href=\"https:\/\/caticat.cat\/heritageobject\/3416--serinette-rolinvaugien-1801--1900\/\" target=\"_blank\" rel=\"noreferrer noopener\">Museu Etnogr\u00e0fic de Ripoll &#8211; 3416<\/a><\/figcaption><\/figure>\n<\/div>\n\n<div class=\"wp-block-image\">\n<figure class=\"aligncenter size-full\"><a href=\"#LISTE\"><img loading=\"lazy\" decoding=\"async\" width=\"60\" height=\"60\" src=\"http:\/\/serinettes.fr\/wp-content\/uploads\/2025\/08\/image-64.png\" alt=\"\" class=\"wp-image-792\"\/><\/a><\/figure>\n<\/div>\n\n\n<hr class=\"wp-block-separator has-alpha-channel-opacity\"\/>\n\n\n\n<figure class=\"wp-block-table aligncenter is-style-stripes\" id=\"ROZE\"><table class=\"has-fixed-layout\"><tbody><tr><td><strong>ROZE Ferdinand<\/strong><br>Actif \u00e0 Bordeaux en 1779, 1782<br>il \u00ab\u00a0raccomode\u00a0\u00bb les serinettes<br>Source : <em>Almanach de commerce, d&rsquo;arts et m\u00e9tiers pour la ville de Bordeaux et de la province<\/em><\/td><\/tr><tr><td><img decoding=\"async\" src=\"http:\/\/serinettes.fr\/wp-content\/uploads\/2025\/09\/Roze-Bordeaux-1779.jpg\" alt=\"\"><\/td><\/tr><\/tbody><\/table><figcaption class=\"wp-element-caption\"><strong>1779<\/strong><\/figcaption><\/figure>\n\n\n<div class=\"wp-block-image\">\n<figure class=\"aligncenter size-full\"><img loading=\"lazy\" decoding=\"async\" width=\"787\" height=\"302\" src=\"http:\/\/serinettes.fr\/wp-content\/uploads\/2025\/09\/Ferdinand-Roze-Bordeaux-1782.jpg\" alt=\"\" class=\"wp-image-858\" srcset=\"http:\/\/serinettes.fr\/wp-content\/uploads\/2025\/09\/Ferdinand-Roze-Bordeaux-1782.jpg 787w, http:\/\/serinettes.fr\/wp-content\/uploads\/2025\/09\/Ferdinand-Roze-Bordeaux-1782-300x115.jpg 300w, http:\/\/serinettes.fr\/wp-content\/uploads\/2025\/09\/Ferdinand-Roze-Bordeaux-1782-768x295.jpg 768w\" sizes=\"auto, (max-width: 787px) 100vw, 787px\" \/><figcaption class=\"wp-element-caption\"><strong>1782<\/strong><\/figcaption><\/figure>\n<\/div>\n\n<div class=\"wp-block-image\">\n<figure class=\"aligncenter size-full\"><a href=\"#LISTE\"><img loading=\"lazy\" decoding=\"async\" width=\"60\" height=\"60\" src=\"http:\/\/serinettes.fr\/wp-content\/uploads\/2025\/08\/image-64.png\" alt=\"\" class=\"wp-image-792\"\/><\/a><\/figure>\n<\/div>\n\n\n<hr class=\"wp-block-separator has-alpha-channel-opacity\"\/>\n\n\n\n<figure id=\"SAUMET,\" class=\"wp-block-table is-style-stripes\"><table class=\"has-fixed-layout\"><tbody><tr><td><strong>SAUMET, Claude Fran\u00e7ois (1705-1792)<\/strong><br>3 octobre 1770 : <em>Affiches de la Franche-Comt\u00e9<\/em> : le sieur SAUMET, facteur d\u2019orgues, demeurant rue Neuve \u00e0 Besan\u00e7on,   <em>\u00ab\u00a0fait s\u00e7avoir qu\u2019il raccommode parfaitement les serinettes, quelque mauvaises qu\u2019elles puissent \u00eatre\u00a0\u00bb<\/em>.<\/td><\/tr><tr><td>Source : <a href=\"https:\/\/philidor.cmbv.fr\/Publications\/Bases-prosopographiques\/MUSEFREM-Base-de-donnees-prosopographique-des-musiciens-d-Eglise-en-1790\">MUSEFREM &#8211; Base de donn\u00e9es prosopographique des musiciens d&rsquo;\u00c9glise en 1790<\/a><\/td><\/tr><\/tbody><\/table><\/figure>\n\n\n\n<figure class=\"wp-block-image size-full\"><img loading=\"lazy\" decoding=\"async\" width=\"1012\" height=\"412\" src=\"http:\/\/serinettes.fr\/wp-content\/uploads\/2025\/08\/image-1.png\" alt=\"\" class=\"wp-image-522\" srcset=\"http:\/\/serinettes.fr\/wp-content\/uploads\/2025\/08\/image-1.png 1012w, http:\/\/serinettes.fr\/wp-content\/uploads\/2025\/08\/image-1-300x122.png 300w, http:\/\/serinettes.fr\/wp-content\/uploads\/2025\/08\/image-1-768x313.png 768w\" sizes=\"auto, (max-width: 1012px) 100vw, 1012px\" \/><\/figure>\n\n\n<div class=\"wp-block-image\">\n<figure class=\"aligncenter size-full\"><a href=\"#LISTE\"><img loading=\"lazy\" decoding=\"async\" width=\"60\" height=\"60\" src=\"http:\/\/serinettes.fr\/wp-content\/uploads\/2025\/08\/image-64.png\" alt=\"\" class=\"wp-image-792\"\/><\/a><\/figure>\n<\/div>\n\n\n<hr class=\"wp-block-separator has-alpha-channel-opacity\"\/>\n\n\n\n<figure id=\"SOUCHETTE-Jeune\" class=\"wp-block-table is-style-stripes\"><table class=\"has-fixed-layout\"><tbody><tr><td><strong>SOUCHETTE Jeune<\/strong><br>Marchand-luthier, \u00e0 Angers, 14 place des Halles<br>Chez Me Marcilhac, expert, lot n\u00b085 de la vente du 30.06.2020<br>\u00ab\u00a0Un Orgue m\u00e9canique de salon \u00e0 trois cylindres et trois jeux, 39 tuyaux, caisse en placage de noyer \u00e0 colonnes engag\u00e9es<br>H. 67,5 L. 48 P. 37 cm<br>Airs contenus au pr\u00e9sent instrument (vis \u00e0 crans et vis sans fin) : contredanses, valses, la Gascone, La Gianetta, La Chim\u00e8ne, La Blaris, la Sidoine, la Sophie\u2026 et l&rsquo;ouverture du jeune Henry d&rsquo;\u00c9tienne-Nicolas M\u00e9hul (1763-1817).\u00a0\u00bb<\/td><\/tr><tr><td><strong><a href=\"https:\/\/www.marcilhacexpert.com\/expert_data\/upload\/files\/Catalogue%2030_06.pdf\" target=\"_blank\" rel=\"noreferrer noopener\">https:\/\/www.marcilhacexpert.com\/expert_data\/upload\/files\/Catalogue%2030_06.pdf<\/a><\/strong><\/td><\/tr><\/tbody><\/table><\/figure>\n\n\n<div class=\"wp-block-image\">\n<figure class=\"aligncenter size-full\"><a href=\"#LISTE\"><img loading=\"lazy\" decoding=\"async\" width=\"60\" height=\"60\" src=\"http:\/\/serinettes.fr\/wp-content\/uploads\/2025\/08\/image-64.png\" alt=\"\" class=\"wp-image-792\"\/><\/a><\/figure>\n<\/div>\n\n\n<hr class=\"wp-block-separator has-alpha-channel-opacity\"\/>\n\n\n\n<figure id=\"WELTERS\" class=\"wp-block-table is-style-stripes\"><table class=\"has-fixed-layout\"><tbody><tr><td><strong>WELTERS<\/strong><br>de 1770 \u00e0 1778 : \u00ab\u00a0\u00e0 la grande cour des Quinze-Vingts\u00a0\u00bb<\/td><\/tr><tr><td>Source : Sophie JOUVE-GANVERT : Antoine Geoffroy-Dechaume et l&rsquo;interpr\u00e9tation de la musique fran\u00e7aise aux XVII\u00e8me et XVIII\u00e8me si\u00e8cles, M\u00e9moire de ma\u00eetrise, Univ. de Paris IV, 1974-1976, <strong>p.181 <\/strong>\u00ab\u00a0Facteurs de serinettes et d&rsquo;orgues m\u00e9caniques\u00a0\u00bb- Biblioth\u00e8que du CMBV<\/td><\/tr><\/tbody><\/table><\/figure>\n\n\n<div class=\"wp-block-image\">\n<figure class=\"aligncenter size-full\"><a href=\"#LISTE\"><img loading=\"lazy\" decoding=\"async\" width=\"60\" height=\"60\" src=\"http:\/\/serinettes.fr\/wp-content\/uploads\/2025\/08\/image-64.png\" alt=\"\" class=\"wp-image-792\"\/><\/a><\/figure>\n<\/div>\n\n\n<hr class=\"wp-block-separator has-alpha-channel-opacity\"\/>\n\n\n\n<p><\/p>\n","protected":false},"excerpt":{"rendered":"<p>Liste de luthiers facteurs de serinettes, dont les instruments sont inventori\u00e9s &#8211; Collections publiques de mus\u00e9es, ou priv\u00e9es En construction Liste alphab\u00e9tique AUDINOTUne famille de facteurs de serinettes, d\u00e8s le XVII\u00e8me si\u00e8cle.Arbre g\u00e9n\u00e9alogique : https:\/\/www.luthiers-mirecourt.com\/audinot_genealogie.htm Retour \u00e0 la liste BENNARD1708-1769 Cit\u00e9 par Fran\u00e7oise DussourRetour \u00e0 la liste BENOIT Jean Joseph(13&nbsp;ao\u00fbt&nbsp;1781 \u00e0 Mazirot, 88 &#8211;&nbsp;25&nbsp;mai&nbsp;1871 \u00e0 &hellip; <a href=\"http:\/\/serinettes.fr\/index.php\/facteurs\/\" class=\"more-link\">Continuer la lecture de <span class=\"screen-reader-text\">Facteurs<\/span> <span class=\"meta-nav\">&rarr;<\/span><\/a><\/p>\n","protected":false},"author":1,"featured_media":0,"parent":0,"menu_order":0,"comment_status":"closed","ping_status":"closed","template":"","meta":{"footnotes":""},"class_list":["post-39","page","type-page","status-publish","hentry"],"_links":{"self":[{"href":"http:\/\/serinettes.fr\/index.php\/wp-json\/wp\/v2\/pages\/39","targetHints":{"allow":["GET"]}}],"collection":[{"href":"http:\/\/serinettes.fr\/index.php\/wp-json\/wp\/v2\/pages"}],"about":[{"href":"http:\/\/serinettes.fr\/index.php\/wp-json\/wp\/v2\/types\/page"}],"author":[{"embeddable":true,"href":"http:\/\/serinettes.fr\/index.php\/wp-json\/wp\/v2\/users\/1"}],"replies":[{"embeddable":true,"href":"http:\/\/serinettes.fr\/index.php\/wp-json\/wp\/v2\/comments?post=39"}],"version-history":[{"count":94,"href":"http:\/\/serinettes.fr\/index.php\/wp-json\/wp\/v2\/pages\/39\/revisions"}],"predecessor-version":[{"id":962,"href":"http:\/\/serinettes.fr\/index.php\/wp-json\/wp\/v2\/pages\/39\/revisions\/962"}],"wp:attachment":[{"href":"http:\/\/serinettes.fr\/index.php\/wp-json\/wp\/v2\/media?parent=39"}],"curies":[{"name":"wp","href":"https:\/\/api.w.org\/{rel}","templated":true}]}}