{"id":37,"date":"2025-06-17T11:34:06","date_gmt":"2025-06-17T09:34:06","guid":{"rendered":"http:\/\/serinettes.fr\/?page_id=37"},"modified":"2025-09-29T16:14:32","modified_gmt":"2025-09-29T14:14:32","slug":"documents","status":"publish","type":"page","link":"http:\/\/serinettes.fr\/index.php\/documents\/","title":{"rendered":"Sources historiques"},"content":{"rendered":"\n<p class=\"has-red-color has-text-color has-link-color has-medium-font-size wp-elements-ca5ea0029c83b28ad353cee3bb10f6ef\"><strong>Serins \u00ab\u00a0mode d&#8217;emploi\u00a0\u00bb <\/strong><br>O\u00f9 l&rsquo;on parle de l&rsquo;\u00e9colage des serins, avec des m\u00e9lodies not\u00e9es :<\/p>\n\n\n\n<div class=\"wp-block-columns is-layout-flex wp-container-core-columns-is-layout-9d6595d7 wp-block-columns-is-layout-flex\">\n<div class=\"wp-block-column is-layout-flow wp-block-column-is-layout-flow\">\n<p>\u00ab\u00a0The Bird Fancyer&rsquo;s Delight\u00a0\u00bb &#8211; John Walsh, Londres, \u00e0 partir de 1708<br><a href=\"https:\/\/imslp.org\/wiki\/The_Bird_Fancyer%27s_Delight_(Walsh,_John)\" target=\"_blank\" rel=\"noreferrer noopener\">T\u00e9l\u00e9charger sur le site imslp.org<\/a><\/p>\n<\/div>\n\n\n\n<div class=\"wp-block-column is-layout-flow wp-block-column-is-layout-flow\">\n<figure class=\"wp-block-image size-full\"><img loading=\"lazy\" decoding=\"async\" width=\"1004\" height=\"485\" src=\"http:\/\/serinettes.fr\/wp-content\/uploads\/2025\/08\/image-47.png\" alt=\"\" class=\"wp-image-723\" srcset=\"http:\/\/serinettes.fr\/wp-content\/uploads\/2025\/08\/image-47.png 1004w, http:\/\/serinettes.fr\/wp-content\/uploads\/2025\/08\/image-47-300x145.png 300w, http:\/\/serinettes.fr\/wp-content\/uploads\/2025\/08\/image-47-768x371.png 768w\" sizes=\"auto, (max-width: 1004px) 100vw, 1004px\" \/><\/figure>\n<\/div>\n<\/div>\n\n\n\n<hr class=\"wp-block-separator has-alpha-channel-opacity\"\/>\n\n\n\n<div class=\"wp-block-columns is-layout-flex wp-container-core-columns-is-layout-9d6595d7 wp-block-columns-is-layout-flex\">\n<div class=\"wp-block-column is-layout-flow wp-block-column-is-layout-flow\" style=\"flex-basis:66.66%\">\n<p>Louis Daniel Arnault de Nobleville \u2013 A\u00ebdologie, ou Trait\u00e9 du Rossignol franc ou chanteur &#8211; 1751<br><a href=\"https:\/\/www.google.fr\/books\/edition\/A%C3%ABdologie_ou_Trait%C3%A9_du_Rossignol_franc\/iFZgAAAAcAAJ?hl=fr&amp;gbpv=0\" target=\"_blank\" rel=\"noreferrer noopener\">T\u00e9l\u00e9charger sur Google Books<\/a><\/p>\n<\/div>\n\n\n\n<div class=\"wp-block-column is-layout-flow wp-block-column-is-layout-flow\" style=\"flex-basis:33.33%\">\n<figure class=\"wp-block-image size-full\"><img loading=\"lazy\" decoding=\"async\" width=\"285\" height=\"490\" src=\"http:\/\/serinettes.fr\/wp-content\/uploads\/2025\/08\/image-51.webp\" alt=\"\" class=\"wp-image-742\" srcset=\"http:\/\/serinettes.fr\/wp-content\/uploads\/2025\/08\/image-51.webp 285w, http:\/\/serinettes.fr\/wp-content\/uploads\/2025\/08\/image-51-174x300.webp 174w\" sizes=\"auto, (max-width: 285px) 100vw, 285px\" \/><\/figure>\n<\/div>\n<\/div>\n\n\n\n<hr class=\"wp-block-separator has-alpha-channel-opacity\"\/>\n\n\n\n<div class=\"wp-block-columns is-layout-flex wp-container-core-columns-is-layout-9d6595d7 wp-block-columns-is-layout-flex\">\n<div class=\"wp-block-column is-layout-flow wp-block-column-is-layout-flow\" style=\"flex-basis:66.66%\">\n<p>Giovanni Pietro OLINA, Les amusements innocens ou trait\u00e9 des oiseaux de voli\u00e8re ou le parfait oiseleur , publi\u00e9 en 1774, chez Didot, Paris<br><a href=\"https:\/\/books.google.fr\/books?id=YLp5Kk_HHhcC&amp;printsec=frontcover&amp;hl=fr&amp;source=gbs_ge_summary_r&amp;cad=0#v=onepage&amp;q&amp;f=false\" target=\"_blank\" rel=\"noreferrer noopener\">T\u00e9l\u00e9charger sur Google Books<\/a><\/p>\n<\/div>\n\n\n\n<div class=\"wp-block-column is-layout-flow wp-block-column-is-layout-flow\" style=\"flex-basis:33.33%\">\n<figure class=\"wp-block-image size-full is-resized\"><img loading=\"lazy\" decoding=\"async\" width=\"373\" height=\"626\" src=\"http:\/\/serinettes.fr\/wp-content\/uploads\/2025\/08\/image-45.png\" alt=\"\" class=\"wp-image-720\" style=\"aspect-ratio:0.5958331566343317;width:179px;height:auto\" srcset=\"http:\/\/serinettes.fr\/wp-content\/uploads\/2025\/08\/image-45.png 373w, http:\/\/serinettes.fr\/wp-content\/uploads\/2025\/08\/image-45-179x300.png 179w\" sizes=\"auto, (max-width: 373px) 100vw, 373px\" \/><\/figure>\n<\/div>\n\n\n\n<div class=\"wp-block-column is-layout-flow wp-block-column-is-layout-flow\"><\/div>\n<\/div>\n\n\n\n<hr class=\"wp-block-separator has-alpha-channel-opacity\"\/>\n\n\n\n<div class=\"wp-block-columns is-layout-flex wp-container-core-columns-is-layout-9d6595d7 wp-block-columns-is-layout-flex\">\n<div class=\"wp-block-column is-layout-flow wp-block-column-is-layout-flow\" style=\"flex-basis:66.66%\">\n<p>Jean-Claude Hervieux de Chanteloup (1683-1747) : Nouveau trait\u00e9 des serins de Canarie, contenant la mani\u00e8re de les conno\u00eetre &amp; de les \u00e9lever ; leurs inclinations, leurs maladies, &amp; les rem\u00e8des qu&rsquo;il faut observer pour les gu\u00e9rir . Par M. J.-C. Hervieux de Chanteloup. Nouvelle \u00e9dition, \u00e0 laquelle on a joint le Trait\u00e9 du rossignol &amp; des petits oiseaux de voli\u00e8re &#8211; \u00e9dition 1785<br><a href=\"https:\/\/gallica.bnf.fr\/ark:\/12148\/bpt6k9658312c\" data-type=\"link\" data-id=\"https:\/\/gallica.bnf.fr\/ark:\/12148\/bpt6k9658312c\" target=\"_blank\" rel=\"noreferrer noopener\">T\u00e9l\u00e9chargeable sur gallica.bnf.fr<\/a><\/p>\n<\/div>\n\n\n\n<div class=\"wp-block-column is-layout-flow wp-block-column-is-layout-flow\" style=\"flex-basis:33.33%\">\n<figure class=\"wp-block-image size-full is-resized\"><img loading=\"lazy\" decoding=\"async\" width=\"403\" height=\"731\" src=\"http:\/\/serinettes.fr\/wp-content\/uploads\/2025\/08\/image-44.png\" alt=\"\" class=\"wp-image-718\" style=\"aspect-ratio:0.5513073021007955;width:159px;height:auto\" srcset=\"http:\/\/serinettes.fr\/wp-content\/uploads\/2025\/08\/image-44.png 403w, http:\/\/serinettes.fr\/wp-content\/uploads\/2025\/08\/image-44-165x300.png 165w\" sizes=\"auto, (max-width: 403px) 100vw, 403px\" \/><\/figure>\n<\/div>\n<\/div>\n\n\n\n<hr class=\"wp-block-separator has-alpha-channel-opacity\"\/>\n\n\n\n<div class=\"wp-block-columns is-layout-flex wp-container-core-columns-is-layout-9d6595d7 wp-block-columns-is-layout-flex\">\n<div class=\"wp-block-column is-layout-flow wp-block-column-is-layout-flow\" style=\"flex-basis:66.66%\">\n<p>Pierre BULLIARD &#8211; Aviceptologie fran\u00e7oise, ou Trait\u00e9 g\u00e9n\u00e9ral de toutes les ruses dont on peut se servir pour prendre les oiseaux qui se trouvent en France. Paris, Didot, 1778<br><a href=\"https:\/\/books.google.fr\/books?id=lbdJAAAAIAAJ&amp;printsec=frontcover#v=onepage&amp;q&amp;f=false\" target=\"_blank\" rel=\"noreferrer noopener\">T\u00e9l\u00e9charger sur Google Books<\/a><\/p>\n<\/div>\n\n\n\n<div class=\"wp-block-column is-layout-flow wp-block-column-is-layout-flow\" style=\"flex-basis:33.33%\">\n<figure class=\"wp-block-image size-full is-resized\"><img loading=\"lazy\" decoding=\"async\" width=\"436\" height=\"632\" src=\"http:\/\/serinettes.fr\/wp-content\/uploads\/2025\/08\/image-46.png\" alt=\"\" class=\"wp-image-722\" style=\"aspect-ratio:0.6898922886179472;width:185px;height:auto\" srcset=\"http:\/\/serinettes.fr\/wp-content\/uploads\/2025\/08\/image-46.png 436w, http:\/\/serinettes.fr\/wp-content\/uploads\/2025\/08\/image-46-207x300.png 207w\" sizes=\"auto, (max-width: 436px) 100vw, 436px\" \/><\/figure>\n<\/div>\n<\/div>\n\n\n\n<hr class=\"wp-block-separator has-alpha-channel-opacity\"\/>\n\n\n\n<div class=\"wp-block-columns is-layout-flex wp-container-core-columns-is-layout-9d6595d7 wp-block-columns-is-layout-flex\">\n<div class=\"wp-block-column is-layout-flow wp-block-column-is-layout-flow\" style=\"flex-basis:66.66%\">\n<p>Trait\u00e9 des oiseaux de chant, des pigeons de voli\u00e8re, du perroquet, du faisan, du cygne et du paon, <a href=\"http:\/\/serinettes.fr\/index.php\/g-p-olina-flageolet-vs-serinette-1774\/#AUDOT\">Audot Editeur<\/a>, 1818<br><a href=\"https:\/\/gallica.bnf.fr\/ark:\/12148\/bpt6k9688124q.r=Trait%C3%A9%20des%20oiseaux%20de%20chant%2C%20des%20pigeons?rk=21459;2#\" target=\"_blank\" rel=\"noreferrer noopener\">T\u00e9l\u00e9chargeable sur gallica.bnf.fr<\/a><\/p>\n<\/div>\n\n\n\n<div class=\"wp-block-column is-layout-flow wp-block-column-is-layout-flow\" style=\"flex-basis:33.33%\">\n<figure class=\"wp-block-image size-full is-resized\"><img loading=\"lazy\" decoding=\"async\" width=\"583\" height=\"871\" src=\"http:\/\/serinettes.fr\/wp-content\/uploads\/2025\/08\/image-43.png\" alt=\"\" class=\"wp-image-716\" style=\"aspect-ratio:0.6693351565160935;width:157px;height:auto\" srcset=\"http:\/\/serinettes.fr\/wp-content\/uploads\/2025\/08\/image-43.png 583w, http:\/\/serinettes.fr\/wp-content\/uploads\/2025\/08\/image-43-201x300.png 201w\" sizes=\"auto, (max-width: 583px) 100vw, 583px\" \/><\/figure>\n<\/div>\n<\/div>\n\n\n\n<hr class=\"wp-block-separator has-alpha-channel-opacity\"\/>\n\n\n\n<div class=\"wp-block-columns is-layout-flex wp-container-core-columns-is-layout-9d6595d7 wp-block-columns-is-layout-flex\">\n<div class=\"wp-block-column is-layout-flow wp-block-column-is-layout-flow\">\n<p>Principes de flageolet pour tous les tons et cadences et des airs nouveaux pour instruire les sereins et autres oiseaux &#8211; \u00c9diteur <strong>&nbsp;:&nbsp;<\/strong> Fr\u00e8re, Paris &#8211; 18\u00e8 s. sans date<br><a href=\"https:\/\/gallica.bnf.fr\/ark:\/12148\/btv1b10882169x.r=Principes%20de%20flageolet%20pour%20tous?rk=42918;4\" data-type=\"link\" data-id=\"https:\/\/gallica.bnf.fr\/ark:\/12148\/bpt6k9658312c\" target=\"_blank\" rel=\"noreferrer noopener\">T\u00e9l\u00e9chargeable sur gallica.bnf.fr<\/a><\/p>\n<\/div>\n\n\n\n<div class=\"wp-block-column is-layout-flow wp-block-column-is-layout-flow\">\n<figure class=\"wp-block-image size-large\"><img loading=\"lazy\" decoding=\"async\" width=\"1024\" height=\"710\" src=\"http:\/\/serinettes.fr\/wp-content\/uploads\/2025\/08\/image-50-1024x710.png\" alt=\"\" class=\"wp-image-727\" srcset=\"http:\/\/serinettes.fr\/wp-content\/uploads\/2025\/08\/image-50-1024x710.png 1024w, http:\/\/serinettes.fr\/wp-content\/uploads\/2025\/08\/image-50-300x208.png 300w, http:\/\/serinettes.fr\/wp-content\/uploads\/2025\/08\/image-50-768x532.png 768w, http:\/\/serinettes.fr\/wp-content\/uploads\/2025\/08\/image-50.png 1183w\" sizes=\"auto, (max-width: 1024px) 100vw, 1024px\" \/><\/figure>\n<\/div>\n<\/div>\n\n\n\n<hr class=\"wp-block-separator has-alpha-channel-opacity\"\/>\n\n\n\n<div class=\"wp-block-columns is-layout-flex wp-container-core-columns-is-layout-9d6595d7 wp-block-columns-is-layout-flex\">\n<div class=\"wp-block-column is-layout-flow wp-block-column-is-layout-flow\" style=\"flex-basis:66.66%\">\n<p>Antoine-Henri de B\u00c9RAULT-BERCASTEL : Le serin de Canarie, po\u00e8me. \u00ab\u00a0Ouvrage dans un genre nouveau pour la po\u00e9sie fran\u00e7aise, qui, \u00e0 l&rsquo;aide de quelques notes, forme un trait\u00e9 complet &amp; tr\u00e8s s\u00fbr pour \u00e9lever les serins\u00a0\u00bb &#8211; 1755<br><a href=\"https:\/\/books.google.fr\/books?id=iCzzzw3PeNcC&amp;pg=PR1&amp;hl=fr&amp;source=gbs_selected_pages&amp;cad=1#v=onepage&amp;q&amp;f=true\" target=\"_blank\" rel=\"noreferrer noopener\">T\u00e9l\u00e9charger sur Google Books<\/a><\/p>\n<\/div>\n\n\n\n<div class=\"wp-block-column is-layout-flow wp-block-column-is-layout-flow\" style=\"flex-basis:33.33%\">\n<figure class=\"wp-block-image size-full is-resized\"><img loading=\"lazy\" decoding=\"async\" width=\"456\" height=\"662\" src=\"http:\/\/serinettes.fr\/wp-content\/uploads\/2025\/08\/image-42.png\" alt=\"\" class=\"wp-image-711\" style=\"width:146px;height:auto\" srcset=\"http:\/\/serinettes.fr\/wp-content\/uploads\/2025\/08\/image-42.png 456w, http:\/\/serinettes.fr\/wp-content\/uploads\/2025\/08\/image-42-207x300.png 207w\" sizes=\"auto, (max-width: 456px) 100vw, 456px\" \/><\/figure>\n<\/div>\n<\/div>\n\n\n\n<hr class=\"wp-block-separator has-alpha-channel-opacity\"\/>\n\n\n\n<p class=\"has-red-color has-text-color has-link-color has-medium-font-size wp-elements-32caa52b2ef3f09c2bd787059430cccf\"><strong>Facture de la serinette<\/strong> &#8211; gravures et lutherie<\/p>\n\n\n\n<div class=\"wp-block-columns is-layout-flex wp-container-core-columns-is-layout-9d6595d7 wp-block-columns-is-layout-flex\">\n<div class=\"wp-block-column is-layout-flow wp-block-column-is-layout-flow\">\n<p>Dom Bedos de Celles (1709-1779) : L&rsquo;art du facteur d&rsquo;orgues, \u00e9dition 1766<br><a href=\"https:\/\/imslp.org\/wiki\/L%27art_du_facteur_d%27orgues_(B%C3%A9dos_de_Celles_de_Salelles%2C_Fran%C3%A7ois_Lamathe)\" data-type=\"link\" data-id=\"https:\/\/imslp.org\/wiki\/L%27art_du_facteur_d%27orgues_(B%C3%A9dos_de_Celles_de_Salelles%2C_Fran%C3%A7ois_Lamathe)\" target=\"_blank\" rel=\"noreferrer noopener\">T\u00e9l\u00e9chargeable sur imlsp.org<\/a><\/p>\n<\/div>\n\n\n\n<div class=\"wp-block-column is-layout-flow wp-block-column-is-layout-flow\">\n<figure class=\"wp-block-image size-full\"><img loading=\"lazy\" decoding=\"async\" width=\"473\" height=\"273\" src=\"http:\/\/serinettes.fr\/wp-content\/uploads\/2025\/08\/image-49.png\" alt=\"\" class=\"wp-image-726\" srcset=\"http:\/\/serinettes.fr\/wp-content\/uploads\/2025\/08\/image-49.png 473w, http:\/\/serinettes.fr\/wp-content\/uploads\/2025\/08\/image-49-300x173.png 300w\" sizes=\"auto, (max-width: 473px) 100vw, 473px\" \/><\/figure>\n<\/div>\n<\/div>\n\n\n\n<hr class=\"wp-block-separator has-alpha-channel-opacity\"\/>\n\n\n\n<p class=\"has-red-color has-text-color has-link-color has-medium-font-size wp-elements-fd4501f50ae1c7799eb2136668ceb613\"><a href=\"https:\/\/www.editions-hermann.fr\/livre\/la-tonotechnie-ou-l-art-de-noter-les-cylindres-marie-dominique-joseph-engramelle\"><strong>La Tonotechnie<\/strong> ou l&rsquo;art de noter les cylindres<\/a><\/p>\n\n\n\n<div class=\"wp-block-columns is-layout-flex wp-container-core-columns-is-layout-9d6595d7 wp-block-columns-is-layout-flex\">\n<div class=\"wp-block-column is-layout-flow wp-block-column-is-layout-flow\">\n<p>Marie-Dominique-Joseph Engramelle (1727-1805) : La Tonotechnie, ou l&rsquo;Art de noter les cylindres et tout ce qui est susceptible de notage dans les instruments de concerts m\u00e9caniques &#8211; 1775<br><a href=\"https:\/\/gallica.bnf.fr\/ark:\/12148\/btv1b100731939?rk=21459;2\" data-type=\"link\" data-id=\"https:\/\/gallica.bnf.fr\/ark:\/12148\/bpt6k9658312c\" target=\"_blank\" rel=\"noreferrer noopener\">T\u00e9l\u00e9chargeable sur gallica.bnf.fr<\/a><\/p>\n<\/div>\n\n\n\n<div class=\"wp-block-column is-layout-flow wp-block-column-is-layout-flow\">\n<figure class=\"wp-block-image size-full\"><img loading=\"lazy\" decoding=\"async\" width=\"506\" height=\"821\" src=\"http:\/\/serinettes.fr\/wp-content\/uploads\/2025\/08\/image-48.png\" alt=\"\" class=\"wp-image-725\" srcset=\"http:\/\/serinettes.fr\/wp-content\/uploads\/2025\/08\/image-48.png 506w, http:\/\/serinettes.fr\/wp-content\/uploads\/2025\/08\/image-48-185x300.png 185w\" sizes=\"auto, (max-width: 506px) 100vw, 506px\" \/><\/figure>\n<\/div>\n<\/div>\n\n\n\n<hr class=\"wp-block-separator has-alpha-channel-opacity\"\/>\n\n\n\n<div class=\"wp-block-columns is-layout-flex wp-container-core-columns-is-layout-9d6595d7 wp-block-columns-is-layout-flex\">\n<div class=\"wp-block-column is-layout-flow wp-block-column-is-layout-flow\">\n<p>Antoine Pluche (1688-1761) : La m\u00e9canique des langues, et l&rsquo;art de les enseigner, Ed. Vve Estienne et fils, Paris, 1751 &#8211;<em><strong> la serinette p.70<\/strong><\/em><br><a href=\"https:\/\/gallica.bnf.fr\/ark:\/12148\/bpt6k50832t\" target=\"_blank\" rel=\"noreferrer noopener\">T\u00e9l\u00e9chargeable sur gallica.bnf.fr<\/a><br><\/p>\n<\/div>\n\n\n\n<div class=\"wp-block-column is-layout-flow wp-block-column-is-layout-flow\">\n<figure class=\"wp-block-image size-full\"><img loading=\"lazy\" decoding=\"async\" width=\"351\" height=\"411\" src=\"http:\/\/serinettes.fr\/wp-content\/uploads\/2025\/09\/image-3.png\" alt=\"\" class=\"wp-image-893\" srcset=\"http:\/\/serinettes.fr\/wp-content\/uploads\/2025\/09\/image-3.png 351w, http:\/\/serinettes.fr\/wp-content\/uploads\/2025\/09\/image-3-256x300.png 256w\" sizes=\"auto, (max-width: 351px) 100vw, 351px\" \/><\/figure>\n<\/div>\n<\/div>\n\n\n\n<p><\/p>\n","protected":false},"excerpt":{"rendered":"<p>Serins \u00ab\u00a0mode d&#8217;emploi\u00a0\u00bb O\u00f9 l&rsquo;on parle de l&rsquo;\u00e9colage des serins, avec des m\u00e9lodies not\u00e9es : \u00ab\u00a0The Bird Fancyer&rsquo;s Delight\u00a0\u00bb &#8211; John Walsh, Londres, \u00e0 partir de 1708T\u00e9l\u00e9charger sur le site imslp.org Louis Daniel Arnault de Nobleville \u2013 A\u00ebdologie, ou Trait\u00e9 du Rossignol franc ou chanteur &#8211; 1751T\u00e9l\u00e9charger sur Google Books Giovanni Pietro OLINA, Les amusements &hellip; <a href=\"http:\/\/serinettes.fr\/index.php\/documents\/\" class=\"more-link\">Continuer la lecture de <span class=\"screen-reader-text\">Sources historiques<\/span> <span class=\"meta-nav\">&rarr;<\/span><\/a><\/p>\n","protected":false},"author":1,"featured_media":0,"parent":0,"menu_order":0,"comment_status":"closed","ping_status":"closed","template":"","meta":{"footnotes":""},"class_list":["post-37","page","type-page","status-publish","hentry"],"_links":{"self":[{"href":"http:\/\/serinettes.fr\/index.php\/wp-json\/wp\/v2\/pages\/37","targetHints":{"allow":["GET"]}}],"collection":[{"href":"http:\/\/serinettes.fr\/index.php\/wp-json\/wp\/v2\/pages"}],"about":[{"href":"http:\/\/serinettes.fr\/index.php\/wp-json\/wp\/v2\/types\/page"}],"author":[{"embeddable":true,"href":"http:\/\/serinettes.fr\/index.php\/wp-json\/wp\/v2\/users\/1"}],"replies":[{"embeddable":true,"href":"http:\/\/serinettes.fr\/index.php\/wp-json\/wp\/v2\/comments?post=37"}],"version-history":[{"count":20,"href":"http:\/\/serinettes.fr\/index.php\/wp-json\/wp\/v2\/pages\/37\/revisions"}],"predecessor-version":[{"id":894,"href":"http:\/\/serinettes.fr\/index.php\/wp-json\/wp\/v2\/pages\/37\/revisions\/894"}],"wp:attachment":[{"href":"http:\/\/serinettes.fr\/index.php\/wp-json\/wp\/v2\/media?parent=37"}],"curies":[{"name":"wp","href":"https:\/\/api.w.org\/{rel}","templated":true}]}}