{"id":317,"date":"2025-06-19T14:48:20","date_gmt":"2025-06-19T12:48:20","guid":{"rendered":"http:\/\/serinettes.fr\/?page_id=317"},"modified":"2025-10-14T17:40:01","modified_gmt":"2025-10-14T15:40:01","slug":"liens","status":"publish","type":"page","link":"http:\/\/serinettes.fr\/index.php\/liens\/","title":{"rendered":"Liens"},"content":{"rendered":"\n<p class=\"has-text-align-center has-medium-font-size\"><em>En construction &#8230;<\/em><br><strong>Si vous souhaitez \u00eatre pr\u00e9sent en lien, prenez contact&#8230;!<\/strong><\/p>\n\n\n\n<p class=\"has-medium-brown-color has-text-color has-medium-font-size\"><strong><em><a href=\"#mus\u00e9es\">Mus\u00e9es<\/a><\/em><\/strong><br><strong><em><a href=\"#mus\u00e9es\"><strong><em>Documents, histoire<\/em><\/strong><\/a><\/em><\/strong><br><strong><em><a href=\"#asso\">Associations<\/a><br><a href=\"#facteur\">Facteurs \/ restaurateurs<\/a><\/em><\/strong><br><strong><em><strong><em><a href=\"#Cylindre\">Orgues \u00e0 Cylindres<\/a><\/em><\/strong><\/em><\/strong><\/p>\n\n\n\n<hr class=\"wp-block-separator has-alpha-channel-opacity\"\/>\n\n\n\n<p class=\"has-dark-gray-color has-text-color has-link-color wp-elements-9d90e9f055e9be8191b47b70d4d9589d\" style=\"font-size:16px\"><strong><em>Mus\u00e9es<\/em><\/strong><\/p>\n\n\n\n<ul id=\"mus\u00e9es\" class=\"wp-block-list\">\n<li>De belles serinettes \u00e0 la<a href=\"https:\/\/collectionsdumusee.philharmoniedeparis.fr\/?_gl=1*1drq88p*_gcl_au*NzkwMzQ1MjYyLjE3NTA0MDQ4MDc.*_ga*MjA3ODk1OTQ5LjE3NDc2ODA5OTg.*_ga_B7TSD6KBY1*czE3NTEzMDYyNTgkbzUkZzAkdDE3NTEzMDYyNjMkajU1JGwwJGgw\" target=\"_blank\" rel=\"noreferrer noopener\"> Philharmonie de Paris, Mus\u00e9e de la Musique<\/a> (E.221, E.2341, E.250,E.2233, E.2400) <\/li>\n\n\n\n<li><a href=\"https:\/\/mimo-international.com\/MIMO\/search.aspx#\/Search\/(query:(CloudTerms:!(),ForceSearch:!t,Grid:!n,Page:0,PageRange:3,QueryString:serinette,ResultSize:10,ScenarioCode:DEFAULT,ScenarioDisplayMode:display-mosaic,SearchContext:0,SearchLabel:'',SearchTerms:'',TemplateParams:(Scenario:'',Scope:'',Size:!n,Source:'',Support:'')))\" target=\"_blank\" rel=\"noreferrer noopener\">Les serinettes dans les mus\u00e9es, avec MIMO (Musical Instruments  Musem Online)<\/a><\/li>\n\n\n\n<li>Quelques serinettes au <a href=\"http:\/\/www.musicmecalesgets.org\/index.aspx\" data-type=\"link\" data-id=\"http:\/\/www.musicmecalesgets.org\/index.aspx\" target=\"_blank\" rel=\"noreferrer noopener\">Mus\u00e9e de la Musique M\u00e9canique &#8211; Les Gets (74)<\/a> <\/li>\n\n\n\n<li><a href=\"https:\/\/www.ccmirecourtdompaire.fr\/culture-tourisme\/maison-de-la-musique-mecanique-et-de-la-dentelle\/\" data-type=\"link\" data-id=\"https:\/\/www.ccmirecourtdompaire.fr\/culture-tourisme\/maison-de-la-musique-mecanique-et-de-la-dentelle\/\" target=\"_blank\" rel=\"noreferrer noopener\">Mirecourt (88) &#8211; Maison de la musique m\u00e9canique<\/a><\/li>\n\n\n\n<li><a href=\"https:\/\/www.musee-mirecourt.fr\/\" data-type=\"link\" data-id=\"https:\/\/www.musee-mirecourt.fr\/\" target=\"_blank\" rel=\"noreferrer noopener\">Mus\u00e9e de Mirecourt (88)<\/a> &#8211; facture instrumentale<\/li>\n\n\n\n<li><a href=\"https:\/\/varzy.fr\/tourisme-patrimoine\/musee-grasset\/\" data-type=\"link\" data-id=\"varzy.fr\/vie-municipale\/musee-municipal-auguste-grasset\/\" target=\"_blank\" rel=\"noreferrer noopener\">Mus\u00e9e municipal Auguste Grasset &#8211; Varzy (58)<\/a> : Serinette, Gavot fils,1763, VMi 406 (elle a \u00e9t\u00e9 enregistr\u00e9e en CD, <a href=\"https:\/\/edutheque.philharmoniedeparis.fr\/search.aspx?SC=DEFAULT&amp;QUERY=BIOGRAPHIE_ANALYSE_DE_idx%3a%22Gavot+fils%22&amp;QUERY_LABEL=Recherche+sur+Gavot+fils#\/Detail\/(query:(Id:'0_OFFSET_0',Index:1,NBResults:2,PageRange:3,SearchQuery:(FacetFilter:%7B%7D,ForceSearch:!f,InitialSearch:!f,Page:0,PageRange:3,QueryGuid:add92581-73c0-49d7-b403-7dcfeaefe198,QueryString:'BIOGRAPHIE_ANALYSE_DE_idx:%22Gavot%20fils%22',ResultSize:10,ScenarioCode:DEFAULT,ScenarioDisplayMode:display-standard,SearchGridFieldsShownOnResultsDTO:!(),SearchLabel:'Recherche%20sur%20Gavot%20fils',SearchTerms:'BIOGRAPHIE_ANALYSE_DE_idx%20Gavot%20fils',SortField:!n,SortOrder:0,TemplateParams:(Scenario:'',Scope:EDUTHEQUE,Size:!n,Source:'',Support:'',UseCompact:!f),UseSpellChecking:!n)))\" target=\"_blank\" rel=\"noreferrer noopener\">r\u00e9f\u00e9renc\u00e9 sur le site de la Philharmonie)<\/a><\/li>\n\n\n\n<li><a href=\"https:\/\/www.mupop.fr\/\" target=\"_blank\" rel=\"noreferrer noopener\">MuPop de Montlu\u00e7on<\/a> : deux instruments des collections du Mucem :<br>&#8211; <a href=\"https:\/\/lescollections.mucem.org\/objet?uri=http:\/\/data.mucem.org\/c\/27434&amp;term=1997.9.1&amp;object_pos=0&amp;object_max=147\" target=\"_blank\" rel=\"noreferrer noopener\">Orgue portatif 1997.9.1<\/a> Charles Anciaume, Paris (1820-1889) (pr\u00e9sent\u00e9 pr\u00e9sent\u00e9 au d\u00e9but du parcours permanent)<br>&#8211; <a href=\"https:\/\/lescollections.mucem.org\/objet?uri=http:\/\/data.mucem.org\/c\/223584&amp;term=1969.33.22&amp;object_pos=0&amp;object_max=5\" target=\"_blank\" rel=\"noreferrer noopener\">Serinette 1969.33.22<\/a> (dans les r\u00e9serves)<\/li>\n\n\n\n<li><a href=\"https:\/\/mumaps.ch\/\" target=\"_blank\" rel=\"noreferrer noopener\">Mus\u00e9e de la m\u00e9canique d\u2019art et du patrimoine de Sainte-Croix &#8211; Suisse<\/a><\/li>\n<\/ul>\n\n\n\n<hr class=\"wp-block-separator has-alpha-channel-opacity\"\/>\n\n\n\n<p id=\"Docu\"><strong><em>Documents, histoire<\/em><\/strong><\/p>\n\n\n\n<ul class=\"wp-block-list\">\n<li><a href=\"http:\/\/FR 18e eeuwse voorwerpen en hun gebruik, de Serinette\">Une vid\u00e9o, en n\u00e9erlandais, qui montre la serinette ouverte et les mouvements de ses diff\u00e9rentes parties<\/a><br><\/li>\n\n\n\n<li><strong>POIROT<\/strong>, lign\u00e9e de facteurs d\u2019orgues et de serinettes, \u00e0 Mirecourt :<br>Nombreux documents et informations sur les sites :<br><a href=\"https:\/\/orguespoirot.wixsite.com\/orgues-poirot\" target=\"_blank\" rel=\"noreferrer noopener\">https:\/\/orguespoirot.wixsite.com\/orgues-poirot<\/a><\/li>\n<\/ul>\n\n\n\n<hr class=\"wp-block-separator has-alpha-channel-opacity\"\/>\n\n\n\n<p id=\"asso\" style=\"font-size:16px\"><strong><em>Associations<\/em><\/strong><\/p>\n\n\n\n<ul class=\"wp-block-list\">\n<li><a href=\"https:\/\/www.aaimm.org\/\" target=\"_blank\" rel=\"noreferrer noopener\">AAIMM &#8211; Association des Amis des Instruments et de la Musique M\u00e9canique<\/a><\/li>\n<\/ul>\n\n\n\n<hr class=\"wp-block-separator has-alpha-channel-opacity\"\/>\n\n\n\n<p id=\"facteur\"><strong><em>Facteurs \/ Restaurateurs<\/em><\/strong><\/p>\n\n\n\n<ul class=\"wp-block-list\">\n<li><strong>Cylindres, Manivelles &amp; Co<\/strong> &#8211; <strong>Xavier Szymczak<\/strong> &#8211; Compagnon Facteur d&rsquo;Orgues et de Serinette &#8211; expert de la restauration de serinettes : de tr\u00e8s belles r\u00e9alisations sont pr\u00e9sent\u00e9es en images, vid\u00e9os, sons, sur la page \u00ab\u00a0serinettes\u00a0\u00bb de son site :<br><em><a href=\"https:\/\/www.orgues-xavier-szymczak.com\/\" target=\"_blank\" rel=\"noreferrer noopener\"> https:\/\/www.orgues-xavier-szymczak.com\/<\/a><\/em><\/li>\n\n\n\n<li><strong>Le Turlutain<\/strong> : Musique m\u00e9canique, Tourniquettes, D\u00e9coupe Laser<br>104 Rue d&rsquo;Alsace 54110 Sommerviller &#8211; (+33) 3 83 48 17 82 &#8211;  leturlutain@gmail.com<br><em><a href=\"https:\/\/www.leturlutain.fr\/\" target=\"_blank\" rel=\"noreferrer noopener\">https:\/\/www.leturlutain.fr\/<\/a><\/em><\/li>\n<\/ul>\n\n\n\n<hr class=\"wp-block-separator has-alpha-channel-opacity\"\/>\n\n\n\n<p class=\"has-dark-gray-color has-text-color has-link-color wp-elements-4a34269a36dab8dfc10ebd13e622e9a2\" id=\"Cylindre\"><strong><em><a href=\"http:\/\/serinettes.fr\/wp-admin\/post.php?post=317&amp;action=edit#facteur\"><strong><em>Orgues \u00e0 Cylindres<\/em><\/strong><\/a><\/em><\/strong><\/p>\n\n\n\n<figure class=\"wp-block-table is-style-stripes\"><table><tbody><tr><td><a href=\"https:\/\/www.alienor.org\/publications\/2162-musiques-et-manivelle-a-propos-de-la-restauration-de-l-orgue-a-cylindre-d-airvault\" target=\"_blank\" rel=\"noreferrer noopener\"><img decoding=\"async\" src=\"http:\/\/serinettes.fr\/wp-content\/uploads\/2025\/07\/Capture-decran-2025-07-02-123900.png\" alt=\"\"><\/a><\/td><td>Une superbe restauration \u00e0 Airvault (79)<\/td><\/tr><\/tbody><\/table><\/figure>\n\n\n\n<p>Orgue \u00e0 cylindres de l&rsquo;\u00e9glise Saint-Jean-Baptiste de Charles-Nicolas L\u00e9t\u00e9, c. 1810, de <strong>Villars-sur-Var<\/strong>  : <br><a href=\"https:\/\/www.villarssurvar.fr\/orgue-a-cylindres-xixe-siecle\/\" target=\"_blank\" rel=\"noreferrer noopener\"><em>https:\/\/www.villarssurvar.fr\/orgue-a-cylindres-xixe-siecle\/<\/em><\/a><br><a href=\"https:\/\/www.youtube.com\/watch?v=5VJayDtuMgQ\"><em>https:\/\/www.youtube.com\/watch?v=5VJayDtuMgQ<\/em><\/a><\/p>\n\n\n\n<p>Orgue \u00e0 cylindres de l&rsquo;<strong>\u00c9glise Sainte Croix &#8211; L&rsquo;Oudon (Montpin\u00e7on) &#8211; 14<\/strong> :<br><a href=\"https:\/\/pop.culture.gouv.fr\/notice\/palissy\/PM14004094\"><em>https:\/\/pop.culture.gouv.fr\/notice\/palissy\/PM14004094<\/em><\/a><br><a href=\"https:\/\/tourisme.lisieux-normandie.fr\/offres\/eglise-sainte-croix-loudon-montpincon-saint-pierre-en-auge-fr-2593171\/\" target=\"_blank\" rel=\"noreferrer noopener\"><em>https:\/\/tourisme.lisieux-normandie.fr\/offres\/eglise-sainte-croix-loudon-montpincon-saint-pierre-en-auge-fr-2593171\/<\/em><\/a><\/p>\n\n\n\n<p class=\"has-dark-gray-color has-text-color has-link-color wp-elements-d09fd6d18468298e22f2fd74b0a64c88\">Orgue \u00e0 cylindres Nicolas-Antoine L\u00e9t\u00e9 (1843)- <strong>\u00c9glise Notre-Dame-de-l\u2019Assomption &#8211; <a href=\"https:\/\/inventaire-des-orgues.fr\/orgues\/?query=Chessy-les-Pr%C3%A9s\">Chessy-les-Pr\u00e9s<\/a>, <a href=\"https:\/\/inventaire-des-orgues.fr\/orgues\/?query=Aube\">Aube<\/a><\/strong> <a href=\"https:\/\/inventaire-des-orgues.fr\/orgues\/?query=Chessy-les-Pr%C3%A9s%20%C3%A9glise%20Notre-Dame-de-l%E2%80%99Assomption\">:<\/a><br><a href=\"https:\/\/inventaire-des-orgues.fr\/detail\/orgue-chessy-les-pres-eglise-notre-dame-de-lassomption-fr-10099-c_pre-ndasso1-x\" target=\"_blank\" rel=\"noreferrer noopener\"><em>https:\/\/inventaire-des-orgues.fr\/detail\/orgue-chessy-les-pres-eglise-notre-dame-de-lassomption-fr-10099-c_pre-ndasso1-x<\/em><\/a><br>Orgue \u00e0 cylindres de L\u00e9t\u00e9, initialement install\u00e9 \u00e0 Saint-Julien-les-Villas, transf\u00e9r\u00e9 \u00e0 Chessy-les-Pr\u00e9s vers 1872 par Didier Poirot, facteur d&rsquo;orgue \u00e0 Mirecourt. Tribune de cette \u00e9poque\/<br>En ruine mais pratiquement complet avec une collection de 16 cylindres. L&rsquo;actuelle Mairie est tr\u00e8s sensibilis\u00e9e et cherche des aides. Il faut l&rsquo;encourager.<br><\/p>\n\n\n\n<hr class=\"wp-block-separator has-alpha-channel-opacity\"\/>\n\n\n\n<p><strong><em><strong><em>Automates \u00ab\u00a0Oiseaux chanteurs\u00a0\u00bb<\/em><\/strong><\/em><\/strong><\/p>\n\n\n\n<ul class=\"wp-block-list\">\n<li><strong>Une page tr\u00e8s document\u00e9e, histoire facteurs et facture<\/strong>, par Marielle Brie de Lagerac  :<br><a href=\"https:\/\/mariellebrie.com\/les-automates-doiseaux-chanteurs\/\">https:\/\/mariellebrie.com\/les-automates-doiseaux-chanteurs\/<\/a><\/li>\n\n\n\n<li><strong>Maison Reuge<\/strong> &#8211; Quartier du Progr\u00e8s, 37 \u2013 CH-1450&nbsp;Sainte Croix, Switzerland \u2013 +41&nbsp;24&nbsp;455&nbsp;22&nbsp;22<br><a href=\"https:\/\/www.reuge.com\/fr\">https:\/\/www.reuge.com\/fr<\/a><\/li>\n\n\n\n<li><strong>The House of Automata<\/strong><br>32 HIGH STREET, Forres, United Kingdom, IV36 1DB &#8211; +44 7790 719097<br><a href=\"http:\/\/www.thehouseofautomata.com\/\">http:\/\/www.thehouseofautomata.com\/<\/a><br><a href=\"https:\/\/www.facebook.com\/mechmagic\">https:\/\/www.facebook.com\/mechmagic<\/a><\/li>\n<\/ul>\n\n\n\n<p><\/p>\n\n\n\n<p><\/p>\n","protected":false},"excerpt":{"rendered":"<p>En construction &#8230;Si vous souhaitez \u00eatre pr\u00e9sent en lien, prenez contact&#8230;! Mus\u00e9esDocuments, histoireAssociationsFacteurs \/ restaurateursOrgues \u00e0 Cylindres Mus\u00e9es Documents, histoire Associations Facteurs \/ Restaurateurs Orgues \u00e0 Cylindres Une superbe restauration \u00e0 Airvault (79) Orgue \u00e0 cylindres de l&rsquo;\u00e9glise Saint-Jean-Baptiste de Charles-Nicolas L\u00e9t\u00e9, c. 1810, de Villars-sur-Var : https:\/\/www.villarssurvar.fr\/orgue-a-cylindres-xixe-siecle\/https:\/\/www.youtube.com\/watch?v=5VJayDtuMgQ Orgue \u00e0 cylindres de l&rsquo;\u00c9glise Sainte Croix &hellip; <a href=\"http:\/\/serinettes.fr\/index.php\/liens\/\" class=\"more-link\">Continuer la lecture de <span class=\"screen-reader-text\">Liens<\/span> <span class=\"meta-nav\">&rarr;<\/span><\/a><\/p>\n","protected":false},"author":1,"featured_media":0,"parent":0,"menu_order":0,"comment_status":"closed","ping_status":"closed","template":"","meta":{"footnotes":""},"class_list":["post-317","page","type-page","status-publish","hentry"],"_links":{"self":[{"href":"http:\/\/serinettes.fr\/index.php\/wp-json\/wp\/v2\/pages\/317","targetHints":{"allow":["GET"]}}],"collection":[{"href":"http:\/\/serinettes.fr\/index.php\/wp-json\/wp\/v2\/pages"}],"about":[{"href":"http:\/\/serinettes.fr\/index.php\/wp-json\/wp\/v2\/types\/page"}],"author":[{"embeddable":true,"href":"http:\/\/serinettes.fr\/index.php\/wp-json\/wp\/v2\/users\/1"}],"replies":[{"embeddable":true,"href":"http:\/\/serinettes.fr\/index.php\/wp-json\/wp\/v2\/comments?post=317"}],"version-history":[{"count":31,"href":"http:\/\/serinettes.fr\/index.php\/wp-json\/wp\/v2\/pages\/317\/revisions"}],"predecessor-version":[{"id":943,"href":"http:\/\/serinettes.fr\/index.php\/wp-json\/wp\/v2\/pages\/317\/revisions\/943"}],"wp:attachment":[{"href":"http:\/\/serinettes.fr\/index.php\/wp-json\/wp\/v2\/media?parent=317"}],"curies":[{"name":"wp","href":"https:\/\/api.w.org\/{rel}","templated":true}]}}